{"id":600,"date":"2022-12-06T16:43:23","date_gmt":"2022-12-06T15:43:23","guid":{"rendered":"https:\/\/www.mwv-landingpages.de\/jetzt-oder-nie-nachhaltigkeit-im-gesundheitswesen\/?page_id=600"},"modified":"2023-01-05T11:07:26","modified_gmt":"2023-01-05T10:07:26","slug":"cradle-to-cradle-im-gesundheitswesen","status":"publish","type":"page","link":"https:\/\/www.mwv-landingpages.de\/jetzt-oder-nie-nachhaltigkeit-im-gesundheitswesen\/cradle-to-cradle-im-gesundheitswesen\/","title":{"rendered":"Exkurs: Cradle to Cradle im Gesundheitswesen \u2013 Eine Innovationschance"},"content":{"rendered":"<div id='layer_slider_1'  class='avia-layerslider main_color avia-shadow  avia-builder-el-0  el_before_av_section  avia-builder-el-first  container_wrap sidebar_right'  style='height: 631px; max-width: 1500px; margin: 0 auto;'  ><div id=\"layerslider_9_13n1cd0amf54z\"  class=\"ls-wp-container fitvidsignore ls-selectable\" style=\"width:1500px;height:630px;margin:0 auto;margin-bottom: 0px;\"><div class=\"ls-slide\" data-ls=\"duration:0;transition2d:1;\"><img loading=\"lazy\" decoding=\"async\" width=\"1500\" height=\"630\" src=\"https:\/\/www.mwv-landingpages.de\/jetzt-oder-nie-nachhaltigkeit-im-gesundheitswesen\/wp-content\/uploads\/sites\/12\/2022\/11\/graalmann-titel-03.jpg\" class=\"ls-bg\" alt=\"\" srcset=\"https:\/\/www.mwv-landingpages.de\/jetzt-oder-nie-nachhaltigkeit-im-gesundheitswesen\/wp-content\/uploads\/sites\/12\/2022\/11\/graalmann-titel-03.jpg 1500w, https:\/\/www.mwv-landingpages.de\/jetzt-oder-nie-nachhaltigkeit-im-gesundheitswesen\/wp-content\/uploads\/sites\/12\/2022\/11\/graalmann-titel-03-300x126.jpg 300w, https:\/\/www.mwv-landingpages.de\/jetzt-oder-nie-nachhaltigkeit-im-gesundheitswesen\/wp-content\/uploads\/sites\/12\/2022\/11\/graalmann-titel-03-1024x430.jpg 1024w, https:\/\/www.mwv-landingpages.de\/jetzt-oder-nie-nachhaltigkeit-im-gesundheitswesen\/wp-content\/uploads\/sites\/12\/2022\/11\/graalmann-titel-03-768x323.jpg 768w, https:\/\/www.mwv-landingpages.de\/jetzt-oder-nie-nachhaltigkeit-im-gesundheitswesen\/wp-content\/uploads\/sites\/12\/2022\/11\/graalmann-titel-03-705x296.jpg 705w\" sizes=\"auto, (max-width: 1500px) 100vw, 1500px\" \/><ls-layer style=\"top:179px;left:441px;text-align:right;background-size:inherit;background-position:inherit;font-size:80px;letter-spacing:0px;font-family:plussanswebpro;font-weight:700;color:#0f6836;white-space:normal;\" class=\"ls-l ls-text-layer\" data-ls=\"offsetyin:top;durationin:900;delayin:100;easingin:linear;position:relative;\">Exkurs: Cradle to Cradle<br> im Gesundheitswesen \u2013<\/ls-layer><ls-layer style=\"top:340px;left:452px;text-align:right;background-size:inherit;background-position:inherit;font-size:80px;letter-spacing:0px;font-family:plussanswebpro;font-weight:700;color:#9cc442;white-space:normal;\" class=\"ls-l ls-text-layer\" data-ls=\"offsetyin:bottom;durationin:900;delayin:100;easingin:linear;position:relative;\">Eine Innovationschance<\/ls-layer><ls-layer style=\"top:488px;left:864px;text-align:right;font-weight:500;background-size:inherit;background-position:inherit;font-size:52px;font-family:plussanswebpro;line-height:63px;color:#87afc0;white-space:normal;\" class=\"ls-l ls-text-layer\" data-ls=\"offsetyin:bottom;durationin:600;delayin:1000;easingin:swing;position:relative;\">Michael Braungart<\/ls-layer><\/div><\/div><\/div>\n<div id='intro-cradle-to-cradle'  class='avia-section av-10bhu1o-dd5192738b29ecb57434d8162f9a0577 main_color avia-section-default avia-no-border-styling  avia-builder-el-1  el_after_av_layerslider  el_before_av_section  avia-bg-style-scroll container_wrap sidebar_right'  ><div class='container av-section-cont-open' ><div class='template-page content  av-content-small alpha units'><div class='post-entry post-entry-type-page post-entry-600'><div class='entry-content-wrapper clearfix'>\n<div  class='flex_column av-znr04k-8bdd739c4ca81f14ce12d79ece0882d9 av_one_full  avia-builder-el-2  el_before_av_two_third  avia-builder-el-first  first flex_column_div  '     ><section  class='av_textblock_section av-zjhhw4-af947377c7a9faa15c3dbfbb6de13009 '   itemscope=\"itemscope\" itemtype=\"https:\/\/schema.org\/CreativeWork\" ><div class='avia_textblock'  itemprop=\"text\" ><p><span style=\"font-size: 1.4em; color: #0f6836; font-weight: bold;\">St\u00e4dte wie Berlin, M\u00fcnchen, Hamburg usw.<\/span> wollen bis zum Jahr 2040 oder 2050 klimaneutral sein. Was f\u00fcr viele von uns ambitioniert klingt, ist bei genauerer Betrachtung ein trauriges Ziel, mit dem wir weit hinter unseren M\u00f6glichkeiten und denen anderer Lebewesen zur\u00fcckbleiben. Kein Baum ist klimaneutral, ein Baum ist gut f\u00fcr die Umwelt und gut f\u00fcrs Klima. Ein Baum bindet Kohlendioxid aus der Atmosph\u00e4re und speichert es im Holz. Wollen wir also tats\u00e4chlich d\u00fcmmer als B\u00e4ume sein?<\/p>\n<\/div><\/section><\/div><div  class='flex_column av-199ap-c53c9d7acaefef286da4adf2cdd8fce0 av_two_third  avia-builder-el-4  el_after_av_one_full  el_before_av_one_third  first flex_column_div  column-top-margin'     ><\/div><div  class='flex_column av-86hip-d8725428da022e66d394201a80079089 av_one_third  avia-builder-el-5  el_after_av_two_third  avia-builder-el-last  flex_column_div  column-top-margin'     ><style type=\"text\/css\" data-created_by=\"avia_inline_auto\" id=\"style-css-av-lbcbykbd-5298978acdc1bd0a6f08df97ef0c10f4\">\n.avia-image-container.av-lbcbykbd-5298978acdc1bd0a6f08df97ef0c10f4 img.avia_image{\nbox-shadow:none;\n}\n.avia-image-container.av-lbcbykbd-5298978acdc1bd0a6f08df97ef0c10f4 .av-image-caption-overlay-center{\ncolor:#ffffff;\n}\n<\/style>\n<div  class='avia-image-container av-lbcbykbd-5298978acdc1bd0a6f08df97ef0c10f4 av-styling-no-styling avia_animated_image av-animated-when-visible-95 right-to-left avia-align-right  avia-builder-el-6  avia-builder-el-no-sibling '   itemprop=\"image\" itemscope=\"itemscope\" itemtype=\"https:\/\/schema.org\/ImageObject\" ><div class=\"avia-image-container-inner\"><div class=\"avia-image-overlay-wrap\"><img decoding=\"async\" fetchpriority=\"high\" class='wp-image-33 avia-img-lazy-loading-not-33 avia_image ' src=\"https:\/\/www.mwv-landingpages.de\/jetzt-oder-nie-nachhaltigkeit-im-gesundheitswesen\/wp-content\/uploads\/sites\/12\/2022\/11\/kurve-green-verlauf-transparent_b400.png\" alt='' title='kurve-green-verlauf-transparent_b400'  height=\"177\" width=\"400\"  itemprop=\"thumbnailUrl\" srcset=\"https:\/\/www.mwv-landingpages.de\/jetzt-oder-nie-nachhaltigkeit-im-gesundheitswesen\/wp-content\/uploads\/sites\/12\/2022\/11\/kurve-green-verlauf-transparent_b400.png 400w, https:\/\/www.mwv-landingpages.de\/jetzt-oder-nie-nachhaltigkeit-im-gesundheitswesen\/wp-content\/uploads\/sites\/12\/2022\/11\/kurve-green-verlauf-transparent_b400-300x133.png 300w\" sizes=\"(max-width: 400px) 100vw, 400px\" \/><\/div><\/div><\/div><\/div>\n\n<\/div><\/div><\/div><!-- close content main div --><\/div><\/div>\n<style type=\"text\/css\" data-created_by=\"avia_inline_auto\" id=\"style-css-av-ruw6xg-b646b712b568214d9320020453f4735a\">\n.avia-section.av-ruw6xg-b646b712b568214d9320020453f4735a{\nbackground-color:#daedc4;\nbackground-image:unset;\n}\n.avia-section.av-ruw6xg-b646b712b568214d9320020453f4735a .av-section-color-overlay{\nopacity:0.7;\nbackground-color:#daedc4;\n}\n#top .avia-section.av-ruw6xg-b646b712b568214d9320020453f4735a .scroll-down-link{\ncolor:#ffffff;\n}\n<\/style>\n<div id='autor-cradle-to-cradle'  class='avia-section av-ruw6xg-b646b712b568214d9320020453f4735a main_color avia-section-default avia-no-border-styling  avia-builder-el-7  el_after_av_section  el_before_av_section  avia-bg-style-fixed av-section-color-overlay-active container_wrap sidebar_right'  ><div class=\"av-section-color-overlay-wrap\"><div class=\"av-section-color-overlay\"><\/div><a href='#next-section' title='' class='scroll-down-link av-custom-scroll-down-color' aria-hidden='true' data-av_icon='\ue877' data-av_iconfont='entypo-fontello'><\/a><div class='container av-section-cont-open' ><div class='template-page content  av-content-small alpha units'><div class='post-entry post-entry-type-page post-entry-600'><div class='entry-content-wrapper clearfix'>\n<div class='flex_column_table av-bl9uh-2d4a4777136978f80cb944dd22e9b2fa sc-av_one_third av-equal-height-column-flextable'><div  class='flex_column av-bl9uh-2d4a4777136978f80cb944dd22e9b2fa av_one_third  avia-builder-el-8  el_before_av_two_third  avia-builder-el-first  first flex_column_table_cell av-equal-height-column av-align-middle av-animated-generic left-to-right  '     ><style type=\"text\/css\" data-created_by=\"avia_inline_auto\" id=\"style-css-av-lbb1287v-f6755aa4166d6d561638b0c1e314515e\">\n.avia-image-container.av-lbb1287v-f6755aa4166d6d561638b0c1e314515e img.avia_image{\nbox-shadow:none;\n}\n.avia-image-container.av-lbb1287v-f6755aa4166d6d561638b0c1e314515e .av-image-caption-overlay-center{\ncolor:#ffffff;\n}\n<\/style>\n<div  class='avia-image-container av-lbb1287v-f6755aa4166d6d561638b0c1e314515e av-styling-circle avia-align-center  avia-builder-el-9  avia-builder-el-no-sibling  portrait av-has-copyright av-copyright-always'   itemprop=\"image\" itemscope=\"itemscope\" itemtype=\"https:\/\/schema.org\/ImageObject\" ><div class=\"avia-image-container-inner\"><div class=\"avia-image-overlay-wrap\"><img decoding=\"async\" fetchpriority=\"high\" class='wp-image-23 avia-img-lazy-loading-not-23 avia_image ' src=\"https:\/\/www.mwv-landingpages.de\/jetzt-oder-nie-nachhaltigkeit-im-gesundheitswesen\/wp-content\/uploads\/sites\/12\/2022\/11\/michael-braungart-300x300.jpg\" alt='Micheal Braungart' title='Micheal Braungart'  height=\"300\" width=\"300\"  itemprop=\"thumbnailUrl\" srcset=\"https:\/\/www.mwv-landingpages.de\/jetzt-oder-nie-nachhaltigkeit-im-gesundheitswesen\/wp-content\/uploads\/sites\/12\/2022\/11\/michael-braungart-300x300.jpg 300w, https:\/\/www.mwv-landingpages.de\/jetzt-oder-nie-nachhaltigkeit-im-gesundheitswesen\/wp-content\/uploads\/sites\/12\/2022\/11\/michael-braungart-150x150.jpg 150w, https:\/\/www.mwv-landingpages.de\/jetzt-oder-nie-nachhaltigkeit-im-gesundheitswesen\/wp-content\/uploads\/sites\/12\/2022\/11\/michael-braungart-36x36.jpg 36w, https:\/\/www.mwv-landingpages.de\/jetzt-oder-nie-nachhaltigkeit-im-gesundheitswesen\/wp-content\/uploads\/sites\/12\/2022\/11\/michael-braungart-180x180.jpg 180w, https:\/\/www.mwv-landingpages.de\/jetzt-oder-nie-nachhaltigkeit-im-gesundheitswesen\/wp-content\/uploads\/sites\/12\/2022\/11\/michael-braungart.jpg 500w\" sizes=\"(max-width: 300px) 100vw, 300px\" \/><\/div><small class=\"avia-copyright\">\u00a9 Raphael Gabauer<\/small><\/div><\/div><\/div><div class='av-flex-placeholder'><\/div><div  class='flex_column av-7e0mp-4671ffeca30b1b18c8ff0713c6b0360d av_two_third  avia-builder-el-10  el_after_av_one_third  avia-builder-el-last  flex_column_table_cell av-equal-height-column av-align-middle av-animated-generic left-to-right  '     ><section  class='av_textblock_section av-q925zw-402d8d278434d125cbd772b042519bf1 '   itemscope=\"itemscope\" itemtype=\"https:\/\/schema.org\/CreativeWork\" ><div class='avia_textblock'  itemprop=\"text\" ><h2>Prof. Dr. Michael Braungart<\/h2>\n<p>Michael Braungart lehrt an der Leuphana Universit\u00e4t in L\u00fcneburg. Zudem ist er Gr\u00fcnder von EPEA Internationale Umweltforschung GmbH in Hamburg, der Wiege von Cradle to Cradle. Dar\u00fcber hinaus ist er Mitbegr\u00fcnder und wissenschaftlicher Leiter von McDonough Braungart Design Chemistry (MBDC) in Charlottesville, Virginia (USA) sowie Gr\u00fcnder und wissenschaftlicher Leiter des Hamburger Umweltinstituts (HUI). Michael Braungart ist einer der beiden Begr\u00fcnder des Cradle to Cradle-Designkonzepts, welches die Basis f\u00fcr den Green Deal und des Circular Economy-Programms der Europ\u00e4ischen Union ist. Gemeinsam mit Organisationen und Unternehmen unterschiedlicher Branchen gestaltet Michael Braungart \u00f6koeffektive Produkte, Gesch\u00e4ftsmodelle und intelligentes Material Pooling. F\u00fcr seine Arbeit wurde er unter anderem im Jahr 2007, gemeinsam mit William McDonough, als Hero of the Environment vom Time Magazine ausgezeichnet.<\/p>\n<\/div><\/section><\/div><\/div><!--close column table wrapper. Autoclose: 1 -->\n\n<\/div><\/div><\/div><!-- close content main div --><\/div><\/div><\/div>\n<style type=\"text\/css\" data-created_by=\"avia_inline_auto\" id=\"style-css-av-lb3nyteq-c59a606225f5324c124cb38921923250\">\n#top .avia-section.av-lb3nyteq-c59a606225f5324c124cb38921923250 .scroll-down-link{\ncolor:#c4d6c9;\n}\n<\/style>\n<div id='cradle-to-cradle-teil1'  class='avia-section av-lb3nyteq-c59a606225f5324c124cb38921923250 main_color avia-section-default avia-no-border-styling  avia-builder-el-12  el_after_av_section  el_before_av_section  avia-bg-style-scroll container_wrap sidebar_right'  ><div class=\"av-section-color-overlay-wrap\"><a href='#next-section' title='' class='scroll-down-link av-custom-scroll-down-color' aria-hidden='true' data-av_icon='\ue877' data-av_iconfont='entypo-fontello'><\/a><div class='container av-section-cont-open' ><div class='template-page content  av-content-small alpha units'><div class='post-entry post-entry-type-page post-entry-600'><div class='entry-content-wrapper clearfix'>\n<div  class='flex_column av-h3g3t-32ece6ee64482a78d7d71b0231cedda8 av_one_fifth  avia-builder-el-13  el_before_av_four_fifth  avia-builder-el-first  first flex_column_div  '     ><\/div><div  class='flex_column av-10u3cs-d370c77625c2f7f62d077045a22d9087 av_four_fifth  avia-builder-el-14  el_after_av_one_fifth  el_before_av_hr  flex_column_div av-animated-generic fade-in  '     ><section  class='av_textblock_section av-lb3o0yen-489fef096135dfe20899f75d90f8e399 '   itemscope=\"itemscope\" itemtype=\"https:\/\/schema.org\/CreativeWork\" ><div class='avia_textblock'  itemprop=\"text\" ><p>Traditionell denken Menschen, sie sch\u00fctzten die Umwelt, wenn sie etwas weniger zerst\u00f6ren: Reduziere den Energieverbrauch, den Wasserverbrauch! Minimiere die Abfallmenge! So hei\u00dft das Gebot: Reduce, Reuse, Recycle. Das bedeutet allerdings, dass die falschen Dinge optimiert werden. Man sch\u00fctzt die Umwelt n\u00e4mlich nicht, indem man sie etwas weniger zerst\u00f6rt. So wie man kein Kind sch\u00fctzt, wenn man es nur f\u00fcnfmal anstatt zehnmal schl\u00e4gt. In dieser Logik hat ein Land wie bspw. Bulgarien die Umwelt so viel besser \u201egesch\u00fctzt\u201c als der Westen, einfach durch Ineffizienz. Es ist aber n\u00f6tig, dass wir, so wie die anderen Lebewesen, n\u00fctzlich f\u00fcr den Planeten sind und nicht nur weniger sch\u00e4dlich.<\/p>\n<\/div><\/section><\/div>\n<style type=\"text\/css\" data-created_by=\"avia_inline_auto\" id=\"style-css-av-tnlvt-72cb0b3bee640c754457d136a421f113\">\n#top .hr.hr-invisible.av-tnlvt-72cb0b3bee640c754457d136a421f113{\nheight:20px;\n}\n<\/style>\n<div  class='hr av-tnlvt-72cb0b3bee640c754457d136a421f113 hr-invisible  avia-builder-el-16  el_after_av_four_fifth  el_before_av_two_third '><span class='hr-inner '><span class=\"hr-inner-style\"><\/span><\/span><\/div>\n\n<style type=\"text\/css\" data-created_by=\"avia_inline_auto\" id=\"style-css-av-glsax-2e5c03a4817df860f6be9157ca23c5ee\">\n.flex_column.av-glsax-2e5c03a4817df860f6be9157ca23c5ee{\npadding:0 0 0 0;\n}\n<\/style>\n<div  class='flex_column av-glsax-2e5c03a4817df860f6be9157ca23c5ee av_two_third  avia-builder-el-17  el_after_av_hr  el_before_av_one_third  first flex_column_div av-animated-generic left-to-right av-zero-column-padding  '     ><section  class='av_textblock_section av-lbap3762-715bb266695a180b2d69de31edc12f66 '   itemscope=\"itemscope\" itemtype=\"https:\/\/schema.org\/CreativeWork\" ><div class='avia_textblock beitrag'  itemprop=\"text\" ><blockquote>\n<p>Man sch\u00fctzt die Umwelt nicht, indem man sie weniger zerst\u00f6rt.<\/p>\n<\/blockquote>\n<\/div><\/section><\/div><div  class='flex_column av-kvm41-738a3c04f6ef5b54b6af3398ac3d3cbb av_one_third  avia-builder-el-19  el_after_av_two_third  el_before_av_hr  flex_column_div  '     ><\/div>\n<style type=\"text\/css\" data-created_by=\"avia_inline_auto\" id=\"style-css-av-lbcejxz8-e0d87bedc46f84046d857fbc9aef5722\">\n#top .hr.hr-invisible.av-lbcejxz8-e0d87bedc46f84046d857fbc9aef5722{\nmargin-top:0px;\nheight:1px;\n}\n<\/style>\n<div  class='hr av-lbcejxz8-e0d87bedc46f84046d857fbc9aef5722 hr-invisible  avia-builder-el-20  el_after_av_one_third  el_before_av_one_fifth '><span class='hr-inner '><span class=\"hr-inner-style\"><\/span><\/span><\/div>\n<div  class='flex_column av-klyc8-0ed7ea3f42fb0267504fadcdc71046f2 av_one_fifth  avia-builder-el-21  el_after_av_hr  el_before_av_four_fifth  first flex_column_div  '     ><\/div>\n<style type=\"text\/css\" data-created_by=\"avia_inline_auto\" id=\"style-css-av-lbceo4nm-6a2773d7731b278fb1eb8400a462cd3a\">\n.flex_column.av-lbceo4nm-6a2773d7731b278fb1eb8400a462cd3a{\npadding:0 0 0 0;\n}\n<\/style>\n<div  class='flex_column av-lbceo4nm-6a2773d7731b278fb1eb8400a462cd3a av_four_fifth  avia-builder-el-22  el_after_av_one_fifth  el_before_av_hr  flex_column_div av-animated-generic fade-in av-zero-column-padding  '     ><section  class='av_textblock_section av-lbcekqmt-d899a88edb3c8240b99fff5469662baa '   itemscope=\"itemscope\" itemtype=\"https:\/\/schema.org\/CreativeWork\" ><div class='avia_textblock'  itemprop=\"text\" ><p>Die Biomasse der Ameisen ist weitaus gr\u00f6\u00dfer als die der Menschen. Der Kalorienverbrauch der Ameisen entspricht etwa dem von 30 Milliarden Menschen. Gibt es daher ein \u00dcberbev\u00f6lkerungsproblem durch Ameisen? Wohl kaum, im Gegenteil: Die Ameisen sind z.B. elementar wichtig f\u00fcr den brasilianischen Regenwald, denn sie bringen die N\u00e4hrstoffe immer wieder in Kreisl\u00e4ufe zur\u00fcck. Der Mensch hingegen ist das einzige Lebewesen, das Abfall produziert. Auch wenn wir die Abfallmenge reduzieren, wird unser Planet, wenn auch etwas sp\u00e4ter, zu einer einzigen M\u00fcllhalde. F\u00fcr das \u00dcberleben des Planeten sind andere Sichtweisen zwingend geboten, besonders in der Chemie- und Pharmaindustrie.<br \/>\n<br class=\"avia-permanent-lb\" \/>Produkte der Chemie- und Pharmaindustrie leisten in vielen Anwendungsbereichen Gro\u00dfartiges. Wenn es allerdings um die Gesundheits- und Umweltvertr\u00e4glichkeit geht, sind sie vielfach erstaunlich primitiv. Medikamente beispielsweise: Das Umweltbundesamt hat in mehreren Untersuchungen Arzneimittel in allen Gew\u00e4sserarten nachgewiesen, insgesamt mehr als 150 Wirksubstanzen (Amato et al. 2014). Dabei handelt es sich um Schmerzmittel wie Ibuprofen oder Diclofenac aber auch Zytostatika, Kontrastmittel und viele hormonell wirksame Substanzen, die das biologische Gleichgewicht massiv gef\u00e4hrden. Dies gilt besonders f\u00fcr Antibiotika. Im Ablauf von Kl\u00e4ranlagen wurden bereits eine Vielzahl multiresistenter Keime nachgewiesen. Es m\u00fcssten in Zukunft Medikamente mit Sollbruchstellen entwickelt werden, die in der Kl\u00e4ranlage abgebaut werden k\u00f6nnen. Im Interesse der Allgemeinheit muss Diclofenac sofort verboten werden, da es daf\u00fcr andere Schmerzmittel gibt, die sich nicht in der Umwelt anreichern.<\/p>\n<\/div><\/section><\/div>\n<style type=\"text\/css\" data-created_by=\"avia_inline_auto\" id=\"style-css-av-fk2i0-285dd5f043ebca3de6cd6ad2a6839ce4\">\n#top .hr.hr-invisible.av-fk2i0-285dd5f043ebca3de6cd6ad2a6839ce4{\nheight:20px;\n}\n<\/style>\n<div  class='hr av-fk2i0-285dd5f043ebca3de6cd6ad2a6839ce4 hr-invisible  avia-builder-el-24  el_after_av_four_fifth  el_before_av_one_fifth '><span class='hr-inner '><span class=\"hr-inner-style\"><\/span><\/span><\/div>\n<div  class='flex_column av-9hlj4-f0af558514cf51bfc28d20f7550e9c00 av_one_fifth  avia-builder-el-25  el_after_av_hr  el_before_av_four_fifth  first flex_column_div  '     ><\/div>\n<style type=\"text\/css\" data-created_by=\"avia_inline_auto\" id=\"style-css-av-lbcemmkz-812c580c688bffe91721e2525b1e40aa\">\n.flex_column.av-lbcemmkz-812c580c688bffe91721e2525b1e40aa{\npadding:30px 30px 35px 30px;\nbackground-color:#9cc442;\n}\n<\/style>\n<div  class='flex_column av-lbcemmkz-812c580c688bffe91721e2525b1e40aa av_four_fifth  avia-builder-el-26  el_after_av_one_fifth  el_before_av_hr  flex_column_div av-animated-generic bottom-to-top  '     ><section  class='av_textblock_section av-lbceoq13-76fd1cdb60a077845af96c969fc200de '   itemscope=\"itemscope\" itemtype=\"https:\/\/schema.org\/CreativeWork\" ><div class='avia_textblock beitrag-white'  itemprop=\"text\" ><blockquote>\n<p>Papiertaschent\u00fccher oder Einmalhandt\u00fccher, wie sie auch im Gesundheitswesen verwendet werden, verbleiben nach der Verwendung \u00fcber Jahrzehnte in der Umwelt, weil sie primitive Nassfestigkeitsstabilisatoren auf Epichlorhydrin-Polymer-Basis enthalten. Es sind also eigentlich Plastiktaschent\u00fccher mit Zellulosekern.<\/p>\n<\/blockquote>\n<\/div><\/section><\/div>\n<style type=\"text\/css\" data-created_by=\"avia_inline_auto\" id=\"style-css-av-lbcepbk8-fe28e3703bf6de61d6ca659a70c43b66\">\n#top .hr.hr-invisible.av-lbcepbk8-fe28e3703bf6de61d6ca659a70c43b66{\nheight:30px;\n}\n<\/style>\n<div  class='hr av-lbcepbk8-fe28e3703bf6de61d6ca659a70c43b66 hr-invisible  avia-builder-el-28  el_after_av_four_fifth  el_before_av_one_fifth '><span class='hr-inner '><span class=\"hr-inner-style\"><\/span><\/span><\/div>\n<div  class='flex_column av-hdwvc-c3a64433e6d0b3d9d1b380ab1d81ce73 av_one_fifth  avia-builder-el-29  el_after_av_hr  el_before_av_four_fifth  first flex_column_div  '     ><\/div>\n<style type=\"text\/css\" data-created_by=\"avia_inline_auto\" id=\"style-css-av-91vy0-5aa01efd662e995f9d548710c8484d31\">\n.flex_column.av-91vy0-5aa01efd662e995f9d548710c8484d31{\npadding:0 0 0 0;\n}\n<\/style>\n<div  class='flex_column av-91vy0-5aa01efd662e995f9d548710c8484d31 av_four_fifth  avia-builder-el-30  el_after_av_one_fifth  avia-builder-el-last  flex_column_div av-animated-generic fade-in av-zero-column-padding  '     ><section  class='av_textblock_section av-lbceq2ke-b057a54e464ab8a26628b5ef0260478d '   itemscope=\"itemscope\" itemtype=\"https:\/\/schema.org\/CreativeWork\" ><div class='avia_textblock'  itemprop=\"text\" ><p>Nach mehr als zwei Jahren der Corona-Pandemie ist es noch immer nicht gelungen, biologisch abbaubare Einwegmasken ohne Mikroplastik herzustellen. Bereits jetzt treiben, nach verschiedenen Sch\u00e4tzungen, mehr als zwei Milliarden dieser Masken in den Weltmeeren umher und werden sich dort \u00fcber Jahrhunderte allm\u00e4hlich zu Mikroplastik zersetzen (Reeve 2021). Sie bestehen im Wesentlichen aus Polypropylen mit unterschiedlichen Zus\u00e4tzen, UV-Stabilisatoren, Antioxydantien, Katalysatorenr\u00fcckst\u00e4nden usw. (s. Abb. 1). Die Polypropylen-Fasern fransen aus und zerkleinern sich zu Mikroplastik. Ebenso wie bei Arzneimitteln w\u00e4re es notwendig, positiv zu definieren, was f\u00fcr Materialien in Schutzmasken eingesetzt werden und es m\u00fcsste eine echte Kreislauff\u00fchrung dieser Masken erm\u00f6glicht werden. In vielen L\u00e4ndern werden Schadstoffe in Masken gefunden (SW 2021).<\/p>\n<\/div><\/section><\/div>\n\n<\/div><\/div><\/div><!-- close content main div --><\/div><\/div><\/div>\n<style type=\"text\/css\" data-created_by=\"avia_inline_auto\" id=\"style-css-av-lbcf5rv3-22ca6547fffce088e2ef117b3b681a29\">\n.avia-section.av-lbcf5rv3-22ca6547fffce088e2ef117b3b681a29{\nbackground-color:#e3edc5;\nbackground-image:url(https:\/\/www.mwv-landingpages.de\/jetzt-oder-nie-nachhaltigkeit-im-gesundheitswesen\/wp-content\/uploads\/sites\/12\/2022\/11\/kurve-green-kurz_b1310.svg);\nbackground-repeat:no-repeat;\nbackground-position:0% 50%;\nbackground-attachment:fixed;\nmargin-top:0px;\nmargin-bottom:0px;\n}\n#top .avia-section.av-lbcf5rv3-22ca6547fffce088e2ef117b3b681a29 .scroll-down-link{\ncolor:#ffffff;\n}\n<\/style>\n<div id='abbbildung-1-cradle-to-cradle'  class='avia-section av-lbcf5rv3-22ca6547fffce088e2ef117b3b681a29 main_color avia-section-default avia-no-border-styling  avia-builder-el-32  el_after_av_section  el_before_av_section  avia-bg-style-fixed container_wrap sidebar_right'  data-section-bg-repeat='no-repeat'><div class=\"av-section-color-overlay-wrap\"><a href='#next-section' title='' class='scroll-down-link av-custom-scroll-down-color' aria-hidden='true' data-av_icon='\ue877' data-av_iconfont='entypo-fontello'><\/a><div class='container av-section-cont-open' ><div class='template-page content  av-content-small alpha units'><div class='post-entry post-entry-type-page post-entry-600'><div class='entry-content-wrapper clearfix'>\n<div  class='flex_column av-3kun7c-6cf169349db159d68a31cafced2fefb1 av_one_full  avia-builder-el-33  el_before_av_one_fifth  avia-builder-el-first  first av-break-at-tablet flex_column_div  '     ><section  class='av_textblock_section av-lbcf6ad6-923ecd8bf73a8741e3da6aaa13756c7a '   itemscope=\"itemscope\" itemtype=\"https:\/\/schema.org\/CreativeWork\" ><div class='avia_textblock abbildungen'  itemprop=\"text\" ><p><span style=\"font-weight: bold;\">Abb.<\/span> Chromatogramm einer FFP2-Maske (\u00a9 Hamburger Umweltinstitut e.V.\/Bremer Umwelt- institut)<\/p>\n<\/div><\/section><\/div><div  class='flex_column av-3d859c-239f80e56803389a281323436a4c6725 av_one_fifth  avia-builder-el-35  el_after_av_one_full  el_before_av_four_fifth  first av-break-at-tablet flex_column_div  column-top-margin'     ><\/div>\n<style type=\"text\/css\" data-created_by=\"avia_inline_auto\" id=\"style-css-av-361m5s-9202a5f6d89d7e835556a453ab9cdb3e\">\n.flex_column.av-361m5s-9202a5f6d89d7e835556a453ab9cdb3e{\nborder-width:1px;\nborder-color:#0f6836;\nborder-style:solid;\nborder-radius:0px 0px 0px 0px;\npadding:30px 30px 30px 30px;\nbackground-color:rgba(255,255,255,0.5);\n}\n<\/style>\n<div  class='flex_column av-361m5s-9202a5f6d89d7e835556a453ab9cdb3e av_four_fifth  avia-builder-el-36  el_after_av_one_fifth  el_before_av_hr  av-break-at-tablet flex_column_div av-animated-generic top-to-bottom  column-top-margin'     ><style type=\"text\/css\" data-created_by=\"avia_inline_auto\" id=\"style-css-av-lbcf7ps1-8093e4e3a2f19f5b95d15e5fb4e37ca5\">\n.avia-image-container.av-lbcf7ps1-8093e4e3a2f19f5b95d15e5fb4e37ca5 img.avia_image{\nbox-shadow:none;\n}\n.avia-image-container.av-lbcf7ps1-8093e4e3a2f19f5b95d15e5fb4e37ca5 .av-image-caption-overlay-center{\ncolor:#ffffff;\n}\n<\/style>\n<div  class='avia-image-container av-lbcf7ps1-8093e4e3a2f19f5b95d15e5fb4e37ca5 av-styling-no-styling av-img-linked avia-align-center  avia-builder-el-37  avia-builder-el-no-sibling '   itemprop=\"image\" itemscope=\"itemscope\" itemtype=\"https:\/\/schema.org\/ImageObject\" ><div class=\"avia-image-container-inner\"><div class=\"avia-image-overlay-wrap\"><a href=\"https:\/\/www.mwv-landingpages.de\/jetzt-oder-nie-nachhaltigkeit-im-gesundheitswesen\/wp-content\/uploads\/sites\/12\/2022\/12\/braungart-abb-1-1024x633.png\" data-srcset=\"https:\/\/www.mwv-landingpages.de\/jetzt-oder-nie-nachhaltigkeit-im-gesundheitswesen\/wp-content\/uploads\/sites\/12\/2022\/12\/braungart-abb-1-1024x633.png 1024w, https:\/\/www.mwv-landingpages.de\/jetzt-oder-nie-nachhaltigkeit-im-gesundheitswesen\/wp-content\/uploads\/sites\/12\/2022\/12\/braungart-abb-1-300x186.png 300w, https:\/\/www.mwv-landingpages.de\/jetzt-oder-nie-nachhaltigkeit-im-gesundheitswesen\/wp-content\/uploads\/sites\/12\/2022\/12\/braungart-abb-1-768x475.png 768w, https:\/\/www.mwv-landingpages.de\/jetzt-oder-nie-nachhaltigkeit-im-gesundheitswesen\/wp-content\/uploads\/sites\/12\/2022\/12\/braungart-abb-1-705x436.png 705w, https:\/\/www.mwv-landingpages.de\/jetzt-oder-nie-nachhaltigkeit-im-gesundheitswesen\/wp-content\/uploads\/sites\/12\/2022\/12\/braungart-abb-1.png 1300w\" data-sizes=\"(max-width: 1024px) 100vw, 1024px\" class='avia_image '  aria-label='Chromatogramm einer FFP2-Maske (\u00a9 Hamburger Umweltinstitut e.V.\/Bremer Umwelt- institut)'><img decoding=\"async\" fetchpriority=\"high\" class='wp-image-606 avia-img-lazy-loading-not-606 avia_image ' src=\"https:\/\/www.mwv-landingpages.de\/jetzt-oder-nie-nachhaltigkeit-im-gesundheitswesen\/wp-content\/uploads\/sites\/12\/2022\/12\/braungart-abb-1.png\" alt='Chromatogramm einer FFP2-Maske (\u00a9 Hamburger Umweltinstitut e.V.\/Bremer Umwelt- institut)' title='Chromatogramm einer FFP2-Maske (\u00a9 Hamburger Umweltinstitut e.V.\/Bremer Umwelt- institut)'  height=\"804\" width=\"1300\"  itemprop=\"thumbnailUrl\" srcset=\"https:\/\/www.mwv-landingpages.de\/jetzt-oder-nie-nachhaltigkeit-im-gesundheitswesen\/wp-content\/uploads\/sites\/12\/2022\/12\/braungart-abb-1.png 1300w, https:\/\/www.mwv-landingpages.de\/jetzt-oder-nie-nachhaltigkeit-im-gesundheitswesen\/wp-content\/uploads\/sites\/12\/2022\/12\/braungart-abb-1-300x186.png 300w, https:\/\/www.mwv-landingpages.de\/jetzt-oder-nie-nachhaltigkeit-im-gesundheitswesen\/wp-content\/uploads\/sites\/12\/2022\/12\/braungart-abb-1-1024x633.png 1024w, https:\/\/www.mwv-landingpages.de\/jetzt-oder-nie-nachhaltigkeit-im-gesundheitswesen\/wp-content\/uploads\/sites\/12\/2022\/12\/braungart-abb-1-768x475.png 768w, https:\/\/www.mwv-landingpages.de\/jetzt-oder-nie-nachhaltigkeit-im-gesundheitswesen\/wp-content\/uploads\/sites\/12\/2022\/12\/braungart-abb-1-705x436.png 705w\" sizes=\"(max-width: 1300px) 100vw, 1300px\" \/><\/a><\/div><\/div><\/div><\/div>\n<style type=\"text\/css\" data-created_by=\"avia_inline_auto\" id=\"style-css-av-31wz2w-64fb8c2360dd25c9bda24fa16962249b\">\n#top .hr.hr-invisible.av-31wz2w-64fb8c2360dd25c9bda24fa16962249b{\nheight:30px;\n}\n<\/style>\n<div  class='hr av-31wz2w-64fb8c2360dd25c9bda24fa16962249b hr-invisible  avia-builder-el-38  el_after_av_four_fifth  el_before_av_one_fifth '><span class='hr-inner '><span class=\"hr-inner-style\"><\/span><\/span><\/div>\n<div  class='flex_column av-2ug6ds-3075f5552bd67ac4109a5d4e8358c8b8 av_one_fifth  avia-builder-el-39  el_after_av_hr  el_before_av_four_fifth  first av-break-at-tablet flex_column_div  '     ><\/div>\n<style type=\"text\/css\" data-created_by=\"avia_inline_auto\" id=\"style-css-av-2srpoo-b7fdb562524771527030fbb977bf9da9\">\n.flex_column.av-2srpoo-b7fdb562524771527030fbb977bf9da9{\npadding:30px 30px 35px 30px;\nbackground-color:#9cc442;\n}\n<\/style>\n<div  class='flex_column av-2srpoo-b7fdb562524771527030fbb977bf9da9 av_four_fifth  avia-builder-el-40  el_after_av_one_fifth  el_before_av_hr  av-break-at-tablet flex_column_div av-animated-generic bottom-to-top  '     ><section  class='av_textblock_section av-lbcfdjoy-ed589c861f15563eb3731f5861cbeb27 '   itemscope=\"itemscope\" itemtype=\"https:\/\/schema.org\/CreativeWork\" ><div class='avia_textblock beitrag-white'  itemprop=\"text\" ><blockquote>\n<p>Die FFP2-Masken sind nicht f\u00fcr die Langzeitverwendung und zur Filterung von Viren konzipiert und nach Arbeitsschutzverordnung auch nicht in diesem Sinne zugelassen, prim\u00e4r werden sie als Staubmasken zum Verkauf in Baum\u00e4rkten angeboten. Auch die medizinischen Masken sind nicht f\u00fcr eine tagelange Verwendung gedacht, sie werden als Einmalprodukte f\u00fcr jeweilige Anwendungszwecke eingesetzt und sind medizinischer Sonderm\u00fcll.<\/p>\n<\/blockquote>\n<\/div><\/section><\/div>\n<style type=\"text\/css\" data-created_by=\"avia_inline_auto\" id=\"style-css-av-2jjikw-9b3b960e2224f5c17fedc7a023804b45\">\n#top .hr.hr-invisible.av-2jjikw-9b3b960e2224f5c17fedc7a023804b45{\nheight:30px;\n}\n<\/style>\n<div  class='hr av-2jjikw-9b3b960e2224f5c17fedc7a023804b45 hr-invisible  avia-builder-el-42  el_after_av_four_fifth  avia-builder-el-last '><span class='hr-inner '><span class=\"hr-inner-style\"><\/span><\/span><\/div>\n<\/div><\/div><\/div><!-- close content main div --><\/div><\/div><\/div>\n<style type=\"text\/css\" data-created_by=\"avia_inline_auto\" id=\"style-css-av-lbcf896t-ee63585d80afa06dd2e85f06641a3fad\">\n#top .avia-section.av-lbcf896t-ee63585d80afa06dd2e85f06641a3fad .scroll-down-link{\ncolor:#c4d6c9;\n}\n<\/style>\n<div id='cradle-to-cradle-teil-2'  class='avia-section av-lbcf896t-ee63585d80afa06dd2e85f06641a3fad main_color avia-section-default avia-no-border-styling  avia-builder-el-43  el_after_av_section  el_before_av_section  avia-bg-style-scroll container_wrap sidebar_right'  ><div class=\"av-section-color-overlay-wrap\"><a href='#next-section' title='' class='scroll-down-link av-custom-scroll-down-color' aria-hidden='true' data-av_icon='\ue877' data-av_iconfont='entypo-fontello'><\/a><div class='container av-section-cont-open' ><div class='template-page content  av-content-small alpha units'><div class='post-entry post-entry-type-page post-entry-600'><div class='entry-content-wrapper clearfix'>\n<div  class='flex_column av-2gfi68-7ff849aad70ff8e9aa881b5be9f7f6ee av_one_fifth  avia-builder-el-44  el_before_av_four_fifth  avia-builder-el-first  first flex_column_div  '     ><\/div><div  class='flex_column av-88z1s-e24c8a6080ce1426ed5ff82c2b2bc902 av_four_fifth  avia-builder-el-45  el_after_av_one_fifth  el_before_av_hr  flex_column_div av-animated-generic fade-in  '     ><section  class='av_textblock_section av-lbcf8x3m-7617ea646dbed63af5603d2e696b2a3b '   itemscope=\"itemscope\" itemtype=\"https:\/\/schema.org\/CreativeWork\" ><div class='avia_textblock'  itemprop=\"text\" ><p>Ob Kinderspielzeug (Weichmacher, Schwermetalle) oder Thermopapiere, Flammschutzmittel und Antihaftbeschichtungen in Bratpfannen \u2013 insgesamt ist der Staat nicht in der Lage, die Bev\u00f6lkerung und die anderen Lebewesen der Erde ad\u00e4quat vor problematischen Umweltchemikalien zu sch\u00fctzen. Es gelingt noch nicht mal, krebserregende Azofarbstoffe, wie sie bspw. in Aperol Spritz enthalten sind (Braungart u. Hengstmann 2020), die selbst in den USA als stark krebserzeugend eingestuft werden, vom Markt zu nehmen. Der Verbraucherschutz ist nicht ausreichend vorhanden, die entsprechenden staatlichen Untersuchungsbeh\u00f6rden sind finanziell und personell nicht hinreichend ausgestattet.<br \/>\n<br class=\"avia-permanent-lb\" \/>Es ist ein R\u00e4tsel: Wie kann die Industrie Produkte herstellen, ohne dar\u00fcber nachzudenken, wo und wie sie in der Umwelt landen? Wie kann sie Materialien entwickeln und deren sp\u00e4teren Verbleib in der Umwelt der Allgemeinheit als B\u00fcrde aufhalsen? Der Gewinn wird privatisiert und das Risiko vergesellschaftet.<br \/>\n<br class=\"avia-permanent-lb\" \/>Wenn Geb\u00e4ude wie Kliniken, Krankenh\u00e4user, Arztpraxen usw. lediglich versiegelt und gasdicht gemacht werden, ist die Raumluftqualit\u00e4t in den Geb\u00e4uden etwa drei- bis achtmal schlechter als schlechte st\u00e4dtische Au\u00dfenluft. Es muss daher sichergestellt werden, dass die Luft in Geb\u00e4uden besser ist als drau\u00dfen und dass Asthma (h\u00e4ufig hervorgerufen durch die Exposition mit hoher Luftfeuchtigkeit in Innenr\u00e4umen und Schimmel) nicht mehr die h\u00e4ufigste chronische Kinderkrankheit ist. Es hat also keinen Sinn, das Bestehende zu optimieren, vielmehr muss es darum gehen, statt nach Effizienz zuerst nach Effektivit\u00e4t zu fragen \u2013 also: Was ist das Richtige? Denn sonst macht man das Falsche perfekt und damit perfekt falsch.<\/p>\n<\/div><\/section><\/div>\n<style type=\"text\/css\" data-created_by=\"avia_inline_auto\" id=\"style-css-av-7afzs-5d3cd453cbfba7d325c6bc3c5d8430cf\">\n#top .hr.hr-invisible.av-7afzs-5d3cd453cbfba7d325c6bc3c5d8430cf{\nheight:20px;\n}\n<\/style>\n<div  class='hr av-7afzs-5d3cd453cbfba7d325c6bc3c5d8430cf hr-invisible  avia-builder-el-47  el_after_av_four_fifth  el_before_av_one_fifth '><span class='hr-inner '><span class=\"hr-inner-style\"><\/span><\/span><\/div>\n<div  class='flex_column av-1uy6o0-6ed292081d8052181628aa458f85b3de av_one_fifth  avia-builder-el-48  el_after_av_hr  el_before_av_four_fifth  first flex_column_div  '     ><\/div>\n<style type=\"text\/css\" data-created_by=\"avia_inline_auto\" id=\"style-css-av-1g6zzc-b6c4890a9e8b50e694854c3bd9e28ba6\">\n.flex_column.av-1g6zzc-b6c4890a9e8b50e694854c3bd9e28ba6{\npadding:30px 30px 35px 30px;\nbackground-color:#9cc442;\n}\n<\/style>\n<div  class='flex_column av-1g6zzc-b6c4890a9e8b50e694854c3bd9e28ba6 av_four_fifth  avia-builder-el-49  el_after_av_one_fifth  el_before_av_hr  flex_column_div av-animated-generic fade-in  '     ><section  class='av_textblock_section av-lbcf9b16-7ef3316f26149d6999cc725eb07a4c85 '   itemscope=\"itemscope\" itemtype=\"https:\/\/schema.org\/CreativeWork\" ><div class='avia_textblock beitrag-white'  itemprop=\"text\" ><blockquote>\n<p>Cradle to Cradle geht einen anderen Weg: Denn, wenn wir als Menschheit eine Zukunft auf dem Planeten haben wollen, bleibt uns nichts anderes \u00fcbrig, als n\u00fctzlich f\u00fcr die anderen Lebewesen zu sein und nicht nur weniger sch\u00e4dlich. Denn f\u00fcr \u201eweniger sch\u00e4dlich\u201c sind wir viel zu viele Menschen auf diesem Planeten. Es ist notwendig zu begreifen, dass die Menschen anstatt einer Belastung eine Chance f\u00fcr diesen Planeten sein k\u00f6nnen.<\/p>\n<\/blockquote>\n<\/div><\/section><\/div>\n<style type=\"text\/css\" data-created_by=\"avia_inline_auto\" id=\"style-css-av-lbcfb0hl-b1f0ae23bf06ad0373881c76da098d04\">\n#top .hr.hr-invisible.av-lbcfb0hl-b1f0ae23bf06ad0373881c76da098d04{\nheight:30px;\n}\n<\/style>\n<div  class='hr av-lbcfb0hl-b1f0ae23bf06ad0373881c76da098d04 hr-invisible  avia-builder-el-51  el_after_av_four_fifth  el_before_av_one_fifth '><span class='hr-inner '><span class=\"hr-inner-style\"><\/span><\/span><\/div>\n<div  class='flex_column av-1luq34-f9f4074da92094cf88f5fd8c91115e0e av_one_fifth  avia-builder-el-52  el_after_av_hr  el_before_av_four_fifth  first flex_column_div  '     ><\/div>\n<style type=\"text\/css\" data-created_by=\"avia_inline_auto\" id=\"style-css-av-1rhm3k-ab764702f4483af84009524d55df863f\">\n.flex_column.av-1rhm3k-ab764702f4483af84009524d55df863f{\npadding:0 0 0 0;\n}\n<\/style>\n<div  class='flex_column av-1rhm3k-ab764702f4483af84009524d55df863f av_four_fifth  avia-builder-el-53  el_after_av_one_fifth  el_before_av_one_fifth  flex_column_div av-animated-generic bottom-to-top av-zero-column-padding  '     ><section  class='av_textblock_section av-lbcfbnoq-0846d845925b861cff1c3711962dc683 '   itemscope=\"itemscope\" itemtype=\"https:\/\/schema.org\/CreativeWork\" ><div class='avia_textblock'  itemprop=\"text\" ><p>Dies bedeutet, den Begriff Abfall abzuschaffen und im Gegenzug alles zu N\u00e4hrstoffen werden zu lassen. Materialien, die verschlei\u00dfen, gelangen als N\u00e4hrstoffe in die Biosph\u00e4re; Produkte, die ohne Verschlei\u00df genutzt werden k\u00f6nnen, m\u00fcssen am Ende der Nutzung der Technosph\u00e4re zugef\u00fchrt werden. Schuhsohlen, Bremsbel\u00e4ge, Kleidungsst\u00fccke usw. werden verbraucht, Waschmaschinen oder Fernseher hingegen werden nicht verbraucht, sondern lediglich genutzt. Es gibt also nur biologische und technische N\u00e4hrstoffe.<\/p>\n<\/div><\/section><\/div><div  class='flex_column av-1rltc-c058f6952a8d776fa49b50e0355c8439 av_one_fifth  avia-builder-el-55  el_after_av_four_fifth  el_before_av_four_fifth  first flex_column_div  '     ><\/div>\n<style type=\"text\/css\" data-created_by=\"avia_inline_auto\" id=\"style-css-av-bldxc-7ee30e77f951f936be4f4905c9f6c195\">\n.flex_column.av-bldxc-7ee30e77f951f936be4f4905c9f6c195{\npadding:0 0 0 0;\n}\n<\/style>\n<div  class='flex_column av-bldxc-7ee30e77f951f936be4f4905c9f6c195 av_four_fifth  avia-builder-el-56  el_after_av_one_fifth  el_before_av_hr  flex_column_div av-animated-generic bottom-to-top av-zero-column-padding  '     ><section  class='av_textblock_section av-lbcfg6ru-038f2123707f248d398985ea081c227a '   itemscope=\"itemscope\" itemtype=\"https:\/\/schema.org\/CreativeWork\" ><div class='avia_textblock'  itemprop=\"text\" ><p>Wollen wir den Begriff Abfall abschaffen, m\u00fcssen wir unsere Beziehung zu Produkten neu denken. Es muss erreicht werden, dass alle medizinischen Ger\u00e4te Dienstleistungen werden. Niemand braucht einen Behandlungsstuhl oder ein R\u00f6ntgenger\u00e4t, man braucht lediglich die Dienstleistung der Nutzung. Der Hersteller beh\u00e4lt das Eigentum, es wird nur das Nutzungsrecht abgegeben. Dann k\u00f6nnen viel bessere und kreislauff\u00e4hige Materialien verwendet werden, da der Hersteller so ein Interesse daran hat, nicht nur auf einen kurzfristigen Profit zu achten, sondern die einzelnen Komponenten des Produkts wieder zur\u00fcckzuerhalten und an anderer Stelle wieder einzusetzen. Alle Verbrauchsmaterialien m\u00fcssen so gestaltet werden, dass sie perfekt in biologische Systeme zur\u00fcck gelangen k\u00f6nnen, nachdem sie zuvor in einem Autoklaven sterilisiert wurden.<br \/>\n<br class=\"avia-permanent-lb\" \/>Anders als Deutschland hat die Europ\u00e4ische Union dieses Konzept (bspw. Waschmaschinen als Dienstleistung) inzwischen aufgegriffen. Der Green Deal ist zum gro\u00dfen Teil auf diesen beiden N\u00e4hrstoffkreisl\u00e4ufen (Biosph\u00e4re und Technosph\u00e4re) aufgebaut. Forschungseinrichtungen dienen jedoch eher dazu, das Bestehende zu optimieren und zu variieren. So war bereits in den 80er-Jahren bekannt, dass Flammschutzmittel in Kunststoffen die Fruchtbarkeit von Eisb\u00e4ren zerst\u00f6ren und Weichmacher in PVC das Hormonsystem drastisch beeinflussen. Im Ergebnis gab es nur weitere Untersuchungen, um dann erst vor wenigen Jahren in Teilbereichen Verbote zu erreichen.<br \/>\n<br class=\"avia-permanent-lb\" \/>Um gro\u00dfen Herausforderungen zu begegnen, braucht es Ideen, die \u00fcber den Status quo hinaus gehen. Warum denken und gestalten wir nicht ein Gesundheitswesen, das nicht nur klimaneutral, sondern stattdessen CO2-positiv ist? So wie B\u00e4ume! Das hei\u00dft, Geb\u00e4ude wie B\u00e4ume zu gestalten, St\u00e4dte wie W\u00e4lder, das CO2 aktiv zu speichern. Verpackungsmaterialien und medizinische Produkte herzustellen bzw. nur noch solche zu beziehen und zu verwenden, die f\u00fcr die Biosph\u00e4re oder Technosph\u00e4re geeignet sind. Hierbei kann das Gesundheitswesen eine Vorreiterrolle einnehmen: Gesundheit f\u00fcr Mensch und Natur. Wie w\u00e4re es, das Gesundheitswesen als Schl\u00fcssel f\u00fcr echte Innovationen zu nutzen? Wie w\u00e4re es, als Ziel auszugeben, klimapositiv zu werden und dies konkret in Pl\u00e4ne umzusetzen? Wie w\u00e4re es, wenn in Deutschland in 10 Jahren nur noch Kunststoffe verwendet werden w\u00fcrden, die aus dem CO2 der Erdatmosph\u00e4re gewonnen werden und nur solches Mikroplastik verursachen, welches biologisch abbaubar gesundes Plankton ergibt? Anstatt den Recyclinganteil von Kunststoffen, die nie f\u00fcr Recycling entwickelt worden sind, zu erh\u00f6hen und das Gewicht dieser unsinnigen Kunststoffe etwas zu reduzieren, braucht es ein neues Denken. Wie w\u00e4re es, Kliniken als wirkliche Gesundheitszentren zu konstruieren, in denen die Luft besser ist als drau\u00dfen? Geb\u00e4ude, die die Luft reinigen? Geb\u00e4ude wie B\u00e4ume, die das Wasser reinigen und nicht blo\u00df \u201eweniger sch\u00e4dlich\u201c sind? Geb\u00e4ude, die die Artenvielfalt unterst\u00fctzen?<\/p>\n<\/div><\/section><\/div>\n<style type=\"text\/css\" data-created_by=\"avia_inline_auto\" id=\"style-css-av-16q228-d0e5cdb5c4bb902e9d0e69cb6608d411\">\n#top .hr.hr-invisible.av-16q228-d0e5cdb5c4bb902e9d0e69cb6608d411{\nheight:20px;\n}\n<\/style>\n<div  class='hr av-16q228-d0e5cdb5c4bb902e9d0e69cb6608d411 hr-invisible  avia-builder-el-58  el_after_av_four_fifth  el_before_av_three_fourth '><span class='hr-inner '><span class=\"hr-inner-style\"><\/span><\/span><\/div>\n\n<style type=\"text\/css\" data-created_by=\"avia_inline_auto\" id=\"style-css-av-15now0-c165ff20c76d1345f29b21848bb87750\">\n#top .flex_column.av-15now0-c165ff20c76d1345f29b21848bb87750{\nmargin-top:0px;\nmargin-bottom:0px;\n}\n.flex_column.av-15now0-c165ff20c76d1345f29b21848bb87750{\npadding:0 0 0 0;\n}\n.responsive #top #wrap_all .flex_column.av-15now0-c165ff20c76d1345f29b21848bb87750{\nmargin-top:0px;\nmargin-bottom:0px;\n}\n<\/style>\n<div  class='flex_column av-15now0-c165ff20c76d1345f29b21848bb87750 av_three_fourth  avia-builder-el-59  el_after_av_hr  el_before_av_one_fourth  first flex_column_div av-animated-generic left-to-right av-zero-column-padding  '     ><section  class='av_textblock_section av-3fpe8-f0f764fc5ba0b82ded731b9c7e14ab9c '   itemscope=\"itemscope\" itemtype=\"https:\/\/schema.org\/CreativeWork\" ><div class='avia_textblock beitrag'  itemprop=\"text\" ><blockquote>\n<p>Es ist zwingend notwendig, klimapositiv zu sein \u2013 nicht blo\u00df klimaneutral.<\/p>\n<\/blockquote>\n<\/div><\/section><\/div>\n<style type=\"text\/css\" data-created_by=\"avia_inline_auto\" id=\"style-css-av-q76xs-149b2268cb58018a2abbb1013c320e24\">\n#top .flex_column.av-q76xs-149b2268cb58018a2abbb1013c320e24{\nmargin-top:0px;\nmargin-bottom:0px;\n}\n.responsive #top #wrap_all .flex_column.av-q76xs-149b2268cb58018a2abbb1013c320e24{\nmargin-top:0px;\nmargin-bottom:0px;\n}\n<\/style>\n<div  class='flex_column av-q76xs-149b2268cb58018a2abbb1013c320e24 av_one_fourth  avia-builder-el-61  el_after_av_three_fourth  el_before_av_one_fifth  flex_column_div  '     ><\/div>\n<style type=\"text\/css\" data-created_by=\"avia_inline_auto\" id=\"style-css-av-ik3e0-a60983ab4fc4f161aa54012aaa12c8b2\">\n#top .flex_column.av-ik3e0-a60983ab4fc4f161aa54012aaa12c8b2{\nmargin-top:0px;\nmargin-bottom:0px;\n}\n.responsive #top #wrap_all .flex_column.av-ik3e0-a60983ab4fc4f161aa54012aaa12c8b2{\nmargin-top:0px;\nmargin-bottom:0px;\n}\n<\/style>\n<div  class='flex_column av-ik3e0-a60983ab4fc4f161aa54012aaa12c8b2 av_one_fifth  avia-builder-el-62  el_after_av_one_fourth  el_before_av_four_fifth  first flex_column_div  column-top-margin'     ><\/div>\n<style type=\"text\/css\" data-created_by=\"avia_inline_auto\" id=\"style-css-av-hcjhk-23a4dd76151e0f3246e549ef2c20aea2\">\n#top .flex_column.av-hcjhk-23a4dd76151e0f3246e549ef2c20aea2{\nmargin-top:0px;\nmargin-bottom:0px;\n}\n.flex_column.av-hcjhk-23a4dd76151e0f3246e549ef2c20aea2{\npadding:0 0 0 0;\n}\n.responsive #top #wrap_all .flex_column.av-hcjhk-23a4dd76151e0f3246e549ef2c20aea2{\nmargin-top:0px;\nmargin-bottom:0px;\n}\n<\/style>\n<div  class='flex_column av-hcjhk-23a4dd76151e0f3246e549ef2c20aea2 av_four_fifth  avia-builder-el-63  el_after_av_one_fifth  avia-builder-el-last  flex_column_div av-animated-generic fade-in av-zero-column-padding  column-top-margin'     ><section  class='av_textblock_section av-9xgio-e2acc0ab6f6f6e28d0b72bad9c5978cb '   itemscope=\"itemscope\" itemtype=\"https:\/\/schema.org\/CreativeWork\" ><div class='avia_textblock'  itemprop=\"text\" ><p>Jedem aufmerksamen Beobachter f\u00e4llt doch auf, dass sich der Planet durch die aktuelle Konzentration an Treibhausgasen bereits jetzt selbst zerst\u00f6rt. Ein 1,5-Grad-Ziel ist daher halbwegs unsinnig. Stattdessen ist eine konkret positive Zielsetzung der Schl\u00fcssel: Die CO2-Konzentration in der Atmosph\u00e4re sollte im Jahr 2100 wieder dem CO2-Gehalt des Jahres 1900 entsprechen. Wir m\u00fcssen aktiv die Konzentration von aktuell 420 ppm wieder auf 280 ppm absenken. Klimapositiv zu sein ist die zwingende Notwendigkeit \u2013 nicht klimaneutral. Dann werden die Menschen zu einer Chance f\u00fcr diesen Planeten.<\/p>\n<\/div><\/section><\/div>\n<\/p>\n<\/div><\/div><\/div><!-- close content main div --><\/div><\/div><\/div>\n<style type=\"text\/css\" data-created_by=\"avia_inline_auto\" id=\"style-css-av-12y1x8-6b6686720aa82c0f03ee868245cd13a7\">\n.avia-section.av-12y1x8-6b6686720aa82c0f03ee868245cd13a7{\nmargin-top:3%;\nmargin-bottom:3%;\n}\n<\/style>\n<div id='literatur'  class='avia-section av-12y1x8-6b6686720aa82c0f03ee868245cd13a7 main_color avia-section-default avia-no-border-styling  avia-builder-el-65  el_after_av_section  avia-builder-el-last  quellen avia-bg-style-scroll container_wrap sidebar_right'  ><div class='container av-section-cont-open' ><div class='template-page content  av-content-small alpha units'><div class='post-entry post-entry-type-page post-entry-600'><div class='entry-content-wrapper clearfix'>\n<div  class='flex_column av-zmyvw-27fa927706ee00d1b4ec98369e9aaefb av_one_full  avia-builder-el-66  el_before_av_one_fifth  avia-builder-el-first  first flex_column_div av-animated-generic fade-in  '     ><section  class='av_textblock_section av-ohb0c-12e5c915ac12a6f2e4ef8cde90d70c3a '   itemscope=\"itemscope\" itemtype=\"https:\/\/schema.org\/CreativeWork\" ><div class='avia_textblock'  itemprop=\"text\" ><h2>Literatur<\/h2>\n<\/div><\/section><\/div>\n<style type=\"text\/css\" data-created_by=\"avia_inline_auto\" id=\"style-css-av-kd6g4-f7359767b420d53af9c887cffe3f03cc\">\n#top .flex_column.av-kd6g4-f7359767b420d53af9c887cffe3f03cc{\nmargin-top:30px;\nmargin-bottom:50px;\n}\n.responsive #top #wrap_all .flex_column.av-kd6g4-f7359767b420d53af9c887cffe3f03cc{\nmargin-top:30px;\nmargin-bottom:50px;\n}\n<\/style>\n<div  class='flex_column av-kd6g4-f7359767b420d53af9c887cffe3f03cc av_one_fifth  avia-builder-el-68  el_after_av_one_full  el_before_av_four_fifth  first flex_column_div  column-top-margin'     ><\/div>\n<style type=\"text\/css\" data-created_by=\"avia_inline_auto\" id=\"style-css-av-cngrg-ff4145825eaf71134a82f687674fad84\">\n#top .flex_column.av-cngrg-ff4145825eaf71134a82f687674fad84{\nmargin-top:30px;\nmargin-bottom:50px;\n}\n.responsive #top #wrap_all .flex_column.av-cngrg-ff4145825eaf71134a82f687674fad84{\nmargin-top:30px;\nmargin-bottom:50px;\n}\n<\/style>\n<div  class='flex_column av-cngrg-ff4145825eaf71134a82f687674fad84 av_four_fifth  avia-builder-el-69  el_after_av_one_fifth  avia-builder-el-last  flex_column_div av-animated-generic fade-in  column-top-margin'     ><section  class='av_textblock_section av-aaaek-9bd00b36f9f328d40024a24d326e1414 '   itemscope=\"itemscope\" itemtype=\"https:\/\/schema.org\/CreativeWork\" ><div class='avia_textblock literatur'  itemprop=\"text\" ><p><strong>Amato R, Ebert I, Hein A, Konradi S (2014)<\/strong> Arzneimittel in der Umwelt \u2013 vermeiden, reduzieren, \u00fcberwachen. In: Hintergrund April 2014, Umweltbundesamt. URL: <a href=\"https:\/\/www.umweltbundesamt.de\/sites\/default\/files\/medien\/378\/publikationen\/01.08.2014_hintergrundpapier_arzneimittel_final_.pdf\" target=\"_blank\" rel=\"noopener\">https:\/\/www.umweltbundesamt.de\/sites\/default\/files\/medien\/378\/publikationen\/01.08.2014_hintergrundpapier_arzneimittel_final_.pdf<\/a> (abgerufen am 12.08.2022)<\/p>\n<p><strong>Braungart M, Hengstmann R (2020)<\/strong> Mehr Verbraucherschutz bei Inhaltsstoffen in Lebensmitteln: Kein leuchtendes Vorbild. In: Wissenswert. 26\u201328. URL: <a href=\"https:\/\/wissenswertjournal.de\/wordpress\/wp-content\/uploads\/2021\/01\/wissenswert_2020_01.pdf\" target=\"_blank\" rel=\"noopener\">https:\/\/wissenswertjournal.de\/wordpress\/wp-content\/uploads\/2021\/01\/wissenswert_2020_01.pdf<\/a> (abgerufen am 12.08.2022)<\/p>\n<p><strong>Reeve S (2021)<\/strong> Pandemiem\u00fcll gef\u00e4hrdet Tiere \u2013 1,5 Milliarden Einwegmasken landen in Meeren. In: ntv.de. URL: <a href=\"https:\/\/www.n-tv.de\/panorama\/1-5-Milliarden-Einwegmasken-landen-in-Meeren-article22311285.html\" target=\"_blank\" rel=\"noopener\">https:\/\/www.n-tv.de\/panorama\/1-5-Milliarden-Einwegmasken-landen-in-Meeren-article22311285.html<\/a> (abgerufen am 12.08.2022)<\/p>\n<p><strong>SW (2021)<\/strong> Nach Belgien \u2013 Luxemburger Firma lieferte sch\u00e4dliche Masken aus. In: L\u2019essentiel. URL: <a href=\"https:\/\/www.lessentiel.lu\/de\/story\/luxemburger-firma-lieferte-schaedliche-masken-aus-886364357201\" target=\"_blank\" rel=\"noopener\">https:\/\/www.lessentiel.lu\/de\/story\/luxemburger-firma-lieferte-schaedliche-masken-aus-886364357201<\/a> (abgerufen am 12.08.2022)<\/p>\n<\/div><\/section><\/div>\n<\/div><\/div><\/div><!-- close content main div --><\/div><\/div><div id='after_section_6'  class='main_color av_default_container_wrap container_wrap sidebar_right'  ><div class='container av-section-cont-open' ><div class='template-page content  av-content-small alpha units'><div class='post-entry post-entry-type-page post-entry-600'><div class='entry-content-wrapper clearfix'>\n","protected":false},"excerpt":{"rendered":"","protected":false},"author":3,"featured_media":707,"parent":0,"menu_order":0,"comment_status":"closed","ping_status":"closed","template":"","meta":{"inline_featured_image":false,"footnotes":""},"class_list":["post-600","page","type-page","status-publish","has-post-thumbnail","hentry"],"aioseo_notices":[],"_links":{"self":[{"href":"https:\/\/www.mwv-landingpages.de\/jetzt-oder-nie-nachhaltigkeit-im-gesundheitswesen\/wp-json\/wp\/v2\/pages\/600","targetHints":{"allow":["GET"]}}],"collection":[{"href":"https:\/\/www.mwv-landingpages.de\/jetzt-oder-nie-nachhaltigkeit-im-gesundheitswesen\/wp-json\/wp\/v2\/pages"}],"about":[{"href":"https:\/\/www.mwv-landingpages.de\/jetzt-oder-nie-nachhaltigkeit-im-gesundheitswesen\/wp-json\/wp\/v2\/types\/page"}],"author":[{"embeddable":true,"href":"https:\/\/www.mwv-landingpages.de\/jetzt-oder-nie-nachhaltigkeit-im-gesundheitswesen\/wp-json\/wp\/v2\/users\/3"}],"replies":[{"embeddable":true,"href":"https:\/\/www.mwv-landingpages.de\/jetzt-oder-nie-nachhaltigkeit-im-gesundheitswesen\/wp-json\/wp\/v2\/comments?post=600"}],"version-history":[{"count":20,"href":"https:\/\/www.mwv-landingpages.de\/jetzt-oder-nie-nachhaltigkeit-im-gesundheitswesen\/wp-json\/wp\/v2\/pages\/600\/revisions"}],"predecessor-version":[{"id":706,"href":"https:\/\/www.mwv-landingpages.de\/jetzt-oder-nie-nachhaltigkeit-im-gesundheitswesen\/wp-json\/wp\/v2\/pages\/600\/revisions\/706"}],"wp:featuredmedia":[{"embeddable":true,"href":"https:\/\/www.mwv-landingpages.de\/jetzt-oder-nie-nachhaltigkeit-im-gesundheitswesen\/wp-json\/wp\/v2\/media\/707"}],"wp:attachment":[{"href":"https:\/\/www.mwv-landingpages.de\/jetzt-oder-nie-nachhaltigkeit-im-gesundheitswesen\/wp-json\/wp\/v2\/media?parent=600"}],"curies":[{"name":"wp","href":"https:\/\/api.w.org\/{rel}","templated":true}]}}