{"id":519,"date":"2022-12-06T13:06:28","date_gmt":"2022-12-06T12:06:28","guid":{"rendered":"https:\/\/www.mwv-landingpages.de\/jetzt-oder-nie-nachhaltigkeit-im-gesundheitswesen\/?page_id=519"},"modified":"2023-01-05T11:14:24","modified_gmt":"2023-01-05T10:14:24","slug":"interview-andrea-galle-christoph-straub","status":"publish","type":"page","link":"https:\/\/www.mwv-landingpages.de\/jetzt-oder-nie-nachhaltigkeit-im-gesundheitswesen\/interview-andrea-galle-christoph-straub\/","title":{"rendered":"Die Rolle der Kostentr\u00e4ger \u2013 Interview mit Andrea Galle und Christoph Straub"},"content":{"rendered":"<div id='layer_slider_1'  class='avia-layerslider main_color avia-shadow  avia-builder-el-0  el_before_av_section  avia-builder-el-first  container_wrap sidebar_right'  style='height: 631px; max-width: 1500px; margin: 0 auto;'  ><div id=\"layerslider_7_jlot3nzgwxek\"  class=\"ls-wp-container fitvidsignore ls-selectable\" style=\"width:1500px;height:630px;margin:0 auto;margin-bottom: 0px;\"><div class=\"ls-slide\" data-ls=\"duration:0;transition2d:1;\"><img loading=\"lazy\" decoding=\"async\" width=\"1500\" height=\"630\" src=\"https:\/\/www.mwv-landingpages.de\/jetzt-oder-nie-nachhaltigkeit-im-gesundheitswesen\/wp-content\/uploads\/sites\/12\/2022\/11\/graalmann-titel-03.jpg\" class=\"ls-bg\" alt=\"\" srcset=\"https:\/\/www.mwv-landingpages.de\/jetzt-oder-nie-nachhaltigkeit-im-gesundheitswesen\/wp-content\/uploads\/sites\/12\/2022\/11\/graalmann-titel-03.jpg 1500w, https:\/\/www.mwv-landingpages.de\/jetzt-oder-nie-nachhaltigkeit-im-gesundheitswesen\/wp-content\/uploads\/sites\/12\/2022\/11\/graalmann-titel-03-300x126.jpg 300w, https:\/\/www.mwv-landingpages.de\/jetzt-oder-nie-nachhaltigkeit-im-gesundheitswesen\/wp-content\/uploads\/sites\/12\/2022\/11\/graalmann-titel-03-1024x430.jpg 1024w, https:\/\/www.mwv-landingpages.de\/jetzt-oder-nie-nachhaltigkeit-im-gesundheitswesen\/wp-content\/uploads\/sites\/12\/2022\/11\/graalmann-titel-03-768x323.jpg 768w, https:\/\/www.mwv-landingpages.de\/jetzt-oder-nie-nachhaltigkeit-im-gesundheitswesen\/wp-content\/uploads\/sites\/12\/2022\/11\/graalmann-titel-03-705x296.jpg 705w\" sizes=\"auto, (max-width: 1500px) 100vw, 1500px\" \/><ls-layer style=\"top:245px;left:356px;text-align:right;background-size:inherit;background-position:inherit;font-size:80px;letter-spacing:0px;font-family:plussanswebpro;font-weight:700;color:#0f6836;white-space:normal;\" class=\"ls-l ls-text-layer\" data-ls=\"offsetyin:top;durationin:900;delayin:100;easingin:linear;position:relative;\">Die Rolle der Kostentr\u00e4ger<\/ls-layer><ls-layer style=\"top:366px;left:682px;text-align:right;font-weight:500;background-size:inherit;background-position:inherit;font-size:52px;font-family:plussanswebpro;line-height:63px;color:#87afc0;white-space:normal;\" class=\"ls-l ls-text-layer\" data-ls=\"offsetyin:bottom;durationin:600;delayin:1000;easingin:swing;position:relative;\">Interview mit Andrea Galle<br>und Christoph Straub<\/ls-layer><\/div><\/div><\/div>\n<div id='intro-galle-straub'  class='avia-section av-10bhu1o-e71a23e543f4e40659cd83571139a73b main_color avia-section-default avia-no-border-styling  avia-builder-el-1  el_after_av_layerslider  el_before_av_section  avia-bg-style-scroll container_wrap sidebar_right'  ><div class='container av-section-cont-open' ><div class='template-page content  av-content-small alpha units'><div class='post-entry post-entry-type-page post-entry-519'><div class='entry-content-wrapper clearfix'>\n<div  class='flex_column av-znr04k-8bdd739c4ca81f14ce12d79ece0882d9 av_one_full  avia-builder-el-2  el_before_av_two_third  avia-builder-el-first  first flex_column_div  '     ><section  class='av_textblock_section av-zjhhw4-af947377c7a9faa15c3dbfbb6de13009 '   itemscope=\"itemscope\" itemtype=\"https:\/\/schema.org\/CreativeWork\" ><div class='avia_textblock'  itemprop=\"text\" ><p><span style=\"font-size: 1.4em; color: #0f6836; font-weight: bold;\">Die Gesetzlichen Krankenversicherungen<\/span> nehmen sowohl als Unternehmen als auch zentrale Kostentr\u00e4ger im deutschen Gesundheitssystem eine wichtige Rolle im Diskurs \u00fcber ein nachhaltiges Gesundheitswesen ein. Das Gespr\u00e4ch \u00fcber eigene \u00dcberzeugungen, Initiativen und Forderungen f\u00fchrte J\u00fcrgen Graalmann.<\/p>\n<\/div><\/section><\/div>\n<style type=\"text\/css\" data-created_by=\"avia_inline_auto\" id=\"style-css-av-k5ct8-c3236070a5fdfdc15e6807c0a437e599\">\n#top .flex_column.av-k5ct8-c3236070a5fdfdc15e6807c0a437e599{\nmargin-top:3%;\nmargin-bottom:0px;\n}\n.responsive #top #wrap_all .flex_column.av-k5ct8-c3236070a5fdfdc15e6807c0a437e599{\nmargin-top:3%;\nmargin-bottom:0px;\n}\n<\/style>\n<div  class='flex_column av-k5ct8-c3236070a5fdfdc15e6807c0a437e599 av_two_third  avia-builder-el-4  el_after_av_one_full  el_before_av_one_third  first no_margin flex_column_div av-animated-generic left-to-right  column-top-margin'     ><\/div>\n<style type=\"text\/css\" data-created_by=\"avia_inline_auto\" id=\"style-css-av-lb3nc9nf-ac8d77c138703e2ffcbf3a19da90e2d2\">\n#top .flex_column.av-lb3nc9nf-ac8d77c138703e2ffcbf3a19da90e2d2{\nmargin-top:3%;\nmargin-bottom:0px;\n}\n.responsive #top #wrap_all .flex_column.av-lb3nc9nf-ac8d77c138703e2ffcbf3a19da90e2d2{\nmargin-top:3%;\nmargin-bottom:0px;\n}\n<\/style>\n<div  class='flex_column av-lb3nc9nf-ac8d77c138703e2ffcbf3a19da90e2d2 av_one_third  avia-builder-el-5  el_after_av_two_third  avia-builder-el-last  no_margin flex_column_div  column-top-margin'     ><style type=\"text\/css\" data-created_by=\"avia_inline_auto\" id=\"style-css-av-lb3ncdpx-4e07e73573dd197e493293559ed1cad1\">\n.avia-image-container.av-lb3ncdpx-4e07e73573dd197e493293559ed1cad1 img.avia_image{\nbox-shadow:none;\n}\n.avia-image-container.av-lb3ncdpx-4e07e73573dd197e493293559ed1cad1 .av-image-caption-overlay-center{\ncolor:#ffffff;\n}\n<\/style>\n<div  class='avia-image-container av-lb3ncdpx-4e07e73573dd197e493293559ed1cad1 av-styling- avia_animated_image av-animated-when-visible-95 right-to-left avia-align-right  avia-builder-el-6  avia-builder-el-no-sibling '   itemprop=\"image\" itemscope=\"itemscope\" itemtype=\"https:\/\/schema.org\/ImageObject\" ><div class=\"avia-image-container-inner\"><div class=\"avia-image-overlay-wrap\"><img decoding=\"async\" fetchpriority=\"high\" class='wp-image-33 avia-img-lazy-loading-not-33 avia_image ' src=\"https:\/\/www.mwv-landingpages.de\/jetzt-oder-nie-nachhaltigkeit-im-gesundheitswesen\/wp-content\/uploads\/sites\/12\/2022\/11\/kurve-green-verlauf-transparent_b400.png\" alt='' title='kurve-green-verlauf-transparent_b400'  height=\"177\" width=\"400\"  itemprop=\"thumbnailUrl\" srcset=\"https:\/\/www.mwv-landingpages.de\/jetzt-oder-nie-nachhaltigkeit-im-gesundheitswesen\/wp-content\/uploads\/sites\/12\/2022\/11\/kurve-green-verlauf-transparent_b400.png 400w, https:\/\/www.mwv-landingpages.de\/jetzt-oder-nie-nachhaltigkeit-im-gesundheitswesen\/wp-content\/uploads\/sites\/12\/2022\/11\/kurve-green-verlauf-transparent_b400-300x133.png 300w\" sizes=\"(max-width: 400px) 100vw, 400px\" \/><\/div><\/div><\/div><\/div><\/div><\/div><\/div><!-- close content main div --><\/div><\/div>\n<style type=\"text\/css\" data-created_by=\"avia_inline_auto\" id=\"style-css-av-lbb1pvv3-5573b1e944a515485cc5d7f859b32c6e\">\n.avia-section.av-lbb1pvv3-5573b1e944a515485cc5d7f859b32c6e{\nbackground-color:#daedc4;\nbackground-image:unset;\n}\n.avia-section.av-lbb1pvv3-5573b1e944a515485cc5d7f859b32c6e .av-section-color-overlay{\nopacity:0.7;\nbackground-color:#daedc4;\n}\n#top .avia-section.av-lbb1pvv3-5573b1e944a515485cc5d7f859b32c6e .scroll-down-link{\ncolor:#ffffff;\n}\n<\/style>\n<div id='autoren-galle-straub'  class='avia-section av-lbb1pvv3-5573b1e944a515485cc5d7f859b32c6e main_color avia-section-default avia-no-border-styling  avia-builder-el-7  el_after_av_section  el_before_av_section  avia-bg-style-fixed av-section-color-overlay-active container_wrap sidebar_right'  ><div class=\"av-section-color-overlay-wrap\"><div class=\"av-section-color-overlay\"><\/div><a href='#next-section' title='' class='scroll-down-link av-custom-scroll-down-color' aria-hidden='true' data-av_icon='\ue877' data-av_iconfont='entypo-fontello'><\/a><div class='container av-section-cont-open' ><div class='template-page content  av-content-small alpha units'><div class='post-entry post-entry-type-page post-entry-519'><div class='entry-content-wrapper clearfix'>\n<div class='flex_column_table av-j3alw-6a47d9ac08be151d31680c3134349235 sc-av_one_third av-equal-height-column-flextable'><div  class='flex_column av-j3alw-6a47d9ac08be151d31680c3134349235 av_one_third  avia-builder-el-8  el_before_av_two_third  avia-builder-el-first  first flex_column_table_cell av-equal-height-column av-align-middle av-animated-generic left-to-right  '     ><style type=\"text\/css\" data-created_by=\"avia_inline_auto\" id=\"style-css-av-lbb1qv54-a26937b3e7726b5e32e9cb513e0ba41a\">\n.avia-image-container.av-lbb1qv54-a26937b3e7726b5e32e9cb513e0ba41a img.avia_image{\nbox-shadow:none;\n}\n.avia-image-container.av-lbb1qv54-a26937b3e7726b5e32e9cb513e0ba41a .av-image-caption-overlay-center{\ncolor:#ffffff;\n}\n<\/style>\n<div  class='avia-image-container av-lbb1qv54-a26937b3e7726b5e32e9cb513e0ba41a av-styling-circle avia-align-center  avia-builder-el-9  avia-builder-el-no-sibling  portrait av-has-copyright av-copyright-always'   itemprop=\"image\" itemscope=\"itemscope\" itemtype=\"https:\/\/schema.org\/ImageObject\" ><div class=\"avia-image-container-inner\"><div class=\"avia-image-overlay-wrap\"><img decoding=\"async\" fetchpriority=\"high\" class='wp-image-21 avia-img-lazy-loading-not-21 avia_image ' src=\"https:\/\/www.mwv-landingpages.de\/jetzt-oder-nie-nachhaltigkeit-im-gesundheitswesen\/wp-content\/uploads\/sites\/12\/2022\/11\/andrea-galle-300x300.jpg\" alt='Andrea Galle' title='Andrea Galle'  height=\"300\" width=\"300\"  itemprop=\"thumbnailUrl\" srcset=\"https:\/\/www.mwv-landingpages.de\/jetzt-oder-nie-nachhaltigkeit-im-gesundheitswesen\/wp-content\/uploads\/sites\/12\/2022\/11\/andrea-galle-300x300.jpg 300w, https:\/\/www.mwv-landingpages.de\/jetzt-oder-nie-nachhaltigkeit-im-gesundheitswesen\/wp-content\/uploads\/sites\/12\/2022\/11\/andrea-galle-150x150.jpg 150w, https:\/\/www.mwv-landingpages.de\/jetzt-oder-nie-nachhaltigkeit-im-gesundheitswesen\/wp-content\/uploads\/sites\/12\/2022\/11\/andrea-galle-36x36.jpg 36w, https:\/\/www.mwv-landingpages.de\/jetzt-oder-nie-nachhaltigkeit-im-gesundheitswesen\/wp-content\/uploads\/sites\/12\/2022\/11\/andrea-galle-180x180.jpg 180w, https:\/\/www.mwv-landingpages.de\/jetzt-oder-nie-nachhaltigkeit-im-gesundheitswesen\/wp-content\/uploads\/sites\/12\/2022\/11\/andrea-galle.jpg 500w\" sizes=\"(max-width: 300px) 100vw, 300px\" \/><\/div><small class=\"avia-copyright\">\u00a9 Katja Hentschel<\/small><\/div><\/div><\/div><div class='av-flex-placeholder'><\/div><div  class='flex_column av-1pwpw-a1bcc10847e38988dbf9c11fecf736ac av_two_third  avia-builder-el-10  el_after_av_one_third  el_before_av_hr  flex_column_table_cell av-equal-height-column av-align-middle av-animated-generic left-to-right  '     ><section  class='av_textblock_section av-lbb1sqsx-591ba75f289f7734831e2cf04b7548d4 '   itemscope=\"itemscope\" itemtype=\"https:\/\/schema.org\/CreativeWork\" ><div class='avia_textblock'  itemprop=\"text\" ><h2>Andrea Galle<\/h2>\n<p>Andrea Galle ist seit Gr\u00fcndung der BKK VBU im Jahr 1993 Gesch\u00e4ftsf\u00fchrerin und ab 1996 Alleinvorst\u00e4ndin. Zuvor arbeitete sie im Bereich HR der Verkehrsbau Union GmbH und verantwortete auch das Errichtungsverfahren der Betriebskrankenkasse. Sie baute die ehemals nur f\u00fcr Betriebsangeh\u00f6rige zust\u00e4ndige Krankenkasse zu einer bundesweit t\u00e4tigen Krankenkasse mit \u00fcber 550.000 Kunden auf. Ihr Studium der Betriebswirtschaft und der Arbeitswissenschaften absolvierte sie an der Technischen Universit\u00e4t Dresden und der Ingenieurschule f\u00fcr Bauwesen Berlin.<\/p>\n<div style=\"border-bottom: 2px solid #0f6836; padding-bottom: 50px;\"><\/div>\n<\/div><\/section><\/div><\/div><!--close column table wrapper. Autoclose: 1 -->\n<style type=\"text\/css\" data-created_by=\"avia_inline_auto\" id=\"style-css-av-6w2vo-7ba074ab6aaa583d09aa856b597820c6\">\n#top .hr.hr-invisible.av-6w2vo-7ba074ab6aaa583d09aa856b597820c6{\nheight:20px;\n}\n<\/style>\n<div  class='hr av-6w2vo-7ba074ab6aaa583d09aa856b597820c6 hr-invisible  avia-builder-el-12  el_after_av_two_third  el_before_av_one_third '><span class='hr-inner '><span class=\"hr-inner-style\"><\/span><\/span><\/div>\n<div class='flex_column_table av-guu1h-988ee361fb6bdf6752ce64f1f7a28156 sc-av_one_third av-equal-height-column-flextable'><div  class='flex_column av-guu1h-988ee361fb6bdf6752ce64f1f7a28156 av_one_third  avia-builder-el-13  el_after_av_hr  el_before_av_two_third  first flex_column_table_cell av-equal-height-column av-align-middle av-animated-generic left-to-right  '     ><style type=\"text\/css\" data-created_by=\"avia_inline_auto\" id=\"style-css-av-lbc3dz8u-4ed0445d329f7fd7c4c3a7fbdfcacbd2\">\n.avia-image-container.av-lbc3dz8u-4ed0445d329f7fd7c4c3a7fbdfcacbd2 img.avia_image{\nbox-shadow:none;\n}\n.avia-image-container.av-lbc3dz8u-4ed0445d329f7fd7c4c3a7fbdfcacbd2 .av-image-caption-overlay-center{\ncolor:#ffffff;\n}\n<\/style>\n<div  class='avia-image-container av-lbc3dz8u-4ed0445d329f7fd7c4c3a7fbdfcacbd2 av-styling-circle avia-align-center  avia-builder-el-14  avia-builder-el-no-sibling  portrait av-has-copyright av-copyright-always'   itemprop=\"image\" itemscope=\"itemscope\" itemtype=\"https:\/\/schema.org\/ImageObject\" ><div class=\"avia-image-container-inner\"><div class=\"avia-image-overlay-wrap\"><img decoding=\"async\" fetchpriority=\"high\" class='wp-image-22 avia-img-lazy-loading-not-22 avia_image ' src=\"https:\/\/www.mwv-landingpages.de\/jetzt-oder-nie-nachhaltigkeit-im-gesundheitswesen\/wp-content\/uploads\/sites\/12\/2022\/11\/christoph-straub-300x300.jpg\" alt='Christoph Straub' title='Christoph Straub'  height=\"300\" width=\"300\"  itemprop=\"thumbnailUrl\" srcset=\"https:\/\/www.mwv-landingpages.de\/jetzt-oder-nie-nachhaltigkeit-im-gesundheitswesen\/wp-content\/uploads\/sites\/12\/2022\/11\/christoph-straub-300x300.jpg 300w, https:\/\/www.mwv-landingpages.de\/jetzt-oder-nie-nachhaltigkeit-im-gesundheitswesen\/wp-content\/uploads\/sites\/12\/2022\/11\/christoph-straub-150x150.jpg 150w, https:\/\/www.mwv-landingpages.de\/jetzt-oder-nie-nachhaltigkeit-im-gesundheitswesen\/wp-content\/uploads\/sites\/12\/2022\/11\/christoph-straub-36x36.jpg 36w, https:\/\/www.mwv-landingpages.de\/jetzt-oder-nie-nachhaltigkeit-im-gesundheitswesen\/wp-content\/uploads\/sites\/12\/2022\/11\/christoph-straub-180x180.jpg 180w, https:\/\/www.mwv-landingpages.de\/jetzt-oder-nie-nachhaltigkeit-im-gesundheitswesen\/wp-content\/uploads\/sites\/12\/2022\/11\/christoph-straub.jpg 500w\" sizes=\"(max-width: 300px) 100vw, 300px\" \/><\/div><small class=\"avia-copyright\">\u00a9 Katja Hentschel<\/small><\/div><\/div><\/div><div class='av-flex-placeholder'><\/div><div  class='flex_column av-acl65-84b8845c2b63acc5f0e809638947e115 av_two_third  avia-builder-el-15  el_after_av_one_third  avia-builder-el-last  flex_column_table_cell av-equal-height-column av-align-middle av-animated-generic left-to-right  '     ><section  class='av_textblock_section av-lbc3dgmo-3e9f3cda85c99f1de61dd963414d6095 '   itemscope=\"itemscope\" itemtype=\"https:\/\/schema.org\/CreativeWork\" ><div class='avia_textblock'  itemprop=\"text\" ><h2>Prof. Dr. med. Christoph Straub<\/h2>\n<p>Prof. Dr. med. Christoph Straub ist Arzt, studierte Medizin in Heidelberg und den USA, war von 1991\u20131994 Assistent an der Stiftungsprofessur Gesundheitssystemforschung der Universit\u00e4t T\u00fcbingen und von 1994 bis 2000 beim VdAK\/AEV (Siegburg) in unterschiedlichen Funktionen t\u00e4tig. Von 2000 bis 2008 war er bei der Techniker Krankenkasse (Hamburg), zun\u00e4chst als Leiter des Stabsbereichs Unternehmensentwicklung, seit 2002 Mitglied des Vorstandes, seit 2005 stellvertretender Vorsitzender des Vorstands. Von 2009 bis 2011 war Christoph Straub Mitglied des Vorstands der Rh\u00f6n Klinikum AG und seit August 2011 ist er Vorsitzender des Vorstands der BARMER. Au\u00dferdem ist er Honorarprofessor an der Universit\u00e4t Bayreuth seit 2016.<\/p>\n<\/div><\/section><\/div><\/div><!--close column table wrapper. Autoclose: 1 -->\n<\/p>\n<\/div><\/div><\/div><!-- close content main div --><\/div><\/div><\/div><div id='interview-galle-straub-teil-1'  class='avia-section av-lb3nyteq-78d7f7c9e03aa30f34886110178166a1 main_color avia-section-default avia-no-border-styling  avia-builder-el-17  el_after_av_section  el_before_av_section  avia-bg-style-scroll container_wrap sidebar_right'  ><div class='container av-section-cont-open' ><div class='template-page content  av-content-small alpha units'><div class='post-entry post-entry-type-page post-entry-519'><div class='entry-content-wrapper clearfix'>\n<div class='flex_column_table av-1xqcuc-8853007bbe1c9bcf57b1338c71052566 sc-av_one_full av-equal-height-column-flextable'>\n<style type=\"text\/css\" data-created_by=\"avia_inline_auto\" id=\"style-css-av-1xqcuc-8853007bbe1c9bcf57b1338c71052566\">\n#top .flex_column_table.av-equal-height-column-flextable.av-1xqcuc-8853007bbe1c9bcf57b1338c71052566{\nmargin-top:6%;\nmargin-bottom:0px;\n}\n<\/style>\n<div  class='flex_column av-1xqcuc-8853007bbe1c9bcf57b1338c71052566 av_one_full  avia-builder-el-18  el_before_av_one_fifth  avia-builder-el-first  first flex_column_table_cell av-equal-height-column av-align-bottom av-animated-generic fade-in  '     ><section  class='av_textblock_section av-lb3o0iui-2f1ce42af43188d8a73602793ec02793 '   itemscope=\"itemscope\" itemtype=\"https:\/\/schema.org\/CreativeWork\" ><div class='avia_textblock'  itemprop=\"text\" ><h2>Nachhaltigkeit und Klimaschutz waren lange \u201eOrchideenthemen\u201c. Warum haben es diese Themen im Gesundheitswesen weiterhin so schwer?<\/h2>\n<\/div><\/section><\/div><\/div><!--close column table wrapper. Autoclose: 1 --><div class='flex_column_table av-174il8-ade28b5eea98b97123b48cc0673cd00a sc-av_one_fifth av-equal-height-column-flextable'>\n<style type=\"text\/css\" data-created_by=\"avia_inline_auto\" id=\"style-css-av-174il8-ade28b5eea98b97123b48cc0673cd00a\">\n#top .flex_column_table.av-equal-height-column-flextable.av-174il8-ade28b5eea98b97123b48cc0673cd00a{\nmargin-top:0px;\nmargin-bottom:0px;\n}\n<\/style>\n<div  class='flex_column av-174il8-ade28b5eea98b97123b48cc0673cd00a av_one_fifth  avia-builder-el-20  el_after_av_one_full  el_before_av_four_fifth  first flex_column_table_cell av-equal-height-column av-align-top  column-top-margin'     ><\/div><div class='av-flex-placeholder'><\/div>\n<style type=\"text\/css\" data-created_by=\"avia_inline_auto\" id=\"style-css-av-10u3cs-d370c77625c2f7f62d077045a22d9087\">\n#top .flex_column_table.av-equal-height-column-flextable.av-10u3cs-d370c77625c2f7f62d077045a22d9087{\nmargin-top:0px;\nmargin-bottom:0px;\n}\n<\/style>\n<div  class='flex_column av-10u3cs-d370c77625c2f7f62d077045a22d9087 av_four_fifth  avia-builder-el-21  el_after_av_one_fifth  el_before_av_hr  flex_column_table_cell av-equal-height-column av-align-top av-animated-generic fade-in  column-top-margin'     ><section  class='av_textblock_section av-lb3o0yen-489fef096135dfe20899f75d90f8e399 '   itemscope=\"itemscope\" itemtype=\"https:\/\/schema.org\/CreativeWork\" ><div class='avia_textblock'  itemprop=\"text\" ><p data-wp-editing=\"1\"><img loading=\"lazy\" decoding=\"async\" class=\"interview alignright wp-image-531\" src=\"https:\/\/www.mwv-landingpages.de\/jetzt-oder-nie-nachhaltigkeit-im-gesundheitswesen\/wp-content\/uploads\/sites\/12\/2022\/12\/interview-galle-straub-02.jpg\" alt=\"\" width=\"300\" height=\"375\" srcset=\"https:\/\/www.mwv-landingpages.de\/jetzt-oder-nie-nachhaltigkeit-im-gesundheitswesen\/wp-content\/uploads\/sites\/12\/2022\/12\/interview-galle-straub-02.jpg 600w, https:\/\/www.mwv-landingpages.de\/jetzt-oder-nie-nachhaltigkeit-im-gesundheitswesen\/wp-content\/uploads\/sites\/12\/2022\/12\/interview-galle-straub-02-240x300.jpg 240w, https:\/\/www.mwv-landingpages.de\/jetzt-oder-nie-nachhaltigkeit-im-gesundheitswesen\/wp-content\/uploads\/sites\/12\/2022\/12\/interview-galle-straub-02-564x705.jpg 564w\" sizes=\"auto, (max-width: 300px) 100vw, 300px\" \/><\/p>\n<p><strong>Christoph Straub:<\/strong> Es ist auch f\u00fcr mich \u00fcberraschend, dass Nachhaltigkeit und Klimaschutz im Gesundheitswesen bisher eine untergeordnete Rolle spielen. Der Klimawandel stellt ein enormes Gesundheitsrisiko dar \u2013 global und national. Hitzewellen und starke Temperaturspr\u00fcnge f\u00fchren unmittelbar zu mehr Krankenhauseinweisungen, \u00fcberlasteten Notaufnahmen und letztlich mehr Todesf\u00e4llen. So starben in den Hitzesommern 2003, 2006 und 2015 jeweils 6.000 bis 7.500 Menschen zus\u00e4tzlich an den Folgen der Hitzebelastung. Au\u00dferdem werden in solchen Phasen Nierenerkrankungen wahrscheinlicher, es kommt zu mehr Fr\u00fchgeburten und Menschen mit chronischen Atemwegserkrankungen leiden unter der h\u00f6heren Ozonkonzentration. Obwohl das Gesundheitssystem ein besonderes Interesse an gesunden Lebensbedingungen haben muss und es mit rund f\u00fcnf Prozent nennenswert zum Treibhausgasaussto\u00df beitr\u00e4gt, gibt es bisher zu wenig Aufmerksamkeit f\u00fcr diesen Zusammenhang. Deshalb existiert f\u00fcr das Gesundheitswesen bisher auch keine gemeinsame Agenda aller Akteure, die den Weg hin zur Klimaneutralit\u00e4t f\u00fcr das gesamte System aufzeigt.<\/p>\n<\/div><\/section><\/div><\/div><!--close column table wrapper. Autoclose: 1 -->\n<style type=\"text\/css\" data-created_by=\"avia_inline_auto\" id=\"style-css-av-9kejr-eb531f67b6345323e3e1a1e8dd19f018\">\n#top .hr.hr-invisible.av-9kejr-eb531f67b6345323e3e1a1e8dd19f018{\nheight:20px;\n}\n<\/style>\n<div  class='hr av-9kejr-eb531f67b6345323e3e1a1e8dd19f018 hr-invisible  avia-builder-el-23  el_after_av_four_fifth  el_before_av_two_third '><span class='hr-inner '><span class=\"hr-inner-style\"><\/span><\/span><\/div>\n\n<style type=\"text\/css\" data-created_by=\"avia_inline_auto\" id=\"style-css-av-lbc73og8-477b4eed831c0285326b9396c8411753\">\n#top .flex_column.av-lbc73og8-477b4eed831c0285326b9396c8411753{\nmargin-top:0px;\nmargin-bottom:0px;\n}\n.responsive #top #wrap_all .flex_column.av-lbc73og8-477b4eed831c0285326b9396c8411753{\nmargin-top:0px;\nmargin-bottom:0px;\n}\n<\/style>\n<div  class='flex_column av-lbc73og8-477b4eed831c0285326b9396c8411753 av_two_third  avia-builder-el-24  el_after_av_hr  el_before_av_one_third  first flex_column_div av-animated-generic left-to-right  '     ><section  class='av_textblock_section av-lbc73i9n-0ba1a0399f4687ede09e6f75ff0f675e '   itemscope=\"itemscope\" itemtype=\"https:\/\/schema.org\/CreativeWork\" ><div class='avia_textblock beitrag'  itemprop=\"text\" ><blockquote>\n<p>Der Klimawandel stellt ein enormes Gesundheitsrisiko dar.<\/p>\n<\/blockquote>\n<\/div><\/section><\/div>\n<style type=\"text\/css\" data-created_by=\"avia_inline_auto\" id=\"style-css-av-bn21r-aad4d809db143422ff351672353e14d3\">\n#top .flex_column.av-bn21r-aad4d809db143422ff351672353e14d3{\nmargin-top:0px;\nmargin-bottom:0px;\n}\n.responsive #top #wrap_all .flex_column.av-bn21r-aad4d809db143422ff351672353e14d3{\nmargin-top:0px;\nmargin-bottom:0px;\n}\n<\/style>\n<div  class='flex_column av-bn21r-aad4d809db143422ff351672353e14d3 av_one_third  avia-builder-el-26  el_after_av_two_third  el_before_av_hr  flex_column_div  '     ><\/div>\n<style type=\"text\/css\" data-created_by=\"avia_inline_auto\" id=\"style-css-av-lbc729d6-eaf275d866583554f772053d16872751\">\n#top .hr.hr-invisible.av-lbc729d6-eaf275d866583554f772053d16872751{\nmargin-top:0px;\nheight:1px;\n}\n<\/style>\n<div  class='hr av-lbc729d6-eaf275d866583554f772053d16872751 hr-invisible  avia-builder-el-27  el_after_av_one_third  el_before_av_one_fifth '><span class='hr-inner '><span class=\"hr-inner-style\"><\/span><\/span><\/div>\n\n<style type=\"text\/css\" data-created_by=\"avia_inline_auto\" id=\"style-css-av-6slx1-acd6bdcf253dbc75258dcfa7c52098b0\">\n#top .flex_column.av-6slx1-acd6bdcf253dbc75258dcfa7c52098b0{\nmargin-top:0px;\nmargin-bottom:0px;\n}\n.responsive #top #wrap_all .flex_column.av-6slx1-acd6bdcf253dbc75258dcfa7c52098b0{\nmargin-top:0px;\nmargin-bottom:0px;\n}\n<\/style>\n<div  class='flex_column av-6slx1-acd6bdcf253dbc75258dcfa7c52098b0 av_one_fifth  avia-builder-el-28  el_after_av_hr  el_before_av_four_fifth  first flex_column_div  '     ><\/div>\n<style type=\"text\/css\" data-created_by=\"avia_inline_auto\" id=\"style-css-av-926n9-49386a16fe333561c8ef2aed6ed0c8ec\">\n#top .flex_column.av-926n9-49386a16fe333561c8ef2aed6ed0c8ec{\nmargin-top:0px;\nmargin-bottom:0px;\n}\n.responsive #top #wrap_all .flex_column.av-926n9-49386a16fe333561c8ef2aed6ed0c8ec{\nmargin-top:0px;\nmargin-bottom:0px;\n}\n<\/style>\n<div  class='flex_column av-926n9-49386a16fe333561c8ef2aed6ed0c8ec av_four_fifth  avia-builder-el-29  el_after_av_one_fifth  el_before_av_one_full  flex_column_div av-animated-generic fade-in  '     ><section  class='av_textblock_section av-lbc3sn9l-d8919f8b2e90cca2681eab4ee0ab00bf '   itemscope=\"itemscope\" itemtype=\"https:\/\/schema.org\/CreativeWork\" ><div class='avia_textblock'  itemprop=\"text\" ><p><strong>Andrea Galle:<\/strong> Generell spiegeln sich aus meiner Sicht so gut wie alle gesellschaftlich relevanten Themen auch im Gesundheitswesen wider \u2013 sei es die Digitalisierung, New Work oder Corona. Aktuell befassen wir uns zudem intensiv mit der k\u00fcnftigen Finanzierung der GKV.<br \/>\n<br class=\"avia-permanent-lb\" \/>Wir selbst arbeiten seit \u00fcber zehn Jahren informell und seit 2016 strategisch an der Integration von Nachhaltigkeit in alle Bereiche der BKK VBU. In den ersten Jahren war es eine gro\u00dfe Herausforderung, Mitstreiter im System zu finden. Umso erfreulicher ist es, dass die Aufmerksamkeit f\u00fcr das Thema in den letzten zwei Jahren einen riesigen Sprung gemacht hat.<br \/>\n<br class=\"avia-permanent-lb\" \/>Heute gehen auch andere Kassen erste Schritte, es sind neue Kooperationspartner in der Zivilgesellschaft wie KLUG und die Stiftung GEGM entstanden, mit denen wir gemeinsam Projekte realisieren. Als stolzes Gr\u00fcndungsmitglied und aktiver Treiber der \u201eGreen Health\u201c-Initiative des BKK-Dachverbands kooperieren wir eng mit anderen Betriebskrankenkassen und entwickeln \u201eNachhaltigkeit in der GKV\u201c gemeinsam weiter. Seit ein paar Monaten scheint das Thema auch langsam in Politik und Aufsicht anzukommen. Aber insgesamt gibt beim Thema Nachhaltigkeit im Gesundheitswesen noch sehr viel Luft nach oben.<\/p>\n<\/div><\/section><\/div><div class='flex_column_table av-iy8ic-e8f8664f5866ebc25a8f11d35c984068 sc-av_one_full av-equal-height-column-flextable'>\n<style type=\"text\/css\" data-created_by=\"avia_inline_auto\" id=\"style-css-av-iy8ic-e8f8664f5866ebc25a8f11d35c984068\">\n#top .flex_column_table.av-equal-height-column-flextable.av-iy8ic-e8f8664f5866ebc25a8f11d35c984068{\nmargin-top:3%;\nmargin-bottom:0px;\n}\n<\/style>\n<div  class='flex_column av-iy8ic-e8f8664f5866ebc25a8f11d35c984068 av_one_full  avia-builder-el-31  el_after_av_four_fifth  el_before_av_one_fifth  first flex_column_table_cell av-equal-height-column av-align-bottom av-animated-generic fade-in  '     ><section  class='av_textblock_section av-lbb28qih-aae3335837726294531cc22e774331c3 '   itemscope=\"itemscope\" itemtype=\"https:\/\/schema.org\/CreativeWork\" ><div class='avia_textblock'  itemprop=\"text\" ><h2>Nachhaltigkeit hat als Begriff viele Facetten. Was ist Ihre Definition?<\/h2>\n<\/div><\/section><\/div><\/div><!--close column table wrapper. Autoclose: 1 -->\n<style type=\"text\/css\" data-created_by=\"avia_inline_auto\" id=\"style-css-av-gspm4-298ea0cf8a2048ab8e96c945921b1c7c\">\n#top .flex_column.av-gspm4-298ea0cf8a2048ab8e96c945921b1c7c{\nmargin-top:0px;\nmargin-bottom:0px;\n}\n.responsive #top #wrap_all .flex_column.av-gspm4-298ea0cf8a2048ab8e96c945921b1c7c{\nmargin-top:0px;\nmargin-bottom:0px;\n}\n<\/style>\n<div  class='flex_column av-gspm4-298ea0cf8a2048ab8e96c945921b1c7c av_one_fifth  avia-builder-el-33  el_after_av_one_full  el_before_av_four_fifth  first flex_column_div  column-top-margin'     ><\/div>\n<style type=\"text\/css\" data-created_by=\"avia_inline_auto\" id=\"style-css-av-84ek4-3275a204eade7c7bc17ffae40adbd037\">\n#top .flex_column.av-84ek4-3275a204eade7c7bc17ffae40adbd037{\nmargin-top:0px;\nmargin-bottom:0px;\n}\n.responsive #top #wrap_all .flex_column.av-84ek4-3275a204eade7c7bc17ffae40adbd037{\nmargin-top:0px;\nmargin-bottom:0px;\n}\n<\/style>\n<div  class='flex_column av-84ek4-3275a204eade7c7bc17ffae40adbd037 av_four_fifth  avia-builder-el-34  el_after_av_one_fifth  el_before_av_hr  flex_column_div av-animated-generic fade-in  column-top-margin'     ><section  class='av_textblock_section av-lbb291xs-5c869387ec4b7e77d79ea7583d616033 '   itemscope=\"itemscope\" itemtype=\"https:\/\/schema.org\/CreativeWork\" ><div class='avia_textblock'  itemprop=\"text\" ><p><strong>Christoph Straub:<\/strong> Die Nachhaltigkeitsstrategie der BARMER orientiert sich an den 17 Nachhaltigkeitszielen der Vereinten Nationen. Dahinter steht also ein weiter Begriff von Nachhaltigkeit \u2013 \u00f6kologisch, \u00f6konomisch und sozial. Auf acht dieser 17 Ziele legen wir einen besonderen Fokus. Neben dem Klima z\u00e4hlen dazu etwa die Geschlechtergleichstellung oder unsere Rolle als starke Institution im Gesundheitswesen, von der zu Recht Transparenz und Krisenfestigkeit erwartet wird. Eine herausgehobene Stellung innerhalb der Strategie hat der Klimaschutz, eben weil die Gesundheit der Menschen unsere Kernaufgabe ist und der Klimawandel eine zentrale Bedrohung f\u00fcr die Gesundheit darstellt.<\/p>\n<\/div><\/section><\/div>\n<style type=\"text\/css\" data-created_by=\"avia_inline_auto\" id=\"style-css-av-lbb2fye1-d062d9e09c3cbef0737bd377b23facf1\">\n#top .hr.hr-invisible.av-lbb2fye1-d062d9e09c3cbef0737bd377b23facf1{\nheight:20px;\n}\n<\/style>\n<div  class='hr av-lbb2fye1-d062d9e09c3cbef0737bd377b23facf1 hr-invisible  avia-builder-el-36  el_after_av_four_fifth  el_before_av_one_fifth '><span class='hr-inner '><span class=\"hr-inner-style\"><\/span><\/span><\/div>\n\n<style type=\"text\/css\" data-created_by=\"avia_inline_auto\" id=\"style-css-av-1fegs-fb689f1090fdd0cb464824756f67b0a9\">\n#top .flex_column.av-1fegs-fb689f1090fdd0cb464824756f67b0a9{\nmargin-top:0px;\nmargin-bottom:0px;\n}\n.responsive #top #wrap_all .flex_column.av-1fegs-fb689f1090fdd0cb464824756f67b0a9{\nmargin-top:0px;\nmargin-bottom:0px;\n}\n<\/style>\n<div  class='flex_column av-1fegs-fb689f1090fdd0cb464824756f67b0a9 av_one_fifth  avia-builder-el-37  el_after_av_hr  el_before_av_four_fifth  first flex_column_div  '     ><\/div>\n<style type=\"text\/css\" data-created_by=\"avia_inline_auto\" id=\"style-css-av-lb3o207d-c2f38260631dc47076a959433ca6e792\">\n#top .flex_column.av-lb3o207d-c2f38260631dc47076a959433ca6e792{\nmargin-top:0px;\nmargin-bottom:0px;\n}\n.responsive #top #wrap_all .flex_column.av-lb3o207d-c2f38260631dc47076a959433ca6e792{\nmargin-top:0px;\nmargin-bottom:0px;\n}\n<\/style>\n<div  class='flex_column av-lb3o207d-c2f38260631dc47076a959433ca6e792 av_four_fifth  avia-builder-el-38  el_after_av_one_fifth  el_before_av_one_full  flex_column_div av-animated-generic fade-in  '     ><section  class='av_textblock_section av-7ew6k-716e66e129fbbcd1cf988bd0af6d700e '   itemscope=\"itemscope\" itemtype=\"https:\/\/schema.org\/CreativeWork\" ><div class='avia_textblock'  itemprop=\"text\" ><p data-wp-editing=\"1\"><img loading=\"lazy\" decoding=\"async\" class=\"interview alignright wp-image-532\" src=\"https:\/\/www.mwv-landingpages.de\/jetzt-oder-nie-nachhaltigkeit-im-gesundheitswesen\/wp-content\/uploads\/sites\/12\/2022\/12\/interview-galle-straub-01.jpg\" alt=\"\" width=\"300\" height=\"375\" srcset=\"https:\/\/www.mwv-landingpages.de\/jetzt-oder-nie-nachhaltigkeit-im-gesundheitswesen\/wp-content\/uploads\/sites\/12\/2022\/12\/interview-galle-straub-01.jpg 600w, https:\/\/www.mwv-landingpages.de\/jetzt-oder-nie-nachhaltigkeit-im-gesundheitswesen\/wp-content\/uploads\/sites\/12\/2022\/12\/interview-galle-straub-01-240x300.jpg 240w, https:\/\/www.mwv-landingpages.de\/jetzt-oder-nie-nachhaltigkeit-im-gesundheitswesen\/wp-content\/uploads\/sites\/12\/2022\/12\/interview-galle-straub-01-564x705.jpg 564w\" sizes=\"auto, (max-width: 300px) 100vw, 300px\" \/><strong>Andrea Galle:<\/strong> Nachhaltigkeit ist im Kern erst einmal eine innere Einstellung zu Umwelt, Mensch, Natur, unseren Ressourcen und der Verantwortung, damit gewissenhaft umzugehen, dauerhaft und zukunftsorientiert. Ich will den Begriff nicht \u00fcberstrapazieren und auch nicht ausschlie\u00dflich auf \u00f6kologische Aspekte reduzieren. Bei der BKK VBU haben wir bewusst das CSR-Konzept gew\u00e4hlt \u2013 mit all der konzeptionell verankerten Bandbreite, die sich heute auch in der ESG-Debatte abbildet: Eine Verantwortung f\u00fcr Umwelt, Mitarbeitende, Kunden, Gesellschaft und Gesch\u00e4ftst\u00e4tigkeit. Nachhaltigkeit bedeutet f\u00fcr uns, eine konsequent patientenorientierte und ressourcenschonende Versorgung. Der wissenschaftliche und technische Fortschritt birgt das Potenzial, mehr Qualit\u00e4t in der Versorgung f\u00fcr alle sicherzustellen und dabei effizienter und ressourcenschonender zu agieren. Eine patientenzentrierte Versorgung, die zudem geschlechtssensibel ausgerichtet ist, wird durch bessere Behandlungserfolge \u2013 wie heute bereits in der Pr\u00e4zisionsmedizin zu sehen \u2013 und damit verbundener Lebensqualit\u00e4t langfristig immense Kosten und Ressourcen sparen. Das ist aus meiner Sicht zukunftsorientiert und nachhaltig.<\/p>\n<\/div><\/section><\/div><div class='flex_column_table av-2hlms-9f76ba4a1171dc3396016cb15fff0de7 sc-av_one_full av-equal-height-column-flextable'>\n<style type=\"text\/css\" data-created_by=\"avia_inline_auto\" id=\"style-css-av-2hlms-9f76ba4a1171dc3396016cb15fff0de7\">\n#top .flex_column_table.av-equal-height-column-flextable.av-2hlms-9f76ba4a1171dc3396016cb15fff0de7{\nmargin-top:3%;\nmargin-bottom:0px;\n}\n<\/style>\n<div  class='flex_column av-2hlms-9f76ba4a1171dc3396016cb15fff0de7 av_one_full  avia-builder-el-40  el_after_av_four_fifth  el_before_av_one_fifth  first flex_column_table_cell av-equal-height-column av-align-bottom av-animated-generic fade-in  '     ><section  class='av_textblock_section av-lbb2dq75-85f423540bb0ae7d43e33b4aa69ca873 '   itemscope=\"itemscope\" itemtype=\"https:\/\/schema.org\/CreativeWork\" ><div class='avia_textblock'  itemprop=\"text\" ><h2>Herr Straub, die BARMER hat 2021 eine Nachhaltigkeitsstrategie ver\u00f6ffentlicht und strebt an, bereits zum Jahr 2030 klimaneutral zu sein. Wie wollen Sie das schaffen?<\/h2>\n<\/div><\/section><\/div><\/div><!--close column table wrapper. Autoclose: 1 -->\n<style type=\"text\/css\" data-created_by=\"avia_inline_auto\" id=\"style-css-av-m23ik-4501742663fb49d7e06af97a11474cd6\">\n#top .flex_column.av-m23ik-4501742663fb49d7e06af97a11474cd6{\nmargin-top:0px;\nmargin-bottom:0px;\n}\n.responsive #top #wrap_all .flex_column.av-m23ik-4501742663fb49d7e06af97a11474cd6{\nmargin-top:0px;\nmargin-bottom:0px;\n}\n<\/style>\n<div  class='flex_column av-m23ik-4501742663fb49d7e06af97a11474cd6 av_one_fifth  avia-builder-el-42  el_after_av_one_full  el_before_av_four_fifth  first flex_column_div  column-top-margin'     ><\/div>\n<style type=\"text\/css\" data-created_by=\"avia_inline_auto\" id=\"style-css-av-1ekjg-bcebd3233d8c1af21580d3d3e5b36a62\">\n#top .flex_column.av-1ekjg-bcebd3233d8c1af21580d3d3e5b36a62{\nmargin-top:0px;\nmargin-bottom:0px;\n}\n.responsive #top #wrap_all .flex_column.av-1ekjg-bcebd3233d8c1af21580d3d3e5b36a62{\nmargin-top:0px;\nmargin-bottom:0px;\n}\n<\/style>\n<div  class='flex_column av-1ekjg-bcebd3233d8c1af21580d3d3e5b36a62 av_four_fifth  avia-builder-el-43  el_after_av_one_fifth  el_before_av_one_full  flex_column_div av-animated-generic fade-in  column-top-margin'     ><section  class='av_textblock_section av-lbb2e48q-aee31082172a3a19034497bbaf845508 '   itemscope=\"itemscope\" itemtype=\"https:\/\/schema.org\/CreativeWork\" ><div class='avia_textblock'  itemprop=\"text\" ><p><strong><img loading=\"lazy\" decoding=\"async\" class=\"interview alignleft wp-image-530\" src=\"https:\/\/www.mwv-landingpages.de\/jetzt-oder-nie-nachhaltigkeit-im-gesundheitswesen\/wp-content\/uploads\/sites\/12\/2022\/12\/interview-galle-straub-04.jpg\" alt=\"\" width=\"300\" height=\"375\" srcset=\"https:\/\/www.mwv-landingpages.de\/jetzt-oder-nie-nachhaltigkeit-im-gesundheitswesen\/wp-content\/uploads\/sites\/12\/2022\/12\/interview-galle-straub-04.jpg 600w, https:\/\/www.mwv-landingpages.de\/jetzt-oder-nie-nachhaltigkeit-im-gesundheitswesen\/wp-content\/uploads\/sites\/12\/2022\/12\/interview-galle-straub-04-240x300.jpg 240w, https:\/\/www.mwv-landingpages.de\/jetzt-oder-nie-nachhaltigkeit-im-gesundheitswesen\/wp-content\/uploads\/sites\/12\/2022\/12\/interview-galle-straub-04-564x705.jpg 564w\" sizes=\"auto, (max-width: 300px) 100vw, 300px\" \/>Christoph Straub:<\/strong> Die BARMER treibt seit vielen Jahren Nachhaltigkeit und Klimaschutz im Unternehmen voran. Mittlerweile haben wir es als erste gro\u00dfe Krankenkasse geschafft, an allen Standorten klimaneutral zu arbeiten. Darauf sind wir stolz. Aber seien wir ehrlich: Der \u00f6kologische Fu\u00dfabdruck einer Krankenkasse ist vergleichsweise klein \u2013 wir betreiben keine Produktionsanlagen und haben keine ressourcenintensive Logistik. Trotzdem stehen wir gerade als Krankenkasse in der Pflicht, alles daf\u00fcr zu tun, selbst CO2 zu vermeiden. Bereits im Jahr 2021 hat die BARMER ihren CO2-Aussto\u00df gegen\u00fcber 2019 um 39 Prozent reduziert. Einen Teil der Emissionen gleichen wir durch klimafreundliche Projekte aus. Ein wesentlicher Hebel f\u00fcr weitere Kohlendioxideinsparungen sind Potenziale im Bereich Geb\u00e4udemanagement. Die BARMER nutzt bereits zu 100 Prozent \u00d6kostrom, und in den n\u00e4chsten Jahren werden wir den CO2-Aussto\u00df beispielsweise durch Fl\u00e4chenreduktion und Sanierung kontinuierlich senken. Ein weiterer Ansatzpunkt ist die Mobilit\u00e4t unserer Mitarbeitenden, wie Dienstreisen und Arbeitswege. Durch Homeoffice-M\u00f6glichkeiten reduzieren wir die Summe der zur\u00fcckgelegten Kilometer und schaffen mit Leasing-Fahrr\u00e4dern oder Jobtickets f\u00fcr den \u00f6ffentlichen Nahverkehr zus\u00e4tzlich Anreize f\u00fcr die Nutzung umweltfreundlicher Verkehrsmittel. Eine wichtige Rolle spielt dabei auch die Digitalisierung und damit verbunden die kontinuierliche Reduktion der enormen Papiermengen, die im Gesundheitswesen noch verbraucht und verschickt werden. Mindestens genauso wichtig wie unsere Bem\u00fchungen um eine klimaneutrale BARMER sind aber unsere Anstrengungen, eine Ver\u00e4nderung im gesamten Gesundheitssystem voranzutreiben.<\/p>\n<\/div><\/section><\/div><div class='flex_column_table av-ljbnz-43818933c66b4a90177da69587724a0e sc-av_one_full av-equal-height-column-flextable'>\n<style type=\"text\/css\" data-created_by=\"avia_inline_auto\" id=\"style-css-av-ljbnz-43818933c66b4a90177da69587724a0e\">\n#top .flex_column_table.av-equal-height-column-flextable.av-ljbnz-43818933c66b4a90177da69587724a0e{\nmargin-top:3%;\nmargin-bottom:0px;\n}\n<\/style>\n<div  class='flex_column av-ljbnz-43818933c66b4a90177da69587724a0e av_one_full  avia-builder-el-45  el_after_av_four_fifth  el_before_av_one_fifth  first flex_column_table_cell av-equal-height-column av-align-bottom av-animated-generic fade-in  '     ><section  class='av_textblock_section av-lbc7cgze-1695ad9c189012891193ba6301264010 '   itemscope=\"itemscope\" itemtype=\"https:\/\/schema.org\/CreativeWork\" ><div class='avia_textblock'  itemprop=\"text\" ><h2>Frau Galle, Als eine der ersten deutschen Krankenkassen haben Sie 2016 eine CSR-Managerin eingestellt und 2019 einen Nachhaltigkeitsbericht nach dem Deutschen Nachhaltigkeitskodex vorgelegt. Was war der Anlass f\u00fcr Ihr fr\u00fches Engagement?<\/h2>\n<\/div><\/section><\/div><\/div><!--close column table wrapper. Autoclose: 1 -->\n<style type=\"text\/css\" data-created_by=\"avia_inline_auto\" id=\"style-css-av-gtz7r-97b7a4aa478c68dfe62dcf3fae0677cf\">\n#top .flex_column.av-gtz7r-97b7a4aa478c68dfe62dcf3fae0677cf{\nmargin-top:0px;\nmargin-bottom:0px;\n}\n.responsive #top #wrap_all .flex_column.av-gtz7r-97b7a4aa478c68dfe62dcf3fae0677cf{\nmargin-top:0px;\nmargin-bottom:0px;\n}\n<\/style>\n<div  class='flex_column av-gtz7r-97b7a4aa478c68dfe62dcf3fae0677cf av_one_fifth  avia-builder-el-47  el_after_av_one_full  el_before_av_four_fifth  first flex_column_div  column-top-margin'     ><\/div>\n<style type=\"text\/css\" data-created_by=\"avia_inline_auto\" id=\"style-css-av-ai7db-22e82864201f14270e109dcc9f42c3a1\">\n#top .flex_column.av-ai7db-22e82864201f14270e109dcc9f42c3a1{\nmargin-top:0px;\nmargin-bottom:0px;\n}\n.responsive #top #wrap_all .flex_column.av-ai7db-22e82864201f14270e109dcc9f42c3a1{\nmargin-top:0px;\nmargin-bottom:0px;\n}\n<\/style>\n<div  class='flex_column av-ai7db-22e82864201f14270e109dcc9f42c3a1 av_four_fifth  avia-builder-el-48  el_after_av_one_fifth  el_before_av_hr  flex_column_div av-animated-generic fade-in  column-top-margin'     ><section  class='av_textblock_section av-lbc7e0qz-829fcbfba248773b81088b78bae784ae '   itemscope=\"itemscope\" itemtype=\"https:\/\/schema.org\/CreativeWork\" ><div class='avia_textblock'  itemprop=\"text\" ><p data-wp-editing=\"1\"><img loading=\"lazy\" decoding=\"async\" class=\"interview alignright wp-image-529\" src=\"https:\/\/www.mwv-landingpages.de\/jetzt-oder-nie-nachhaltigkeit-im-gesundheitswesen\/wp-content\/uploads\/sites\/12\/2022\/12\/interview-galle-straub-05.jpg\" alt=\"\" width=\"300\" height=\"375\" srcset=\"https:\/\/www.mwv-landingpages.de\/jetzt-oder-nie-nachhaltigkeit-im-gesundheitswesen\/wp-content\/uploads\/sites\/12\/2022\/12\/interview-galle-straub-05.jpg 600w, https:\/\/www.mwv-landingpages.de\/jetzt-oder-nie-nachhaltigkeit-im-gesundheitswesen\/wp-content\/uploads\/sites\/12\/2022\/12\/interview-galle-straub-05-240x300.jpg 240w, https:\/\/www.mwv-landingpages.de\/jetzt-oder-nie-nachhaltigkeit-im-gesundheitswesen\/wp-content\/uploads\/sites\/12\/2022\/12\/interview-galle-straub-05-564x705.jpg 564w\" sizes=\"auto, (max-width: 300px) 100vw, 300px\" \/><strong>Andrea Galle:<\/strong> Wie meine Eltern habe ich einen Gro\u00dfteil meiner Kindheit auf dem Land verbracht und damit von vornherein ein anderes Verh\u00e4ltnis zur Natur. Ich bin im Osten aufgewachsen und da waren die Ressourcen auch eher knapp. Als wir vor 30 Jahren die BKK VBU aufbauten, ging das f\u00fcr mich mit unternehmerischer Verantwortung einher. Wir haben fr\u00fch mit den Mitarbeitenden daran gearbeitet, die Kasse so nachhaltig wie m\u00f6glich aufzustellen. Es wurden gemeinsam Ideen generiert und umgesetzt, zum Beispiel mit Blick auf Medikamentenm\u00fcll, die Umstellung unserer Standorte auf \u00d6kostrom oder nachhaltige Anlageformen f\u00fcr die betriebliche Altersvorsorge. Dann brauchten wir jemanden, der alle Ideen zusammenf\u00fchrt und koordiniert \u2013 das ist sein 2016 unsere CSR-Managerin, Dorothee Christiani. Heute haben wir eine CSR-Strategie und -Reporting implementiert, ein Umweltmanagement, Mobilit\u00e4tskonzepte und ein standort\u00fcbergreifendes System aus CSR-Botschaftern geschaffen. Wir wollen uns immer m\u00f6glichst fr\u00fch neue Themen f\u00fcr uns als gesetzliche Krankenkasse erschlie\u00dfen. Da profitieren wir von kurzen Entscheidungswegen. Und, ganz pers\u00f6nlich: Ich mag keine halben Sachen. Wir denken mehrdimensional. Uns geht es um Betriebsf\u00fchrung im Allgemeinen, um die Besch\u00e4ftigten, unsere Branche, unser Verh\u00e4ltnis zu unseren Kunden, um Ressourcen, aber auch um Haltung. Denn schlie\u00dflich sind gesetzliche Krankenkassen Teil des sozialen Gemeinwesens und k\u00f6nnen hier nachhaltig wirken. Aber es liegt noch ein weiter Weg vor uns. Unternehmerische Verantwortung ist kein Projekt, das irgendwann abgeschlossen ist. Wir wollen und m\u00fcssen einen ressourcensensiblen Umgang in alle Produkte und Gesch\u00e4ftsprozesse integrieren. Auch in Bezug auf die Digitalisierung spielt das eine entscheidende Rolle. Mit der Reduzierung unseres Ressourcenverbrauchs \u00fcber Green IT bis hin zu Datenethik und Corporate Digital Responsibility (CDR) liegen spannende Themen vor uns. Wir wollen unsere Ziele nachjustieren, unser Umweltmanagement weiter professionalisieren, umfassendere Erfolgskennzahlen festlegen und konkrete Einsparpotenziale durch Digitalisierung st\u00e4rker erfassen und heben. Konkret werden wir unsere Leistungen und Pr\u00e4ventionsma\u00dfnahnahmen auf den Klimawandel vorbereiten und so viel Kraft wie m\u00f6glich in die Verhinderung klimabedingter Gesundheitsfolgen stecken.<\/p>\n<\/div><\/section><\/div>\n<style type=\"text\/css\" data-created_by=\"avia_inline_auto\" id=\"style-css-av-j1vpx-e23b5c8be3eeb88c22d026e4fce5a3ab\">\n#top .hr.hr-invisible.av-j1vpx-e23b5c8be3eeb88c22d026e4fce5a3ab{\nheight:20px;\n}\n<\/style>\n<div  class='hr av-j1vpx-e23b5c8be3eeb88c22d026e4fce5a3ab hr-invisible  avia-builder-el-50  el_after_av_four_fifth  el_before_av_one_third '><span class='hr-inner '><span class=\"hr-inner-style\"><\/span><\/span><\/div>\n\n<style type=\"text\/css\" data-created_by=\"avia_inline_auto\" id=\"style-css-av-8rzbo-4fb786ab96f2a99399134fd9d111a5a3\">\n#top .flex_column.av-8rzbo-4fb786ab96f2a99399134fd9d111a5a3{\nmargin-top:0px;\nmargin-bottom:0px;\n}\n.responsive #top #wrap_all .flex_column.av-8rzbo-4fb786ab96f2a99399134fd9d111a5a3{\nmargin-top:0px;\nmargin-bottom:0px;\n}\n<\/style>\n<div  class='flex_column av-8rzbo-4fb786ab96f2a99399134fd9d111a5a3 av_one_third  avia-builder-el-51  el_after_av_hr  el_before_av_two_third  first flex_column_div  '     ><\/div>\n<style type=\"text\/css\" data-created_by=\"avia_inline_auto\" id=\"style-css-av-lbb2fcee-c1d018969387beb1730da2b8bce8b6fc\">\n#top .flex_column.av-lbb2fcee-c1d018969387beb1730da2b8bce8b6fc{\nmargin-top:0px;\nmargin-bottom:0px;\n}\n.responsive #top #wrap_all .flex_column.av-lbb2fcee-c1d018969387beb1730da2b8bce8b6fc{\nmargin-top:0px;\nmargin-bottom:0px;\n}\n<\/style>\n<div  class='flex_column av-lbb2fcee-c1d018969387beb1730da2b8bce8b6fc av_two_third  avia-builder-el-52  el_after_av_one_third  avia-builder-el-last  flex_column_div av-animated-generic left-to-right  '     ><section  class='av_textblock_section av-lbb2f5zw-a04b77e536a3734e634a1c169a50bfbd '   itemscope=\"itemscope\" itemtype=\"https:\/\/schema.org\/CreativeWork\" ><div class='avia_textblock beitrag'  itemprop=\"text\" ><blockquote>\n<p>Unternehmerische Verantwortung ist kein Projekt, das irgendwann abgeschlossen ist.<\/p>\n<\/blockquote>\n<\/div><\/section><\/div>\n\n<\/div><\/div><\/div><!-- close content main div --><\/div><\/div>\n<style type=\"text\/css\" data-created_by=\"avia_inline_auto\" id=\"style-css-av-lbb2h5f1-6a99300ec0b5006e75c7be15f54a99fc\">\n.avia-section.av-lbb2h5f1-6a99300ec0b5006e75c7be15f54a99fc{\nmargin-top:-3%;\nmargin-bottom:0px;\n}\n<\/style>\n<div id='interview-galle-straub-teil-2'  class='avia-section av-lbb2h5f1-6a99300ec0b5006e75c7be15f54a99fc main_color avia-section-default avia-no-border-styling  avia-builder-el-54  el_after_av_section  avia-builder-el-last  avia-bg-style-scroll container_wrap sidebar_right'  ><div class='container av-section-cont-open' ><div class='template-page content  av-content-small alpha units'><div class='post-entry post-entry-type-page post-entry-519'><div class='entry-content-wrapper clearfix'>\n<div class='flex_column_table av-lbb2hgrs-dccdb3a1c30e3b469daf4ee1363a5ebd sc-av_one_full av-equal-height-column-flextable'>\n<style type=\"text\/css\" data-created_by=\"avia_inline_auto\" id=\"style-css-av-lbb2hgrs-dccdb3a1c30e3b469daf4ee1363a5ebd\">\n#top .flex_column_table.av-equal-height-column-flextable.av-lbb2hgrs-dccdb3a1c30e3b469daf4ee1363a5ebd{\nmargin-top:0;\nmargin-bottom:20px;\n}\n<\/style>\n<div  class='flex_column av-lbb2hgrs-dccdb3a1c30e3b469daf4ee1363a5ebd av_one_full  avia-builder-el-55  el_before_av_one_fifth  avia-builder-el-first  first flex_column_table_cell av-equal-height-column av-align-bottom av-animated-generic fade-in  '     ><section  class='av_textblock_section av-lbb2hzwj-45a3f5da97541e7b8d6591569877d085 '   itemscope=\"itemscope\" itemtype=\"https:\/\/schema.org\/CreativeWork\" ><div class='avia_textblock'  itemprop=\"text\" ><h2>Kassen forderten bereits Nachhaltigkeit in das SGB aufzunehmen. Wie stehen Sie dazu, Nachhaltigkeit als Klammer um die sozialrechtlichen Leitprinzipien \u2013 Zugang, Wirtschaftlichkeit, Qualit\u00e4t \u2013 zu denken?<\/h2>\n<\/div><\/section><\/div><\/div><!--close column table wrapper. Autoclose: 1 -->\n<style type=\"text\/css\" data-created_by=\"avia_inline_auto\" id=\"style-css-av-2j7c64-9566c2cffc9738f6db23d642150cf73a\">\n#top .flex_column.av-2j7c64-9566c2cffc9738f6db23d642150cf73a{\nmargin-top:0px;\nmargin-bottom:0px;\n}\n.responsive #top #wrap_all .flex_column.av-2j7c64-9566c2cffc9738f6db23d642150cf73a{\nmargin-top:0px;\nmargin-bottom:0px;\n}\n<\/style>\n<div  class='flex_column av-2j7c64-9566c2cffc9738f6db23d642150cf73a av_one_fifth  avia-builder-el-57  el_after_av_one_full  el_before_av_four_fifth  first flex_column_div  column-top-margin'     ><\/div>\n<style type=\"text\/css\" data-created_by=\"avia_inline_auto\" id=\"style-css-av-2deg3w-280c4f0d58059eabd7347d366113aa9a\">\n#top .flex_column.av-2deg3w-280c4f0d58059eabd7347d366113aa9a{\nmargin-top:0px;\nmargin-bottom:0px;\n}\n.responsive #top #wrap_all .flex_column.av-2deg3w-280c4f0d58059eabd7347d366113aa9a{\nmargin-top:0px;\nmargin-bottom:0px;\n}\n<\/style>\n<div  class='flex_column av-2deg3w-280c4f0d58059eabd7347d366113aa9a av_four_fifth  avia-builder-el-58  el_after_av_one_fifth  el_before_av_hr  flex_column_div av-animated-generic fade-in  column-top-margin'     ><style type=\"text\/css\" data-created_by=\"avia_inline_auto\" id=\"style-css-av-lbc55te6-2dd2b2eb06737a28c27b2429ca46c920\">\n.avia-image-container.av-lbc55te6-2dd2b2eb06737a28c27b2429ca46c920 img.avia_image{\nbox-shadow:none;\n}\n.avia-image-container.av-lbc55te6-2dd2b2eb06737a28c27b2429ca46c920 .av-image-caption-overlay-center{\ncolor:#ffffff;\n}\n<\/style>\n<div  class='avia-image-container av-lbc55te6-2dd2b2eb06737a28c27b2429ca46c920 av-styling-no-styling avia-align-center  avia-builder-el-59  avia-builder-el-no-sibling '   itemprop=\"image\" itemscope=\"itemscope\" itemtype=\"https:\/\/schema.org\/ImageObject\" ><div class=\"avia-image-container-inner\"><div class=\"avia-image-overlay-wrap\"><img decoding=\"async\" fetchpriority=\"high\" class='wp-image-527 avia-img-lazy-loading-not-527 avia_image ' src=\"https:\/\/www.mwv-landingpages.de\/jetzt-oder-nie-nachhaltigkeit-im-gesundheitswesen\/wp-content\/uploads\/sites\/12\/2022\/12\/interview-galle-straub-06.jpg\" alt='' title='interview-galle-straub-06'  height=\"867\" width=\"1300\"  itemprop=\"thumbnailUrl\" srcset=\"https:\/\/www.mwv-landingpages.de\/jetzt-oder-nie-nachhaltigkeit-im-gesundheitswesen\/wp-content\/uploads\/sites\/12\/2022\/12\/interview-galle-straub-06.jpg 1300w, https:\/\/www.mwv-landingpages.de\/jetzt-oder-nie-nachhaltigkeit-im-gesundheitswesen\/wp-content\/uploads\/sites\/12\/2022\/12\/interview-galle-straub-06-300x200.jpg 300w, https:\/\/www.mwv-landingpages.de\/jetzt-oder-nie-nachhaltigkeit-im-gesundheitswesen\/wp-content\/uploads\/sites\/12\/2022\/12\/interview-galle-straub-06-1024x683.jpg 1024w, https:\/\/www.mwv-landingpages.de\/jetzt-oder-nie-nachhaltigkeit-im-gesundheitswesen\/wp-content\/uploads\/sites\/12\/2022\/12\/interview-galle-straub-06-768x512.jpg 768w, https:\/\/www.mwv-landingpages.de\/jetzt-oder-nie-nachhaltigkeit-im-gesundheitswesen\/wp-content\/uploads\/sites\/12\/2022\/12\/interview-galle-straub-06-705x470.jpg 705w\" sizes=\"(max-width: 1300px) 100vw, 1300px\" \/><\/div><\/div><\/div><\/div>\n<style type=\"text\/css\" data-created_by=\"avia_inline_auto\" id=\"style-css-av-72xvb-332400578df70eaf3749e479e6682c7d\">\n#top .hr.hr-invisible.av-72xvb-332400578df70eaf3749e479e6682c7d{\nheight:20px;\n}\n<\/style>\n<div  class='hr av-72xvb-332400578df70eaf3749e479e6682c7d hr-invisible  avia-builder-el-60  el_after_av_four_fifth  el_before_av_one_fifth '><span class='hr-inner '><span class=\"hr-inner-style\"><\/span><\/span><\/div>\n\n<style type=\"text\/css\" data-created_by=\"avia_inline_auto\" id=\"style-css-av-1sbpdb-d4b175573dcd20c6bc18a304cf6236bf\">\n#top .flex_column.av-1sbpdb-d4b175573dcd20c6bc18a304cf6236bf{\nmargin-top:0px;\nmargin-bottom:0px;\n}\n.responsive #top #wrap_all .flex_column.av-1sbpdb-d4b175573dcd20c6bc18a304cf6236bf{\nmargin-top:0px;\nmargin-bottom:0px;\n}\n<\/style>\n<div  class='flex_column av-1sbpdb-d4b175573dcd20c6bc18a304cf6236bf av_one_fifth  avia-builder-el-61  el_after_av_hr  el_before_av_four_fifth  first flex_column_div  '     ><\/div>\n<style type=\"text\/css\" data-created_by=\"avia_inline_auto\" id=\"style-css-av-1i9r9z-555aa9558b9bfb8597e436036d048849\">\n#top .flex_column.av-1i9r9z-555aa9558b9bfb8597e436036d048849{\nmargin-top:0px;\nmargin-bottom:0px;\n}\n.responsive #top #wrap_all .flex_column.av-1i9r9z-555aa9558b9bfb8597e436036d048849{\nmargin-top:0px;\nmargin-bottom:0px;\n}\n<\/style>\n<div  class='flex_column av-1i9r9z-555aa9558b9bfb8597e436036d048849 av_four_fifth  avia-builder-el-62  el_after_av_one_fifth  el_before_av_hr  flex_column_div av-animated-generic fade-in  '     ><section  class='av_textblock_section av-1d5d5r-7972e21ae62089c22897c4fad379d4fc '   itemscope=\"itemscope\" itemtype=\"https:\/\/schema.org\/CreativeWork\" ><div class='avia_textblock'  itemprop=\"text\" ><p><strong>Andrea Galle:<\/strong> Grunds\u00e4tzlich sind wir f\u00fcr weniger statt mehr neue Auflagen im SGB. Einen offiziellen Auftrag zu umweltvertr\u00e4glichem Wirtschaften w\u00fcrden wir aber sehr begr\u00fc\u00dfen, da uns das viele kraftraubende Debatten ersparen und dem Thema im System eine h\u00f6here Priorit\u00e4t einr\u00e4umen w\u00fcrde. Mir geht es aber um einen Kulturwandel \u2013 weg von der Verbotskultur hin zu einer Ermutigungskultur auch f\u00fcr die GKV. Wir brauchen weniger B\u00fcrokratie und \u00dcberregulierung. Politik sollte den Rahmen f\u00fcr mehr Gestaltungsspielr\u00e4ume geben. Aktuell wirkt alles sehr bevormundend und kleinkariert \u2013 das Vertrauen in die Akteure scheint abhandengekommen. Die Krankenkassen sollten wieder mehr als Experten wahr- und ernstgenommen werden. Wir sind nicht das zu regulierende Problem, sondern ein ma\u00dfgeblicher Teil der L\u00f6sung. Ein gro\u00dfer Fortschritt w\u00e4re eine \u00c4nderung des \u00a7 30 SGB IV, nach dem Krankenkassen alles verboten ist, was nach dem Gesetz nicht ausdr\u00fccklich erlaubt ist. Dazu geh\u00f6rt auch \u2013 nur vermeintlich im Gegensatz zum gerade beschriebenen \u2013 f\u00fcr alle staatlichen und nachgelagerten Beh\u00f6rden die Anforderung zu formulieren, ressourcenschonendes Wirtschaften zu priorisieren. Das w\u00fcrde viele faktische und theoretische Steine in den K\u00f6pfen auf allen Ebenen zur Seite schieben. Der Gesundheitsbegriff ist breiter als nach SGB V. Gesunde Menschen brauchen ein gesundes Umfeld und eine gesunde Umwelt. Ich w\u00fcnsche mir, dass sich unser Gesundheitswesen weiter in Richtung dieser existenziellen \u00dcberzeugung \u00f6ffnet und die Verantwortlichen in die Lage versetzt, Ressourcen zu schonen und Verantwortung f\u00fcr unseren Planeten zu \u00fcbernehmen. Der Zusammenhang zwischen Klima und Gesundheit ist nicht mehr zu leugnen, weshalb ein zum Klimaschutz beitragendes Gesundheitswesen auch einen direkten Patientennutzen hat. Mir gef\u00e4llt der Begriff der sozialrechtlichen Leitprinzipien \u2013 hiermit k\u00f6nnten Prinzipien st\u00e4rkere Bedeutung erlangen, die einer nachhaltigen Aufstellung des Gesundheitswesens dienlich sind, zum Beispiel konsequent krankheitsvermeidend, konsequent ambulant vor station\u00e4r, konsequent digital und datennutzend zum Patientenwohl, konsequent patientenzentriert und geschlechtssensibel, konsequent m\u00fcllvermeidend und klimaneutral.<\/p>\n<\/div><\/section><\/div>\n<style type=\"text\/css\" data-created_by=\"avia_inline_auto\" id=\"style-css-av-19qm6f-d2d23cc0642c6eec3018ec8b46cf06cb\">\n#top .hr.hr-invisible.av-19qm6f-d2d23cc0642c6eec3018ec8b46cf06cb{\nheight:20px;\n}\n<\/style>\n<div  class='hr av-19qm6f-d2d23cc0642c6eec3018ec8b46cf06cb hr-invisible  avia-builder-el-64  el_after_av_four_fifth  el_before_av_one_fifth '><span class='hr-inner '><span class=\"hr-inner-style\"><\/span><\/span><\/div>\n\n<style type=\"text\/css\" data-created_by=\"avia_inline_auto\" id=\"style-css-av-13u3pr-72fef45f2cbf4f2599ac32547f7b638c\">\n#top .flex_column.av-13u3pr-72fef45f2cbf4f2599ac32547f7b638c{\nmargin-top:0px;\nmargin-bottom:0px;\n}\n.responsive #top #wrap_all .flex_column.av-13u3pr-72fef45f2cbf4f2599ac32547f7b638c{\nmargin-top:0px;\nmargin-bottom:0px;\n}\n<\/style>\n<div  class='flex_column av-13u3pr-72fef45f2cbf4f2599ac32547f7b638c av_one_fifth  avia-builder-el-65  el_after_av_hr  el_before_av_four_fifth  first flex_column_div  '     ><\/div>\n<style type=\"text\/css\" data-created_by=\"avia_inline_auto\" id=\"style-css-av-lbc7nz0s-384bfabd5854fc867c1f11127d8148bb\">\n#top .flex_column.av-lbc7nz0s-384bfabd5854fc867c1f11127d8148bb{\nmargin-top:0px;\nmargin-bottom:0px;\n}\n.responsive #top #wrap_all .flex_column.av-lbc7nz0s-384bfabd5854fc867c1f11127d8148bb{\nmargin-top:0px;\nmargin-bottom:0px;\n}\n<\/style>\n<div  class='flex_column av-lbc7nz0s-384bfabd5854fc867c1f11127d8148bb av_four_fifth  avia-builder-el-66  el_after_av_one_fifth  el_before_av_one_full  flex_column_div av-animated-generic fade-in  '     ><section  class='av_textblock_section av-xzwl3-8c164b959ad4c3a2127565afa756d731 '   itemscope=\"itemscope\" itemtype=\"https:\/\/schema.org\/CreativeWork\" ><div class='avia_textblock'  itemprop=\"text\" ><p><strong>Christoph Straub:<\/strong> Ich unterst\u00fctze diesen Ansatz ausdr\u00fccklich. Wir werden ein klimaneutrales Gesundheitswesen nicht zum Nulltarif bekommen. Viele Ma\u00dfnahmen zum Klimaschutz sind zugleich wirtschaftlich nachhaltig, beispielsweise das Einsparen von Energie. Es gibt aber genauso viele Beispiele, wo klimafreundliche L\u00f6sungen mehr kosten oder zun\u00e4chst Investitionen n\u00f6tig sind, die sich erst mittelfristig amortisierend. Nachhaltigkeit sollte Grundbedingung des Verwaltungshandelns sein und entsprechend im SGB verankert werden. Das erm\u00f6glicht es Krankenkassen, den Weg aktiv mitzugestalten. Ich sehe allerdings noch weitere wichtige Ansatzpunkte im Sozialrecht. Neben der Frage, wie das Gesundheitswesen klimafreundlicher werden kann, muss es sich auch st\u00e4rker als bisher darauf einstellen, den gesundheitlichen Folgen des Klimawandels zu begegnen \u2013 beispielsweise mit Pr\u00e4vention und Gesundheitsf\u00f6rderung.<\/p>\n<\/div><\/section><\/div><div class='flex_column_table av-26m8fw-5ea0af2796beb17f91ed151facec7d20 sc-av_one_full av-equal-height-column-flextable'>\n<style type=\"text\/css\" data-created_by=\"avia_inline_auto\" id=\"style-css-av-26m8fw-5ea0af2796beb17f91ed151facec7d20\">\n#top .flex_column_table.av-equal-height-column-flextable.av-26m8fw-5ea0af2796beb17f91ed151facec7d20{\nmargin-top:3%;\nmargin-bottom:0px;\n}\n<\/style>\n<div  class='flex_column av-26m8fw-5ea0af2796beb17f91ed151facec7d20 av_one_full  avia-builder-el-68  el_after_av_four_fifth  el_before_av_one_fifth  first flex_column_table_cell av-equal-height-column av-align-bottom av-animated-generic fade-in  '     ><section  class='av_textblock_section av-lbb2isux-6302881b8f9d4f3b8811e0851350880d '   itemscope=\"itemscope\" itemtype=\"https:\/\/schema.org\/CreativeWork\" ><div class='avia_textblock'  itemprop=\"text\" ><h2>Welche n\u00e4chsten Schritte m\u00fcssen f\u00fcr ein nachhaltiges Gesundheitswesen gegangen werden?<\/h2>\n<\/div><\/section><\/div><\/div><!--close column table wrapper. Autoclose: 1 -->\n<style type=\"text\/css\" data-created_by=\"avia_inline_auto\" id=\"style-css-av-244pg4-3824b489ca1468be8b29c91d77d15d58\">\n#top .flex_column.av-244pg4-3824b489ca1468be8b29c91d77d15d58{\nmargin-top:0px;\nmargin-bottom:0px;\n}\n.responsive #top #wrap_all .flex_column.av-244pg4-3824b489ca1468be8b29c91d77d15d58{\nmargin-top:0px;\nmargin-bottom:0px;\n}\n<\/style>\n<div  class='flex_column av-244pg4-3824b489ca1468be8b29c91d77d15d58 av_one_fifth  avia-builder-el-70  el_after_av_one_full  el_before_av_four_fifth  first flex_column_div  column-top-margin'     ><\/div>\n<style type=\"text\/css\" data-created_by=\"avia_inline_auto\" id=\"style-css-av-d8u99-de77433d91c9d5a27530a18d0d1f17fe\">\n#top .flex_column.av-d8u99-de77433d91c9d5a27530a18d0d1f17fe{\nmargin-top:0px;\nmargin-bottom:0px;\n}\n.responsive #top #wrap_all .flex_column.av-d8u99-de77433d91c9d5a27530a18d0d1f17fe{\nmargin-top:0px;\nmargin-bottom:0px;\n}\n<\/style>\n<div  class='flex_column av-d8u99-de77433d91c9d5a27530a18d0d1f17fe av_four_fifth  avia-builder-el-71  el_after_av_one_fifth  el_before_av_hr  flex_column_div av-animated-generic fade-in  column-top-margin'     ><section  class='av_textblock_section av-95p6t-4290bb7063a06792e77ec12769f20cd9 '   itemscope=\"itemscope\" itemtype=\"https:\/\/schema.org\/CreativeWork\" ><div class='avia_textblock'  itemprop=\"text\" ><p><strong>Christoph Straub:<\/strong> Das Thema nachhaltiges Gesundheitswesen muss in Politik und Selbstverwaltung deutlich h\u00f6her priorisiert werden. Wir brauchen eine gemeinsame Agenda f\u00fcr ein klimaneutrales Gesundheitswesen, die Leistungserbringende, Kostentr\u00e4ger und Produzenten gleicherma\u00dfen einbezieht. Solange es ein Nischenthema bleibt, wird nichts passieren. Au\u00dferdem m\u00fcssen H\u00fcrden in der Gesetzgebung beseitigt werden, die heute klimafreundliches Handeln erschweren. Stattdessen muss der Gesetzgeber Anreize schaffen sowie Bund und L\u00e4nder ihre F\u00f6rdermittelvergaben konsequent an Nachhaltigkeitskriterien kn\u00fcpfen. Und schlie\u00dflich muss die Digitalisierung dringend beschleunigt werden. Hier gehen Klimaschutz und wirtschaftliche Nachhaltigkeit unmittelbar Hand in Hand. Eine z\u00fcgige, konsequente Digitalisierung k\u00f6nnte jedes Jahr Milliarden Euro und Millionen Tonnen CO2 im Gesundheitswesen einsparen.<\/p>\n<\/div><\/section><\/div>\n<style type=\"text\/css\" data-created_by=\"avia_inline_auto\" id=\"style-css-av-2ya0n-814c2ec8ef441d4b478421d898c22aec\">\n#top .hr.hr-invisible.av-2ya0n-814c2ec8ef441d4b478421d898c22aec{\nheight:20px;\n}\n<\/style>\n<div  class='hr av-2ya0n-814c2ec8ef441d4b478421d898c22aec hr-invisible  avia-builder-el-73  el_after_av_four_fifth  el_before_av_one_fifth '><span class='hr-inner '><span class=\"hr-inner-style\"><\/span><\/span><\/div>\n\n<style type=\"text\/css\" data-created_by=\"avia_inline_auto\" id=\"style-css-av-295p3-4d781af7b148c0651fb4e81cf49a950d\">\n#top .flex_column.av-295p3-4d781af7b148c0651fb4e81cf49a950d{\nmargin-top:0px;\nmargin-bottom:0px;\n}\n.responsive #top #wrap_all .flex_column.av-295p3-4d781af7b148c0651fb4e81cf49a950d{\nmargin-top:0px;\nmargin-bottom:0px;\n}\n<\/style>\n<div  class='flex_column av-295p3-4d781af7b148c0651fb4e81cf49a950d av_one_fifth  avia-builder-el-74  el_after_av_hr  el_before_av_four_fifth  first flex_column_div  '     ><\/div>\n<style type=\"text\/css\" data-created_by=\"avia_inline_auto\" id=\"style-css-av-eiavb-a484d544e55cd4b11414be2720f3db62\">\n#top .flex_column.av-eiavb-a484d544e55cd4b11414be2720f3db62{\nmargin-top:0px;\nmargin-bottom:0px;\n}\n.responsive #top #wrap_all .flex_column.av-eiavb-a484d544e55cd4b11414be2720f3db62{\nmargin-top:0px;\nmargin-bottom:0px;\n}\n<\/style>\n<div  class='flex_column av-eiavb-a484d544e55cd4b11414be2720f3db62 av_four_fifth  avia-builder-el-75  el_after_av_one_fifth  el_before_av_one_full  flex_column_div av-animated-generic fade-in  '     ><section  class='av_textblock_section av-b20bz-c51c25a92a2de29227eb596cccb27188 '   itemscope=\"itemscope\" itemtype=\"https:\/\/schema.org\/CreativeWork\" ><div class='avia_textblock'  itemprop=\"text\" ><p><strong>Andrea Galle:<\/strong> Wir brauchen einen neuen Blick auf Leben, Gesundheit und Krankheit und m\u00fcssen auf die ganze Kette der Gesundheitsversorgung schauen. Wenn wir eine \u2013 f\u00fcr alle Menschen hochwertige und in die Zukunft orientierte \u2013 Versorgung m\u00f6chten, braucht es ein grundlegendes Neudenken \u2013 und daf\u00fcr sollten wir, das Wortspiel sei gestattet, Grundlegendes neu denken. Die Pr\u00e4vention wird hier in den kommenden Jahren massiv an Bedeutung gewinnen! Keine medizinische Behandlung kann so gut und schonend f\u00fcr Mensch und Umwelt sein wie die Vermeidung einer Erkrankung. Wir m\u00fcssen konsequenter auf Krankheitsvermeidung setzen und dies auch als gesamtgesellschaftliche Aufgabe begreifen. Wir Krankenkassen bringen daf\u00fcr das n\u00f6tige Knowhow mit und k\u00f6nnen einen wesentlichen Beitrag leisten. Nachhaltigkeitsbestrebungen kann es nur im Zusammenspiel mit Strukturreformen geben und umgekehrt. Wir m\u00fcssen uns immer wieder fragen: Tun wir die Dinge richtig oder die richtigen Dinge?<\/p>\n<\/div><\/section><\/div><div class='flex_column_table av-b3xql-b82d220a9b8fab560217cd09de268f3a sc-av_one_full av-equal-height-column-flextable'>\n<style type=\"text\/css\" data-created_by=\"avia_inline_auto\" id=\"style-css-av-b3xql-b82d220a9b8fab560217cd09de268f3a\">\n#top .flex_column_table.av-equal-height-column-flextable.av-b3xql-b82d220a9b8fab560217cd09de268f3a{\nmargin-top:3%;\nmargin-bottom:0px;\n}\n<\/style>\n<div  class='flex_column av-b3xql-b82d220a9b8fab560217cd09de268f3a av_one_full  avia-builder-el-77  el_after_av_four_fifth  el_before_av_hr  first flex_column_table_cell av-equal-height-column av-align-bottom av-animated-generic fade-in  '     ><section  class='av_textblock_section av-lbc5lawq-a929e794b8914191b03cf96a7b4fb787 '   itemscope=\"itemscope\" itemtype=\"https:\/\/schema.org\/CreativeWork\" ><div class='avia_textblock'  itemprop=\"text\" ><h2>Vielen Dank f\u00fcr das Gespr\u00e4ch.<\/h2>\n<\/div><\/section><\/div><\/div><!--close column table wrapper. Autoclose: 1 -->\n<style type=\"text\/css\" data-created_by=\"avia_inline_auto\" id=\"style-css-av-1jnado-9f13a4237caaad00fa43bd835e76ea3e\">\n#top .hr.hr-invisible.av-1jnado-9f13a4237caaad00fa43bd835e76ea3e{\nheight:80px;\n}\n<\/style>\n<div  class='hr av-1jnado-9f13a4237caaad00fa43bd835e76ea3e hr-invisible  avia-builder-el-79  el_after_av_one_full  avia-builder-el-last '><span class='hr-inner '><span class=\"hr-inner-style\"><\/span><\/span><\/div>\n<\/div><\/div><\/div><!-- close content main div --><\/div><\/div><div id='after_section_4'  class='main_color av_default_container_wrap container_wrap sidebar_right'  ><div class='container av-section-cont-open' ><div class='template-page content  av-content-small alpha units'><div class='post-entry post-entry-type-page post-entry-519'><div class='entry-content-wrapper clearfix'>\n","protected":false},"excerpt":{"rendered":"","protected":false},"author":3,"featured_media":710,"parent":0,"menu_order":0,"comment_status":"closed","ping_status":"closed","template":"","meta":{"inline_featured_image":false,"footnotes":""},"class_list":["post-519","page","type-page","status-publish","has-post-thumbnail","hentry"],"aioseo_notices":[],"_links":{"self":[{"href":"https:\/\/www.mwv-landingpages.de\/jetzt-oder-nie-nachhaltigkeit-im-gesundheitswesen\/wp-json\/wp\/v2\/pages\/519","targetHints":{"allow":["GET"]}}],"collection":[{"href":"https:\/\/www.mwv-landingpages.de\/jetzt-oder-nie-nachhaltigkeit-im-gesundheitswesen\/wp-json\/wp\/v2\/pages"}],"about":[{"href":"https:\/\/www.mwv-landingpages.de\/jetzt-oder-nie-nachhaltigkeit-im-gesundheitswesen\/wp-json\/wp\/v2\/types\/page"}],"author":[{"embeddable":true,"href":"https:\/\/www.mwv-landingpages.de\/jetzt-oder-nie-nachhaltigkeit-im-gesundheitswesen\/wp-json\/wp\/v2\/users\/3"}],"replies":[{"embeddable":true,"href":"https:\/\/www.mwv-landingpages.de\/jetzt-oder-nie-nachhaltigkeit-im-gesundheitswesen\/wp-json\/wp\/v2\/comments?post=519"}],"version-history":[{"count":22,"href":"https:\/\/www.mwv-landingpages.de\/jetzt-oder-nie-nachhaltigkeit-im-gesundheitswesen\/wp-json\/wp\/v2\/pages\/519\/revisions"}],"predecessor-version":[{"id":709,"href":"https:\/\/www.mwv-landingpages.de\/jetzt-oder-nie-nachhaltigkeit-im-gesundheitswesen\/wp-json\/wp\/v2\/pages\/519\/revisions\/709"}],"wp:featuredmedia":[{"embeddable":true,"href":"https:\/\/www.mwv-landingpages.de\/jetzt-oder-nie-nachhaltigkeit-im-gesundheitswesen\/wp-json\/wp\/v2\/media\/710"}],"wp:attachment":[{"href":"https:\/\/www.mwv-landingpages.de\/jetzt-oder-nie-nachhaltigkeit-im-gesundheitswesen\/wp-json\/wp\/v2\/media?parent=519"}],"curies":[{"name":"wp","href":"https:\/\/api.w.org\/{rel}","templated":true}]}}