{"id":469,"date":"2022-12-06T11:44:51","date_gmt":"2022-12-06T10:44:51","guid":{"rendered":"https:\/\/www.mwv-landingpages.de\/jetzt-oder-nie-nachhaltigkeit-im-gesundheitswesen\/?page_id=469"},"modified":"2023-01-05T11:40:14","modified_gmt":"2023-01-05T10:40:14","slug":"interview-christine-vogler-klaus-reinhardt","status":"publish","type":"page","link":"https:\/\/www.mwv-landingpages.de\/jetzt-oder-nie-nachhaltigkeit-im-gesundheitswesen\/interview-christine-vogler-klaus-reinhardt\/","title":{"rendered":"Die Ressource Mensch \u2013 Interview mit Christine Vogler und Klaus Reinhardt"},"content":{"rendered":"<div id='layer_slider_1'  class='avia-layerslider main_color avia-shadow  avia-builder-el-0  el_before_av_section  avia-builder-el-first  container_wrap sidebar_right'  style='height: 631px; max-width: 1500px; margin: 0 auto;'  ><div id=\"layerslider_6_10gtpqfk99097\"  class=\"ls-wp-container fitvidsignore ls-selectable\" style=\"width:1500px;height:630px;margin:0 auto;margin-bottom: 0px;\"><div class=\"ls-slide\" data-ls=\"duration:0;transition2d:1;\"><img loading=\"lazy\" decoding=\"async\" width=\"1500\" height=\"630\" src=\"https:\/\/www.mwv-landingpages.de\/jetzt-oder-nie-nachhaltigkeit-im-gesundheitswesen\/wp-content\/uploads\/sites\/12\/2022\/11\/graalmann-titel-03.jpg\" class=\"ls-bg\" alt=\"\" srcset=\"https:\/\/www.mwv-landingpages.de\/jetzt-oder-nie-nachhaltigkeit-im-gesundheitswesen\/wp-content\/uploads\/sites\/12\/2022\/11\/graalmann-titel-03.jpg 1500w, https:\/\/www.mwv-landingpages.de\/jetzt-oder-nie-nachhaltigkeit-im-gesundheitswesen\/wp-content\/uploads\/sites\/12\/2022\/11\/graalmann-titel-03-300x126.jpg 300w, https:\/\/www.mwv-landingpages.de\/jetzt-oder-nie-nachhaltigkeit-im-gesundheitswesen\/wp-content\/uploads\/sites\/12\/2022\/11\/graalmann-titel-03-1024x430.jpg 1024w, https:\/\/www.mwv-landingpages.de\/jetzt-oder-nie-nachhaltigkeit-im-gesundheitswesen\/wp-content\/uploads\/sites\/12\/2022\/11\/graalmann-titel-03-768x323.jpg 768w, https:\/\/www.mwv-landingpages.de\/jetzt-oder-nie-nachhaltigkeit-im-gesundheitswesen\/wp-content\/uploads\/sites\/12\/2022\/11\/graalmann-titel-03-705x296.jpg 705w\" sizes=\"auto, (max-width: 1500px) 100vw, 1500px\" \/><ls-layer style=\"top:245px;left:501px;text-align:right;background-size:inherit;background-position:inherit;font-size:80px;letter-spacing:0px;font-family:plussanswebpro;font-weight:700;color:#0f6836;white-space:normal;\" class=\"ls-l ls-text-layer\" data-ls=\"offsetyin:top;durationin:900;delayin:100;easingin:linear;position:relative;\">Die Ressource Mensch<\/ls-layer><ls-layer style=\"top:366px;left:609px;text-align:right;font-weight:500;background-size:inherit;background-position:inherit;font-size:52px;font-family:plussanswebpro;line-height:63px;color:#87afc0;white-space:normal;\" class=\"ls-l ls-text-layer\" data-ls=\"offsetyin:bottom;durationin:600;delayin:1000;easingin:swing;position:relative;\">Interview mit Christine Vogler<br>und Klaus Reinhardt<\/ls-layer><\/div><\/div><\/div>\n<div id='intro-vogler-reinhardt'  class='avia-section av-10bhu1o-f8143ce9b9aa5bfe9f4dc475ac9189f1 main_color avia-section-default avia-no-border-styling  avia-builder-el-1  el_after_av_layerslider  el_before_av_section  avia-bg-style-scroll container_wrap sidebar_right'  ><div class='container av-section-cont-open' ><div class='template-page content  av-content-small alpha units'><div class='post-entry post-entry-type-page post-entry-469'><div class='entry-content-wrapper clearfix'>\n<div  class='flex_column av-znr04k-8bdd739c4ca81f14ce12d79ece0882d9 av_one_full  avia-builder-el-2  el_before_av_two_third  avia-builder-el-first  first flex_column_div  '     ><section  class='av_textblock_section av-zjhhw4-af947377c7a9faa15c3dbfbb6de13009 '   itemscope=\"itemscope\" itemtype=\"https:\/\/schema.org\/CreativeWork\" ><div class='avia_textblock'  itemprop=\"text\" ><p><span style=\"font-size: 1.4em; color: #0f6836; font-weight: bold;\">Die Menschen in Gesundheitsberufen<\/span> erreichen regelm\u00e4\u00dfig H\u00f6chstwerte unter den Berufsgruppen, denen die Bev\u00f6lkerung das gr\u00f6\u00dfte Vertrauen entgegenbringt. Gleichzeitig haben sie \u00fcber den direkten Kontakt mit Menschen in allen Lebensphasen einen gro\u00dfen Einfluss auf deren gesundheitsbezogenes Verhalten und Vorbildfunktion. Wie die Pflege und die \u00c4rzteschaft selbst auf diese besondere Rolle blicken und welche Ableitungen sie im Hinblick auf Nachhaltigkeit und Klimaschutz treffen, besprach J\u00fcrgen Graalmann mit der Pr\u00e4sidentin des Deutschen Pflegerates, Christine Vogler, und dem Pr\u00e4sidenten der Bundes\u00e4rztekammer Dr. Klaus Reinhardt.<\/p>\n<\/div><\/section><\/div>\n<style type=\"text\/css\" data-created_by=\"avia_inline_auto\" id=\"style-css-av-k5ct8-c3236070a5fdfdc15e6807c0a437e599\">\n#top .flex_column.av-k5ct8-c3236070a5fdfdc15e6807c0a437e599{\nmargin-top:3%;\nmargin-bottom:0px;\n}\n.responsive #top #wrap_all .flex_column.av-k5ct8-c3236070a5fdfdc15e6807c0a437e599{\nmargin-top:3%;\nmargin-bottom:0px;\n}\n<\/style>\n<div  class='flex_column av-k5ct8-c3236070a5fdfdc15e6807c0a437e599 av_two_third  avia-builder-el-4  el_after_av_one_full  el_before_av_one_third  first no_margin flex_column_div av-animated-generic left-to-right  column-top-margin'     ><\/div>\n<style type=\"text\/css\" data-created_by=\"avia_inline_auto\" id=\"style-css-av-lb3nc9nf-ac8d77c138703e2ffcbf3a19da90e2d2\">\n#top .flex_column.av-lb3nc9nf-ac8d77c138703e2ffcbf3a19da90e2d2{\nmargin-top:3%;\nmargin-bottom:0px;\n}\n.responsive #top #wrap_all .flex_column.av-lb3nc9nf-ac8d77c138703e2ffcbf3a19da90e2d2{\nmargin-top:3%;\nmargin-bottom:0px;\n}\n<\/style>\n<div  class='flex_column av-lb3nc9nf-ac8d77c138703e2ffcbf3a19da90e2d2 av_one_third  avia-builder-el-5  el_after_av_two_third  avia-builder-el-last  no_margin flex_column_div  column-top-margin'     ><style type=\"text\/css\" data-created_by=\"avia_inline_auto\" id=\"style-css-av-lb3ncdpx-4e07e73573dd197e493293559ed1cad1\">\n.avia-image-container.av-lb3ncdpx-4e07e73573dd197e493293559ed1cad1 img.avia_image{\nbox-shadow:none;\n}\n.avia-image-container.av-lb3ncdpx-4e07e73573dd197e493293559ed1cad1 .av-image-caption-overlay-center{\ncolor:#ffffff;\n}\n<\/style>\n<div  class='avia-image-container av-lb3ncdpx-4e07e73573dd197e493293559ed1cad1 av-styling- avia_animated_image av-animated-when-visible-95 right-to-left avia-align-right  avia-builder-el-6  avia-builder-el-no-sibling '   itemprop=\"image\" itemscope=\"itemscope\" itemtype=\"https:\/\/schema.org\/ImageObject\" ><div class=\"avia-image-container-inner\"><div class=\"avia-image-overlay-wrap\"><img decoding=\"async\" fetchpriority=\"high\" class='wp-image-33 avia-img-lazy-loading-not-33 avia_image ' src=\"https:\/\/www.mwv-landingpages.de\/jetzt-oder-nie-nachhaltigkeit-im-gesundheitswesen\/wp-content\/uploads\/sites\/12\/2022\/11\/kurve-green-verlauf-transparent_b400.png\" alt='' title='kurve-green-verlauf-transparent_b400'  height=\"177\" width=\"400\"  itemprop=\"thumbnailUrl\" srcset=\"https:\/\/www.mwv-landingpages.de\/jetzt-oder-nie-nachhaltigkeit-im-gesundheitswesen\/wp-content\/uploads\/sites\/12\/2022\/11\/kurve-green-verlauf-transparent_b400.png 400w, https:\/\/www.mwv-landingpages.de\/jetzt-oder-nie-nachhaltigkeit-im-gesundheitswesen\/wp-content\/uploads\/sites\/12\/2022\/11\/kurve-green-verlauf-transparent_b400-300x133.png 300w\" sizes=\"(max-width: 400px) 100vw, 400px\" \/><\/div><\/div><\/div><\/div>\n\n<\/div><\/div><\/div><!-- close content main div --><\/div><\/div>\n<style type=\"text\/css\" data-created_by=\"avia_inline_auto\" id=\"style-css-av-lbb1pvv3-ff405de36936e4b88442bc55d1c100dc\">\n.avia-section.av-lbb1pvv3-ff405de36936e4b88442bc55d1c100dc{\nbackground-color:#daedc4;\nbackground-image:unset;\n}\n.avia-section.av-lbb1pvv3-ff405de36936e4b88442bc55d1c100dc .av-section-color-overlay{\nopacity:0.7;\nbackground-color:#daedc4;\n}\n#top .avia-section.av-lbb1pvv3-ff405de36936e4b88442bc55d1c100dc .scroll-down-link{\ncolor:#ffffff;\n}\n<\/style>\n<div id='autoren-vogler-reinhardt'  class='avia-section av-lbb1pvv3-ff405de36936e4b88442bc55d1c100dc main_color avia-section-default avia-no-border-styling  avia-builder-el-7  el_after_av_section  el_before_av_section  avia-bg-style-fixed av-section-color-overlay-active container_wrap sidebar_right'  ><div class=\"av-section-color-overlay-wrap\"><div class=\"av-section-color-overlay\"><\/div><a href='#next-section' title='' class='scroll-down-link av-custom-scroll-down-color' aria-hidden='true' data-av_icon='\ue877' data-av_iconfont='entypo-fontello'><\/a><div class='container av-section-cont-open' ><div class='template-page content  av-content-small alpha units'><div class='post-entry post-entry-type-page post-entry-469'><div class='entry-content-wrapper clearfix'>\n<div class='flex_column_table av-j3alw-6a47d9ac08be151d31680c3134349235 sc-av_one_third av-equal-height-column-flextable'><div  class='flex_column av-j3alw-6a47d9ac08be151d31680c3134349235 av_one_third  avia-builder-el-8  el_before_av_two_third  avia-builder-el-first  first flex_column_table_cell av-equal-height-column av-align-middle av-animated-generic left-to-right  '     ><style type=\"text\/css\" data-created_by=\"avia_inline_auto\" id=\"style-css-av-lbb1qv54-6ce95be2b311d058ac1c3cc5222257b0\">\n.avia-image-container.av-lbb1qv54-6ce95be2b311d058ac1c3cc5222257b0 img.avia_image{\nbox-shadow:none;\n}\n.avia-image-container.av-lbb1qv54-6ce95be2b311d058ac1c3cc5222257b0 .av-image-caption-overlay-center{\ncolor:#ffffff;\n}\n<\/style>\n<div  class='avia-image-container av-lbb1qv54-6ce95be2b311d058ac1c3cc5222257b0 av-styling-circle avia-align-center  avia-builder-el-9  avia-builder-el-no-sibling  portrait av-has-copyright av-copyright-always'   itemprop=\"image\" itemscope=\"itemscope\" itemtype=\"https:\/\/schema.org\/ImageObject\" ><div class=\"avia-image-container-inner\"><div class=\"avia-image-overlay-wrap\"><img decoding=\"async\" fetchpriority=\"high\" class='wp-image-12 avia-img-lazy-loading-not-12 avia_image ' src=\"https:\/\/www.mwv-landingpages.de\/jetzt-oder-nie-nachhaltigkeit-im-gesundheitswesen\/wp-content\/uploads\/sites\/12\/2022\/11\/christine-vogler-300x300.jpg\" alt='Christine Vogler' title='Christine Vogler'  height=\"300\" width=\"300\"  itemprop=\"thumbnailUrl\" srcset=\"https:\/\/www.mwv-landingpages.de\/jetzt-oder-nie-nachhaltigkeit-im-gesundheitswesen\/wp-content\/uploads\/sites\/12\/2022\/11\/christine-vogler-300x300.jpg 300w, https:\/\/www.mwv-landingpages.de\/jetzt-oder-nie-nachhaltigkeit-im-gesundheitswesen\/wp-content\/uploads\/sites\/12\/2022\/11\/christine-vogler-150x150.jpg 150w, https:\/\/www.mwv-landingpages.de\/jetzt-oder-nie-nachhaltigkeit-im-gesundheitswesen\/wp-content\/uploads\/sites\/12\/2022\/11\/christine-vogler-36x36.jpg 36w, https:\/\/www.mwv-landingpages.de\/jetzt-oder-nie-nachhaltigkeit-im-gesundheitswesen\/wp-content\/uploads\/sites\/12\/2022\/11\/christine-vogler-180x180.jpg 180w, https:\/\/www.mwv-landingpages.de\/jetzt-oder-nie-nachhaltigkeit-im-gesundheitswesen\/wp-content\/uploads\/sites\/12\/2022\/11\/christine-vogler.jpg 500w\" sizes=\"(max-width: 300px) 100vw, 300px\" \/><\/div><small class=\"avia-copyright\">\u00a9 Katja Hentschel<\/small><\/div><\/div><\/div><div class='av-flex-placeholder'><\/div><div  class='flex_column av-1pwpw-a1bcc10847e38988dbf9c11fecf736ac av_two_third  avia-builder-el-10  el_after_av_one_third  el_before_av_hr  flex_column_table_cell av-equal-height-column av-align-middle av-animated-generic left-to-right  '     ><section  class='av_textblock_section av-lbb1sqsx-591ba75f289f7734831e2cf04b7548d4 '   itemscope=\"itemscope\" itemtype=\"https:\/\/schema.org\/CreativeWork\" ><div class='avia_textblock'  itemprop=\"text\" ><h2>Christine Vogler<\/h2>\n<p>Christine Vogler ist Pr\u00e4sidentin des Deutschen Pflegerats und seit 30 Jahren im Gesundheitswesen t\u00e4tig. Gelernt hat sie Krankenschwester, Diplom-Pflegep\u00e4dagogin, Schulmanagement und Qualit\u00e4tsauditorin. Sie ist die Gesch\u00e4ftsf\u00fchrerin der Berliner Bildungscampus f\u00fcr Gesundheitsberufe gGmbH, der gr\u00f6\u00dften Bildungseinrichtung f\u00fcr Gesundheitsberufe in Deutschland und gemeinsamen Ausbildungsst\u00e4tte der Charit\u00e9 und von Vivantes. Als aktives Mitglied arbeitet sie u.a. im Bundesverband der Lehrenden f\u00fcr Gesundheits- und Sozialberufe e.V. (BLGS e.V.) und dem deutschen Berufsverband f\u00fcr Pflegeberufe e.V. (DBfK e.V.) mit. 2018 erhielt sie f\u00fcr ihr Engagement f\u00fcr eine anspruchsvolle und attraktive Pflegeausbildung den Berliner Frauenpreis. Im Januar 2022 wurde sie zur Pflegemanagerin des Jahres ausgezeichnet.<\/p>\n<div style=\"border-bottom: 2px solid #0f6836; padding-bottom: 50px;\"><\/div>\n<\/div><\/section><\/div><\/div><!--close column table wrapper. Autoclose: 1 -->\n<style type=\"text\/css\" data-created_by=\"avia_inline_auto\" id=\"style-css-av-6w2vo-7ba074ab6aaa583d09aa856b597820c6\">\n#top .hr.hr-invisible.av-6w2vo-7ba074ab6aaa583d09aa856b597820c6{\nheight:20px;\n}\n<\/style>\n<div  class='hr av-6w2vo-7ba074ab6aaa583d09aa856b597820c6 hr-invisible  avia-builder-el-12  el_after_av_two_third  el_before_av_one_third '><span class='hr-inner '><span class=\"hr-inner-style\"><\/span><\/span><\/div>\n<div class='flex_column_table av-guu1h-988ee361fb6bdf6752ce64f1f7a28156 sc-av_one_third av-equal-height-column-flextable'><div  class='flex_column av-guu1h-988ee361fb6bdf6752ce64f1f7a28156 av_one_third  avia-builder-el-13  el_after_av_hr  el_before_av_two_third  first flex_column_table_cell av-equal-height-column av-align-middle av-animated-generic left-to-right  '     ><style type=\"text\/css\" data-created_by=\"avia_inline_auto\" id=\"style-css-av-lbc3dz8u-afaf99e182d301e18e00106d1dd3041f\">\n.avia-image-container.av-lbc3dz8u-afaf99e182d301e18e00106d1dd3041f img.avia_image{\nbox-shadow:none;\n}\n.avia-image-container.av-lbc3dz8u-afaf99e182d301e18e00106d1dd3041f .av-image-caption-overlay-center{\ncolor:#ffffff;\n}\n<\/style>\n<div  class='avia-image-container av-lbc3dz8u-afaf99e182d301e18e00106d1dd3041f av-styling-circle avia-align-center  avia-builder-el-14  avia-builder-el-no-sibling  portrait av-has-copyright av-copyright-always'   itemprop=\"image\" itemscope=\"itemscope\" itemtype=\"https:\/\/schema.org\/ImageObject\" ><div class=\"avia-image-container-inner\"><div class=\"avia-image-overlay-wrap\"><img decoding=\"async\" fetchpriority=\"high\" class='wp-image-15 avia-img-lazy-loading-not-15 avia_image ' src=\"https:\/\/www.mwv-landingpages.de\/jetzt-oder-nie-nachhaltigkeit-im-gesundheitswesen\/wp-content\/uploads\/sites\/12\/2022\/11\/klaus-reinhardt-300x300.jpg\" alt='Klaus Reinhardt' title='Klaus Reinhardt'  height=\"300\" width=\"300\"  itemprop=\"thumbnailUrl\" srcset=\"https:\/\/www.mwv-landingpages.de\/jetzt-oder-nie-nachhaltigkeit-im-gesundheitswesen\/wp-content\/uploads\/sites\/12\/2022\/11\/klaus-reinhardt-300x300.jpg 300w, https:\/\/www.mwv-landingpages.de\/jetzt-oder-nie-nachhaltigkeit-im-gesundheitswesen\/wp-content\/uploads\/sites\/12\/2022\/11\/klaus-reinhardt-150x150.jpg 150w, https:\/\/www.mwv-landingpages.de\/jetzt-oder-nie-nachhaltigkeit-im-gesundheitswesen\/wp-content\/uploads\/sites\/12\/2022\/11\/klaus-reinhardt-36x36.jpg 36w, https:\/\/www.mwv-landingpages.de\/jetzt-oder-nie-nachhaltigkeit-im-gesundheitswesen\/wp-content\/uploads\/sites\/12\/2022\/11\/klaus-reinhardt-180x180.jpg 180w, https:\/\/www.mwv-landingpages.de\/jetzt-oder-nie-nachhaltigkeit-im-gesundheitswesen\/wp-content\/uploads\/sites\/12\/2022\/11\/klaus-reinhardt.jpg 500w\" sizes=\"(max-width: 300px) 100vw, 300px\" \/><\/div><small class=\"avia-copyright\">\u00a9 Katja Hentschel<\/small><\/div><\/div><\/div><div class='av-flex-placeholder'><\/div><div  class='flex_column av-acl65-84b8845c2b63acc5f0e809638947e115 av_two_third  avia-builder-el-15  el_after_av_one_third  avia-builder-el-last  flex_column_table_cell av-equal-height-column av-align-middle av-animated-generic left-to-right  '     ><section  class='av_textblock_section av-lbc3dgmo-3e9f3cda85c99f1de61dd963414d6095 '   itemscope=\"itemscope\" itemtype=\"https:\/\/schema.org\/CreativeWork\" ><div class='avia_textblock'  itemprop=\"text\" ><h2>Dr. Klaus Reinhardt<\/h2>\n<p>Klaus Reinhardt ist seit 2019 Pr\u00e4sident der Bundes\u00e4rztekammer und Pr\u00e4sident des Deutschen \u00c4rztetages. Geboren 1960 in Bonn, studierte Reinhardt Medizin an der Universit\u00e4t Padua\/Italien und legte dort 1990 das Staatsexamen ab. Er ist niedergelassener Facharzt f\u00fcr Allgemeinmedizin und trat 1993 in die elterliche haus\u00e4rztliche Praxis in Bielefeld ein. Seit 2005 ist Reinhardt Vizepr\u00e4sident der Landes\u00e4rztekammer Westfalen-Lippe. 2011 \u00fcbernahm er den Vorsitz im Hartmannbund. 2015 wurde Reinhardt in den Vorstand der Bundes\u00e4rztekammer gew\u00e4hlt und ist dort seit 2016 Vorsitzender des Ausschusses Geb\u00fchrenordnung.<\/p>\n<\/div><\/section><\/div><\/div><!--close column table wrapper. Autoclose: 1 -->\n\n<\/div><\/div><\/div><!-- close content main div --><\/div><\/div><\/div><div id='interview-vogler-reinhardt-teil-1'  class='avia-section av-lb3nyteq-abb2dc729912c32534bfb45980e0facf main_color avia-section-default avia-no-border-styling  avia-builder-el-17  el_after_av_section  el_before_av_section  avia-bg-style-scroll container_wrap sidebar_right'  ><div class='container av-section-cont-open' ><div class='template-page content  av-content-small alpha units'><div class='post-entry post-entry-type-page post-entry-469'><div class='entry-content-wrapper clearfix'>\n<div class='flex_column_table av-1xqcuc-8853007bbe1c9bcf57b1338c71052566 sc-av_one_full av-equal-height-column-flextable'>\n<style type=\"text\/css\" data-created_by=\"avia_inline_auto\" id=\"style-css-av-1xqcuc-8853007bbe1c9bcf57b1338c71052566\">\n#top .flex_column_table.av-equal-height-column-flextable.av-1xqcuc-8853007bbe1c9bcf57b1338c71052566{\nmargin-top:6%;\nmargin-bottom:0px;\n}\n<\/style>\n<div  class='flex_column av-1xqcuc-8853007bbe1c9bcf57b1338c71052566 av_one_full  avia-builder-el-18  el_before_av_one_fifth  avia-builder-el-first  first flex_column_table_cell av-equal-height-column av-align-bottom av-animated-generic fade-in  '     ><section  class='av_textblock_section av-lb3o0iui-2f1ce42af43188d8a73602793ec02793 '   itemscope=\"itemscope\" itemtype=\"https:\/\/schema.org\/CreativeWork\" ><div class='avia_textblock'  itemprop=\"text\" ><h2>Nachhaltigkeit und Klimaschutz waren lange \u201eOrchideenthemen\u201c. Welche Rolle spielen die Themen aktuell in Ihren Berufsgruppen?<\/h2>\n<\/div><\/section><\/div><\/div><!--close column table wrapper. Autoclose: 1 --><div class='flex_column_table av-174il8-ade28b5eea98b97123b48cc0673cd00a sc-av_one_fifth av-equal-height-column-flextable'>\n<style type=\"text\/css\" data-created_by=\"avia_inline_auto\" id=\"style-css-av-174il8-ade28b5eea98b97123b48cc0673cd00a\">\n#top .flex_column_table.av-equal-height-column-flextable.av-174il8-ade28b5eea98b97123b48cc0673cd00a{\nmargin-top:0px;\nmargin-bottom:0px;\n}\n<\/style>\n<div  class='flex_column av-174il8-ade28b5eea98b97123b48cc0673cd00a av_one_fifth  avia-builder-el-20  el_after_av_one_full  el_before_av_four_fifth  first flex_column_table_cell av-equal-height-column av-align-top  column-top-margin'     ><\/div><div class='av-flex-placeholder'><\/div>\n<style type=\"text\/css\" data-created_by=\"avia_inline_auto\" id=\"style-css-av-10u3cs-d370c77625c2f7f62d077045a22d9087\">\n#top .flex_column_table.av-equal-height-column-flextable.av-10u3cs-d370c77625c2f7f62d077045a22d9087{\nmargin-top:0px;\nmargin-bottom:0px;\n}\n<\/style>\n<div  class='flex_column av-10u3cs-d370c77625c2f7f62d077045a22d9087 av_four_fifth  avia-builder-el-21  el_after_av_one_fifth  el_before_av_hr  flex_column_table_cell av-equal-height-column av-align-top av-animated-generic fade-in  column-top-margin'     ><section  class='av_textblock_section av-lb3o0yen-489fef096135dfe20899f75d90f8e399 '   itemscope=\"itemscope\" itemtype=\"https:\/\/schema.org\/CreativeWork\" ><div class='avia_textblock'  itemprop=\"text\" ><p><img loading=\"lazy\" decoding=\"async\" class=\"interview alignright wp-image-479\" src=\"https:\/\/www.mwv-landingpages.de\/jetzt-oder-nie-nachhaltigkeit-im-gesundheitswesen\/wp-content\/uploads\/sites\/12\/2022\/12\/interview-vogler-reinhardt-01.jpg\" alt=\"\" width=\"300\" height=\"375\" srcset=\"https:\/\/www.mwv-landingpages.de\/jetzt-oder-nie-nachhaltigkeit-im-gesundheitswesen\/wp-content\/uploads\/sites\/12\/2022\/12\/interview-vogler-reinhardt-01.jpg 800w, https:\/\/www.mwv-landingpages.de\/jetzt-oder-nie-nachhaltigkeit-im-gesundheitswesen\/wp-content\/uploads\/sites\/12\/2022\/12\/interview-vogler-reinhardt-01-240x300.jpg 240w, https:\/\/www.mwv-landingpages.de\/jetzt-oder-nie-nachhaltigkeit-im-gesundheitswesen\/wp-content\/uploads\/sites\/12\/2022\/12\/interview-vogler-reinhardt-01-768x960.jpg 768w, https:\/\/www.mwv-landingpages.de\/jetzt-oder-nie-nachhaltigkeit-im-gesundheitswesen\/wp-content\/uploads\/sites\/12\/2022\/12\/interview-vogler-reinhardt-01-564x705.jpg 564w\" sizes=\"auto, (max-width: 300px) 100vw, 300px\" \/><\/p>\n<p><strong>Christine Vogler:<\/strong> Bereits vor 30 Jahren \u2013 als ich in der Ausbildung war \u2013 diskutierten wir \u00fcber Themen wie M\u00fcllvermeidung. Damals angeregt durch die Einf\u00fchrung von Einmalprodukten, die durch vermeintlich hygienische Vorteile legitimiert wurden. Doch insgesamt waren Nachhaltigkeit und Klimaschutz lange Jahre so gut wie kein Thema in der Pflege. Ressourcen schonen und Energie sparen ist in Kliniken, wo viele Menschen zusammenarbeiten und am Ende bei Verschwendung nicht das eigene Portemonnaie betroffen ist, immer noch schwer umsetzbar. Es fehlt an Anreizen, sich Gedanken \u00fcber ressourcenschonendes Arbeiten zu machen. In der ambulanten Pflege sah das schon immer etwas anders aus. In der H\u00e4uslichkeit kann man nur auf das zur\u00fcckgreifen, was vorhanden ist, und Material muss durch die Pflegebed\u00fcrftigen und Pflegenden organisiert werden und liegt nicht automatisch im Regal. Das Bewusstsein ist hier ein anderes. \u00c4hnlich ist es in den Pflegeheimen. In den letzten Jahren kam mehr Verst\u00e4ndnis und auch Druck vor allem durch die zivilgesellschaftliche Bewegung in die Debatte \u2013 weniger aus der Szene selbst. Im Rahmen des Deutschen Pflegetages platzieren wir als DPR seit mehreren Jahren das Thema im Programm, um der Berufsgruppe eine Plattform zum Austausch dazu zu bieten.<\/p>\n<\/div><\/section><\/div><\/div><!--close column table wrapper. Autoclose: 1 -->\n<style type=\"text\/css\" data-created_by=\"avia_inline_auto\" id=\"style-css-av-kj0j1-2858d1824943f6521087174fc532a32c\">\n#top .hr.hr-invisible.av-kj0j1-2858d1824943f6521087174fc532a32c{\nheight:20px;\n}\n<\/style>\n<div  class='hr av-kj0j1-2858d1824943f6521087174fc532a32c hr-invisible  avia-builder-el-23  el_after_av_four_fifth  el_before_av_one_fifth '><span class='hr-inner '><span class=\"hr-inner-style\"><\/span><\/span><\/div>\n\n<style type=\"text\/css\" data-created_by=\"avia_inline_auto\" id=\"style-css-av-6slx1-acd6bdcf253dbc75258dcfa7c52098b0\">\n#top .flex_column.av-6slx1-acd6bdcf253dbc75258dcfa7c52098b0{\nmargin-top:0px;\nmargin-bottom:0px;\n}\n.responsive #top #wrap_all .flex_column.av-6slx1-acd6bdcf253dbc75258dcfa7c52098b0{\nmargin-top:0px;\nmargin-bottom:0px;\n}\n<\/style>\n<div  class='flex_column av-6slx1-acd6bdcf253dbc75258dcfa7c52098b0 av_one_fifth  avia-builder-el-24  el_after_av_hr  el_before_av_four_fifth  first flex_column_div  '     ><\/div>\n<style type=\"text\/css\" data-created_by=\"avia_inline_auto\" id=\"style-css-av-926n9-49386a16fe333561c8ef2aed6ed0c8ec\">\n#top .flex_column.av-926n9-49386a16fe333561c8ef2aed6ed0c8ec{\nmargin-top:0px;\nmargin-bottom:0px;\n}\n.responsive #top #wrap_all .flex_column.av-926n9-49386a16fe333561c8ef2aed6ed0c8ec{\nmargin-top:0px;\nmargin-bottom:0px;\n}\n<\/style>\n<div  class='flex_column av-926n9-49386a16fe333561c8ef2aed6ed0c8ec av_four_fifth  avia-builder-el-25  el_after_av_one_fifth  el_before_av_one_full  flex_column_div av-animated-generic fade-in  '     ><section  class='av_textblock_section av-lbc3sn9l-d8919f8b2e90cca2681eab4ee0ab00bf '   itemscope=\"itemscope\" itemtype=\"https:\/\/schema.org\/CreativeWork\" ><div class='avia_textblock'  itemprop=\"text\" ><p><strong><img loading=\"lazy\" decoding=\"async\" class=\"interview alignleft wp-image-478\" src=\"https:\/\/www.mwv-landingpages.de\/jetzt-oder-nie-nachhaltigkeit-im-gesundheitswesen\/wp-content\/uploads\/sites\/12\/2022\/12\/interview-vogler-reinhardt-02.jpg\" alt=\"\" width=\"300\" height=\"375\" srcset=\"https:\/\/www.mwv-landingpages.de\/jetzt-oder-nie-nachhaltigkeit-im-gesundheitswesen\/wp-content\/uploads\/sites\/12\/2022\/12\/interview-vogler-reinhardt-02.jpg 800w, https:\/\/www.mwv-landingpages.de\/jetzt-oder-nie-nachhaltigkeit-im-gesundheitswesen\/wp-content\/uploads\/sites\/12\/2022\/12\/interview-vogler-reinhardt-02-240x300.jpg 240w, https:\/\/www.mwv-landingpages.de\/jetzt-oder-nie-nachhaltigkeit-im-gesundheitswesen\/wp-content\/uploads\/sites\/12\/2022\/12\/interview-vogler-reinhardt-02-768x960.jpg 768w, https:\/\/www.mwv-landingpages.de\/jetzt-oder-nie-nachhaltigkeit-im-gesundheitswesen\/wp-content\/uploads\/sites\/12\/2022\/12\/interview-vogler-reinhardt-02-564x705.jpg 564w\" sizes=\"auto, (max-width: 300px) 100vw, 300px\" \/>Klaus Reinhardt:<\/strong> Dem kann ich mich nur anschlie\u00dfen. Auch wir sehen, dass das Bewusstsein f\u00fcr die Themen Klimawandel und Nachhaltigkeit im Gesundheitswesen von sehr engagierten zivilgesellschaftlichen Gruppen, wie der Deutschen Allianz Klimawandel und Gesundheit (KLUG), gepr\u00e4gt ist. Innerhalb der \u00c4rzteschaft ist das Bewusstsein f\u00fcr die gesundheitlichen Folgen des Klimawandels, aber auch f\u00fcr unsere Verantwortung f\u00fcr den Erhalt der nat\u00fcrlichen Lebensgrundlagen in den letzten Jahren massiv gewachsen. Seit 2019 unterst\u00fctzt die Bundes\u00e4rztekammer ein internationales Klimaschutzprojekt der renommierten medizinischen Fachzeitschrift \u201eThe Lancet\u201c. Konkret bringen wir uns in den sogenannten Policy Briefs f\u00fcr Deutschland im Rahmen des Projektes \u201eLancet Countdown\u201c ein. Im Jahr 2019 wurde auch die erste Professur f\u00fcr Klimawandel und Gesundheit in Deutschland an der Charit\u00e9 eingerichtet und mit der Medizinerin und Epidemiologin Sabine Gabrysch besetzt. Im Jahr 2021 hat sich der 125. Deutsche \u00c4rztetag unter der \u00dcberschrift \u201eKlimaschutz ist Gesundheitsschutz\u201c sehr ausf\u00fchrlich mit der Thematik auseinandergesetzt und zahlreiche Beschl\u00fcsse gefasst. Immer mehr wissenschaftlich-medizinische Fachgesellschaften befassen sich mit dem Thema. Die Deutsche Gesellschaft f\u00fcr Innere Medizin hat eine Arbeitsgruppe gegr\u00fcndet, um wissenschaftlich belegte Fakten zum Einfluss des Klimas im Bereich der Inneren Medizin zusammenzutragen, die Rolle des Gesundheitswesens als Mitverursacher des Klimawandels zu beleuchten und konsentierte Empfehlungen zur Pr\u00e4vention und Gesundheitsf\u00fcrsorge sowie zur CO2-Reduktion in Klinik und Praxis auszuarbeiten. Niedergelassene \u00c4rztinnen und \u00c4rzte bieten Klimasprechstunden an, in denen Patient:innen beraten werden, wie sie durch Lebensstilver\u00e4nderungen sich selbst und das Klima sch\u00fctzen k\u00f6nnen.<br \/>\n<br class=\"avia-permanent-lb\" \/>Erfreulicherweise sind dies keine Einzelbeispiele. Ich kann wirklich sagen, dass sich etwas tut und die \u00c4rzteschaft das Thema mittlerweile sehr ernst nimmt.<\/p>\n<\/div><\/section><\/div><div class='flex_column_table av-iy8ic-e8f8664f5866ebc25a8f11d35c984068 sc-av_one_full av-equal-height-column-flextable'>\n<style type=\"text\/css\" data-created_by=\"avia_inline_auto\" id=\"style-css-av-iy8ic-e8f8664f5866ebc25a8f11d35c984068\">\n#top .flex_column_table.av-equal-height-column-flextable.av-iy8ic-e8f8664f5866ebc25a8f11d35c984068{\nmargin-top:3%;\nmargin-bottom:0px;\n}\n<\/style>\n<div  class='flex_column av-iy8ic-e8f8664f5866ebc25a8f11d35c984068 av_one_full  avia-builder-el-27  el_after_av_four_fifth  el_before_av_one_fifth  first flex_column_table_cell av-equal-height-column av-align-bottom av-animated-generic fade-in  '     ><section  class='av_textblock_section av-lbb28qih-aae3335837726294531cc22e774331c3 '   itemscope=\"itemscope\" itemtype=\"https:\/\/schema.org\/CreativeWork\" ><div class='avia_textblock'  itemprop=\"text\" ><h2>Wir wissen mittlerweile, welche Auswirkungen der Klimawandel auf die Gesundheit der Menschen hat. Haben Sie auch Erkenntnisse, wie sich zum Beispiel Hitzesommer auf den Arbeitsalltag in der Versorgung auswirken?<\/h2>\n<\/div><\/section><\/div><\/div><!--close column table wrapper. Autoclose: 1 -->\n<style type=\"text\/css\" data-created_by=\"avia_inline_auto\" id=\"style-css-av-gspm4-298ea0cf8a2048ab8e96c945921b1c7c\">\n#top .flex_column.av-gspm4-298ea0cf8a2048ab8e96c945921b1c7c{\nmargin-top:0px;\nmargin-bottom:0px;\n}\n.responsive #top #wrap_all .flex_column.av-gspm4-298ea0cf8a2048ab8e96c945921b1c7c{\nmargin-top:0px;\nmargin-bottom:0px;\n}\n<\/style>\n<div  class='flex_column av-gspm4-298ea0cf8a2048ab8e96c945921b1c7c av_one_fifth  avia-builder-el-29  el_after_av_one_full  el_before_av_four_fifth  first flex_column_div  column-top-margin'     ><\/div>\n<style type=\"text\/css\" data-created_by=\"avia_inline_auto\" id=\"style-css-av-84ek4-3275a204eade7c7bc17ffae40adbd037\">\n#top .flex_column.av-84ek4-3275a204eade7c7bc17ffae40adbd037{\nmargin-top:0px;\nmargin-bottom:0px;\n}\n.responsive #top #wrap_all .flex_column.av-84ek4-3275a204eade7c7bc17ffae40adbd037{\nmargin-top:0px;\nmargin-bottom:0px;\n}\n<\/style>\n<div  class='flex_column av-84ek4-3275a204eade7c7bc17ffae40adbd037 av_four_fifth  avia-builder-el-30  el_after_av_one_fifth  el_before_av_hr  flex_column_div av-animated-generic fade-in  column-top-margin'     ><section  class='av_textblock_section av-lbb291xs-5c869387ec4b7e77d79ea7583d616033 '   itemscope=\"itemscope\" itemtype=\"https:\/\/schema.org\/CreativeWork\" ><div class='avia_textblock'  itemprop=\"text\" ><p><strong>Christine Vogler: <\/strong>Auch die Pflegenden bekommen langsam eine Ahnung davon, was auf uns zukommt. Sommerlichen Hitze zum Beispiel hat Einfluss auf alle Menschen und deren Gesundheit, auch unmittelbar auf die Pflegenden. Wir wissen aus den Kliniken, dass die Sterbequote um 10% und die Einweisungsquote um 5% stieg. In der ambulanten bzw. station\u00e4ren Langzeitversorgung gibt es noch keine verl\u00e4sslichen Zahlen, aber es werden Parallelen vorhanden sein. Pflegefachpersonen brauchen in Hitzeperioden l\u00e4ngere Erholungspausen und entsprechende Getr\u00e4nke, um den Fl\u00fcssigkeitsausgleich zu sichern. Klimaanlagen sind eine Seltenheit in allen pflegerischen Bereichen und gleichzeitig dem Klimaschutz auch nicht zutr\u00e4glich. Und wenn dann noch Schutzkleidung und Maske angezogen werden m\u00fcssen, ist ein gesundes Arbeiten kaum mehr m\u00f6glich. Kurz gesagt: Mehr und versorgungsaufw\u00e4ndigere Patient:innen und Pflegebed\u00fcrftige, h\u00f6here k\u00f6rperliche und seelische Belastung bei den Pflegenden.<\/p>\n<\/div><\/section><\/div>\n<style type=\"text\/css\" data-created_by=\"avia_inline_auto\" id=\"style-css-av-lbb2fye1-d062d9e09c3cbef0737bd377b23facf1\">\n#top .hr.hr-invisible.av-lbb2fye1-d062d9e09c3cbef0737bd377b23facf1{\nheight:20px;\n}\n<\/style>\n<div  class='hr av-lbb2fye1-d062d9e09c3cbef0737bd377b23facf1 hr-invisible  avia-builder-el-32  el_after_av_four_fifth  el_before_av_two_third '><span class='hr-inner '><span class=\"hr-inner-style\"><\/span><\/span><\/div>\n<div  class='flex_column av-lbc4sot8-0a6818c3d41572cf1f5008b1375a53d8 av_two_third  avia-builder-el-33  el_after_av_hr  el_before_av_one_third  first flex_column_div av-animated-generic left-to-right  '     ><section  class='av_textblock_section av-lbc4t5fg-6318fc2595d400d4013cbf32fafcbe06 '   itemscope=\"itemscope\" itemtype=\"https:\/\/schema.org\/CreativeWork\" ><div class='avia_textblock beitrag'  itemprop=\"text\" ><blockquote>\n<p>Wenn in Hitzeperioden Schutzkleidung und Maske getragen werden, ist ein gesundes Arbeiten kaum mehr m\u00f6glich.<\/p>\n<\/blockquote>\n<\/div><\/section><\/div><div  class='flex_column av-y2h51-29b6e349c45127643c906f60fdf6de07 av_one_third  avia-builder-el-35  el_after_av_two_third  el_before_av_hr  flex_column_div  '     ><\/div>\n<style type=\"text\/css\" data-created_by=\"avia_inline_auto\" id=\"style-css-av-ol8f1-347ad61a35f1a2a2125aa3f299712a74\">\n#top .hr.hr-invisible.av-ol8f1-347ad61a35f1a2a2125aa3f299712a74{\nmargin-top:0px;\nheight:1px;\n}\n<\/style>\n<div  class='hr av-ol8f1-347ad61a35f1a2a2125aa3f299712a74 hr-invisible  avia-builder-el-36  el_after_av_one_third  el_before_av_one_fifth '><span class='hr-inner '><span class=\"hr-inner-style\"><\/span><\/span><\/div>\n\n<style type=\"text\/css\" data-created_by=\"avia_inline_auto\" id=\"style-css-av-1fegs-fb689f1090fdd0cb464824756f67b0a9\">\n#top .flex_column.av-1fegs-fb689f1090fdd0cb464824756f67b0a9{\nmargin-top:0px;\nmargin-bottom:0px;\n}\n.responsive #top #wrap_all .flex_column.av-1fegs-fb689f1090fdd0cb464824756f67b0a9{\nmargin-top:0px;\nmargin-bottom:0px;\n}\n<\/style>\n<div  class='flex_column av-1fegs-fb689f1090fdd0cb464824756f67b0a9 av_one_fifth  avia-builder-el-37  el_after_av_hr  el_before_av_four_fifth  first flex_column_div  '     ><\/div>\n<style type=\"text\/css\" data-created_by=\"avia_inline_auto\" id=\"style-css-av-lb3o207d-c2f38260631dc47076a959433ca6e792\">\n#top .flex_column.av-lb3o207d-c2f38260631dc47076a959433ca6e792{\nmargin-top:0px;\nmargin-bottom:0px;\n}\n.responsive #top #wrap_all .flex_column.av-lb3o207d-c2f38260631dc47076a959433ca6e792{\nmargin-top:0px;\nmargin-bottom:0px;\n}\n<\/style>\n<div  class='flex_column av-lb3o207d-c2f38260631dc47076a959433ca6e792 av_four_fifth  avia-builder-el-38  el_after_av_one_fifth  el_before_av_one_full  flex_column_div av-animated-generic fade-in  '     ><section  class='av_textblock_section av-7ew6k-716e66e129fbbcd1cf988bd0af6d700e '   itemscope=\"itemscope\" itemtype=\"https:\/\/schema.org\/CreativeWork\" ><div class='avia_textblock'  itemprop=\"text\" ><p><img loading=\"lazy\" decoding=\"async\" class=\"interview alignright wp-image-477\" src=\"https:\/\/www.mwv-landingpages.de\/jetzt-oder-nie-nachhaltigkeit-im-gesundheitswesen\/wp-content\/uploads\/sites\/12\/2022\/12\/interview-vogler-reinhardt-03.jpg\" alt=\"\" width=\"300\" height=\"375\" srcset=\"https:\/\/www.mwv-landingpages.de\/jetzt-oder-nie-nachhaltigkeit-im-gesundheitswesen\/wp-content\/uploads\/sites\/12\/2022\/12\/interview-vogler-reinhardt-03.jpg 800w, https:\/\/www.mwv-landingpages.de\/jetzt-oder-nie-nachhaltigkeit-im-gesundheitswesen\/wp-content\/uploads\/sites\/12\/2022\/12\/interview-vogler-reinhardt-03-240x300.jpg 240w, https:\/\/www.mwv-landingpages.de\/jetzt-oder-nie-nachhaltigkeit-im-gesundheitswesen\/wp-content\/uploads\/sites\/12\/2022\/12\/interview-vogler-reinhardt-03-768x960.jpg 768w, https:\/\/www.mwv-landingpages.de\/jetzt-oder-nie-nachhaltigkeit-im-gesundheitswesen\/wp-content\/uploads\/sites\/12\/2022\/12\/interview-vogler-reinhardt-03-564x705.jpg 564w\" sizes=\"auto, (max-width: 300px) 100vw, 300px\" \/><strong>Klaus Reinhardt:<\/strong> Alle Menschen leiden unter Hitze \u2013 Helfende wie Hilfe-Suchende. Mit steigenden Temperaturen kommt es zu Kreislaufbelastung, die kognitiven und psychischen Funktionen werden beeintr\u00e4chtigt. Es gibt kein Organsystem, das nicht unter Hitze leidet. Hitzetage von \u00fcber 30 Grad Celsius f\u00fchren vor allem bei \u00e4lteren und gesundheitlich vorbelasteten Besch\u00e4ftigten zu deutlichen gesundheitlichen Problemen. Daher fordern auch wir, dass beim Thema Hitzeschutz sowohl an die Patient:innen gedacht wird als auch an die im Gesundheitswesen Besch\u00e4ftigten. Der 125. Deutsche \u00c4rztetag 2021 hat die Bedeutung von Hitzeaktionspl\u00e4nen auch f\u00fcr den gesundheitlichen Schutz am Arbeitsplatz hervorgehoben. Krankenh\u00e4user, Praxen und Pflegeeinrichtungen m\u00fcssen z.B. mit geeigneten Sonnenschutzsystemen ausger\u00fcstet werden. Hier ist die F\u00fcrsorgepflicht des Arbeitgebers gefordert. Leider kenne ich nach wie vor Gesundheitseinrichtungen, in denen sehr hohe Temperaturen bei Hitzewellen erreicht werden. Dies ist f\u00fcr alle unzumutbar.<\/p>\n<\/div><\/section><\/div><div class='flex_column_table av-2hlms-9f76ba4a1171dc3396016cb15fff0de7 sc-av_one_full av-equal-height-column-flextable'>\n<style type=\"text\/css\" data-created_by=\"avia_inline_auto\" id=\"style-css-av-2hlms-9f76ba4a1171dc3396016cb15fff0de7\">\n#top .flex_column_table.av-equal-height-column-flextable.av-2hlms-9f76ba4a1171dc3396016cb15fff0de7{\nmargin-top:3%;\nmargin-bottom:0px;\n}\n<\/style>\n<div  class='flex_column av-2hlms-9f76ba4a1171dc3396016cb15fff0de7 av_one_full  avia-builder-el-40  el_after_av_four_fifth  el_before_av_one_fifth  first flex_column_table_cell av-equal-height-column av-align-bottom av-animated-generic fade-in  '     ><section  class='av_textblock_section av-lbb2dq75-85f423540bb0ae7d43e33b4aa69ca873 '   itemscope=\"itemscope\" itemtype=\"https:\/\/schema.org\/CreativeWork\" ><div class='avia_textblock'  itemprop=\"text\" ><h2>F\u00fchlen Sie Ihre Berufsgruppen gut auf die neuen klimabedingten Herausforderungen und Anforderungen vorbereitet? Falls nicht, woran mangelt es?<\/h2>\n<\/div><\/section><\/div><\/div><!--close column table wrapper. Autoclose: 1 -->\n<style type=\"text\/css\" data-created_by=\"avia_inline_auto\" id=\"style-css-av-m23ik-4501742663fb49d7e06af97a11474cd6\">\n#top .flex_column.av-m23ik-4501742663fb49d7e06af97a11474cd6{\nmargin-top:0px;\nmargin-bottom:0px;\n}\n.responsive #top #wrap_all .flex_column.av-m23ik-4501742663fb49d7e06af97a11474cd6{\nmargin-top:0px;\nmargin-bottom:0px;\n}\n<\/style>\n<div  class='flex_column av-m23ik-4501742663fb49d7e06af97a11474cd6 av_one_fifth  avia-builder-el-42  el_after_av_one_full  el_before_av_four_fifth  first flex_column_div  column-top-margin'     ><\/div>\n<style type=\"text\/css\" data-created_by=\"avia_inline_auto\" id=\"style-css-av-1ekjg-bcebd3233d8c1af21580d3d3e5b36a62\">\n#top .flex_column.av-1ekjg-bcebd3233d8c1af21580d3d3e5b36a62{\nmargin-top:0px;\nmargin-bottom:0px;\n}\n.responsive #top #wrap_all .flex_column.av-1ekjg-bcebd3233d8c1af21580d3d3e5b36a62{\nmargin-top:0px;\nmargin-bottom:0px;\n}\n<\/style>\n<div  class='flex_column av-1ekjg-bcebd3233d8c1af21580d3d3e5b36a62 av_four_fifth  avia-builder-el-43  el_after_av_one_fifth  el_before_av_hr  flex_column_div av-animated-generic fade-in  column-top-margin'     ><section  class='av_textblock_section av-lbb2e48q-aee31082172a3a19034497bbaf845508 '   itemscope=\"itemscope\" itemtype=\"https:\/\/schema.org\/CreativeWork\" ><div class='avia_textblock'  itemprop=\"text\" ><p><strong>Klaus Reinhardt:<\/strong> Der Klimawandel nimmt auf vielen Wegen Einfluss auf die menschliche Gesundheit. Hitzewellen k\u00f6nnen Herz-Kreislauf-Erkrankungen verschlechtern, die Wirkung von Medikamenten ver\u00e4ndern, und f\u00fchren zu \u00dcbersterblichkeit. Ver\u00e4nderte Wetterbedingungen erm\u00f6glichen es Krankheitserregern, sich in neuen Regionen auszubreiten. Die Pollenflugsaison allergener Pflanzen wird durch w\u00e4rmeres Wetter verl\u00e4ngert. Die gesundheitlichen Folgen des Klimawandels m\u00fcssen noch st\u00e4rker als bisher erforscht werden, um die Gesundheitsversorgung an den ge\u00e4nderten Bedarf anzupassen.<\/p>\n<\/div><\/section><\/div>\n<style type=\"text\/css\" data-created_by=\"avia_inline_auto\" id=\"style-css-av-j1vpx-e23b5c8be3eeb88c22d026e4fce5a3ab\">\n#top .hr.hr-invisible.av-j1vpx-e23b5c8be3eeb88c22d026e4fce5a3ab{\nheight:20px;\n}\n<\/style>\n<div  class='hr av-j1vpx-e23b5c8be3eeb88c22d026e4fce5a3ab hr-invisible  avia-builder-el-45  el_after_av_four_fifth  el_before_av_two_third '><span class='hr-inner '><span class=\"hr-inner-style\"><\/span><\/span><\/div>\n<div  class='flex_column av-lbb2fcee-a91006588d840b51f1b6672ec2b5441e av_two_third  avia-builder-el-46  el_after_av_hr  el_before_av_one_third  first flex_column_div av-animated-generic left-to-right  '     ><section  class='av_textblock_section av-lbb2f5zw-a04b77e536a3734e634a1c169a50bfbd '   itemscope=\"itemscope\" itemtype=\"https:\/\/schema.org\/CreativeWork\" ><div class='avia_textblock beitrag'  itemprop=\"text\" ><blockquote>\n<p>Die gesundheitlichen Folgen des Klimawandels sowie erforderliche Anpassungsma\u00dfnahmen m\u00fcssen noch weitergehender in die Aus-, Weiter- und Fortbildung der \u00c4rzteschaft sowie der Angeh\u00f6rigen anderer Gesundheitsfachberufe integriert werden.<\/p>\n<\/blockquote>\n<\/div><\/section><\/div><div  class='flex_column av-8rzbo-462ff2752c8ea094d8f270d55fbe7e14 av_one_third  avia-builder-el-48  el_after_av_two_third  el_before_av_hr  flex_column_div  '     ><\/div>\n<style type=\"text\/css\" data-created_by=\"avia_inline_auto\" id=\"style-css-av-fwdat-86a05cf2086802d41c531521cca7324b\">\n#top .hr.hr-invisible.av-fwdat-86a05cf2086802d41c531521cca7324b{\nmargin-top:0px;\nheight:1px;\n}\n<\/style>\n<div  class='hr av-fwdat-86a05cf2086802d41c531521cca7324b hr-invisible  avia-builder-el-49  el_after_av_one_third  el_before_av_one_fifth '><span class='hr-inner '><span class=\"hr-inner-style\"><\/span><\/span><\/div>\n\n<style type=\"text\/css\" data-created_by=\"avia_inline_auto\" id=\"style-css-av-8cvdp-665e49303d45283d57bce9508a7ae081\">\n#top .flex_column.av-8cvdp-665e49303d45283d57bce9508a7ae081{\nmargin-top:0px;\nmargin-bottom:0px;\n}\n.responsive #top #wrap_all .flex_column.av-8cvdp-665e49303d45283d57bce9508a7ae081{\nmargin-top:0px;\nmargin-bottom:0px;\n}\n<\/style>\n<div  class='flex_column av-8cvdp-665e49303d45283d57bce9508a7ae081 av_one_fifth  avia-builder-el-50  el_after_av_hr  el_before_av_four_fifth  first flex_column_div  '     ><\/div>\n<style type=\"text\/css\" data-created_by=\"avia_inline_auto\" id=\"style-css-av-93xx1-fbf28e9098ef28a16dde4ca5e9aa5a2e\">\n#top .flex_column.av-93xx1-fbf28e9098ef28a16dde4ca5e9aa5a2e{\nmargin-top:0px;\nmargin-bottom:0px;\n}\n.responsive #top #wrap_all .flex_column.av-93xx1-fbf28e9098ef28a16dde4ca5e9aa5a2e{\nmargin-top:0px;\nmargin-bottom:0px;\n}\n<\/style>\n<div  class='flex_column av-93xx1-fbf28e9098ef28a16dde4ca5e9aa5a2e av_four_fifth  avia-builder-el-51  el_after_av_one_fifth  el_before_av_one_fifth  flex_column_div av-animated-generic fade-in  '     ><section  class='av_textblock_section av-lbc4xwuv-af32dd88b9147f91b9f9328ab2265f3d '   itemscope=\"itemscope\" itemtype=\"https:\/\/schema.org\/CreativeWork\" ><div class='avia_textblock'  itemprop=\"text\" ><p>Und das Bewusstsein bei meinen Kolleg:innen muss gesch\u00e4rft werden. Gerade bei vulnerablen Patientengruppen sollten Untersuchungen und Operationen, aber auch Arzttermine an Hitzetagen verschoben bzw. zumindest nicht in der Mittagszeit stattfinden. Die Einnahme der Medikamente muss ggf. angepasst werden. Die Patient:innen sind hier\u00fcber, aber m\u00f6glicherweise auch \u00fcber die geeignete Lagerung zu informieren. Die Aufkl\u00e4rung der Patient:innen \u00fcber klimagerechtes Gesundheitsverhalten ist eine wichtige und zentrale medizinische Aufgabe. Zudem muss sichergestellt werden, dass vulnerable Patient:innen w\u00e4hrend l\u00e4ngerer Hitzewellen angemessen untergebracht und versorgt sind.<\/p>\n<\/div><\/section><\/div>\n<style type=\"text\/css\" data-created_by=\"avia_inline_auto\" id=\"style-css-av-eay65-4fde2e30148f4329fa00f97fa4e33921\">\n#top .flex_column.av-eay65-4fde2e30148f4329fa00f97fa4e33921{\nmargin-top:0px;\nmargin-bottom:0px;\n}\n.responsive #top #wrap_all .flex_column.av-eay65-4fde2e30148f4329fa00f97fa4e33921{\nmargin-top:0px;\nmargin-bottom:0px;\n}\n<\/style>\n<div  class='flex_column av-eay65-4fde2e30148f4329fa00f97fa4e33921 av_one_fifth  avia-builder-el-53  el_after_av_four_fifth  el_before_av_four_fifth  first flex_column_div  '     ><\/div>\n<style type=\"text\/css\" data-created_by=\"avia_inline_auto\" id=\"style-css-av-6liil-56b2b7173e0c845cb87c9a7e35c31663\">\n#top .flex_column.av-6liil-56b2b7173e0c845cb87c9a7e35c31663{\nmargin-top:0px;\nmargin-bottom:0px;\n}\n.responsive #top #wrap_all .flex_column.av-6liil-56b2b7173e0c845cb87c9a7e35c31663{\nmargin-top:0px;\nmargin-bottom:0px;\n}\n<\/style>\n<div  class='flex_column av-6liil-56b2b7173e0c845cb87c9a7e35c31663 av_four_fifth  avia-builder-el-54  el_after_av_one_fifth  avia-builder-el-last  flex_column_div av-animated-generic fade-in  '     ><section  class='av_textblock_section av-lbc53iew-23d2ad38b730a9954f72078386bc4525 '   itemscope=\"itemscope\" itemtype=\"https:\/\/schema.org\/CreativeWork\" ><div class='avia_textblock'  itemprop=\"text\" ><p><strong><img loading=\"lazy\" decoding=\"async\" class=\"interview alignleft wp-image-476\" src=\"https:\/\/www.mwv-landingpages.de\/jetzt-oder-nie-nachhaltigkeit-im-gesundheitswesen\/wp-content\/uploads\/sites\/12\/2022\/12\/interview-vogler-reinhardt-04.jpg\" alt=\"\" width=\"300\" height=\"375\" srcset=\"https:\/\/www.mwv-landingpages.de\/jetzt-oder-nie-nachhaltigkeit-im-gesundheitswesen\/wp-content\/uploads\/sites\/12\/2022\/12\/interview-vogler-reinhardt-04.jpg 800w, https:\/\/www.mwv-landingpages.de\/jetzt-oder-nie-nachhaltigkeit-im-gesundheitswesen\/wp-content\/uploads\/sites\/12\/2022\/12\/interview-vogler-reinhardt-04-240x300.jpg 240w, https:\/\/www.mwv-landingpages.de\/jetzt-oder-nie-nachhaltigkeit-im-gesundheitswesen\/wp-content\/uploads\/sites\/12\/2022\/12\/interview-vogler-reinhardt-04-768x960.jpg 768w, https:\/\/www.mwv-landingpages.de\/jetzt-oder-nie-nachhaltigkeit-im-gesundheitswesen\/wp-content\/uploads\/sites\/12\/2022\/12\/interview-vogler-reinhardt-04-564x705.jpg 564w\" sizes=\"auto, (max-width: 300px) 100vw, 300px\" \/>Christine Vogler: <\/strong>Die pflegerische Berufsgruppe ist immer auch ein Spiegel der Gesellschaft. Das Verst\u00e4ndnis, das Wissen und die Ma\u00dfnahmen zum Thema Klimaschutz sind in den letzten Jahren massiv ins Bewusstsein geraten. Wir k\u00f6nnen es jeden Tag erleben, wenn \u2013 die von Herrn Reinhardt erw\u00e4hnten Wetterereignisse \u2013 Hochwasserkatastrohen, Hitzeperioden und Klimakapriolen bestenfalls nur durch die Nachrichten in unser Leben treten. Die Umsetzung im Berufsalltag ist hier eher schwierig. In Gesundheitseinrichtungen, wo sich das Management aktiv f\u00fcr Klima- und Umweltschutz einsetzt, k\u00f6nnen auch Mitarbeitende sich einbringen und Ideen entwickeln und Ma\u00dfnahmen umsetzen. Wo aber keine Priorit\u00e4t und vor allem in der Regel auch keine finanziellen und personellen Ressourcen zur Verf\u00fcgung gestellt werden, bleibt es dem oder der Einzelnen \u00fcberlassen in seinem Umkreis daf\u00fcr zu sorgen. Aber institutionell zu wirken, wird hier kaum m\u00f6glich sein. Wir werden vieles ver\u00e4ndern m\u00fcssen, um die Klimaziele zu erreichen. Und m\u00fcssen uns an manchen Stellen verabschieden von bequemen und liebgewonnen Vorg\u00e4ngen. Am Ende wir es nicht nur Geld sein, \u00fcber das wir reden m\u00fcssen, sondern auch \u00fcber Arbeitsabl\u00e4ufe, Zeit und Verst\u00e4ndnis.<\/p>\n<\/div><\/section><\/div>\n\n<\/div><\/div><\/div><!-- close content main div --><\/div><\/div>\n<style type=\"text\/css\" data-created_by=\"avia_inline_auto\" id=\"style-css-av-lbb2h5f1-7b6f281c8a28d367d23ae8072a62172c\">\n.avia-section.av-lbb2h5f1-7b6f281c8a28d367d23ae8072a62172c{\nmargin-top:0px;\nmargin-bottom:0px;\n}\n<\/style>\n<div id='interview-vogler-reinhardt-teil-2'  class='avia-section av-lbb2h5f1-7b6f281c8a28d367d23ae8072a62172c main_color avia-section-default avia-no-border-styling  avia-builder-el-56  el_after_av_section  avia-builder-el-last  avia-bg-style-scroll container_wrap sidebar_right'  ><div class='container av-section-cont-open' ><div class='template-page content  av-content-small alpha units'><div class='post-entry post-entry-type-page post-entry-469'><div class='entry-content-wrapper clearfix'>\n<div class='flex_column_table av-lbb2hgrs-0f450087dd28e36b60175cdd3503af63 sc-av_one_full av-equal-height-column-flextable'>\n<style type=\"text\/css\" data-created_by=\"avia_inline_auto\" id=\"style-css-av-lbb2hgrs-0f450087dd28e36b60175cdd3503af63\">\n#top .flex_column_table.av-equal-height-column-flextable.av-lbb2hgrs-0f450087dd28e36b60175cdd3503af63{\nmargin-top:3%;\nmargin-bottom:20px;\n}\n<\/style>\n<div  class='flex_column av-lbb2hgrs-0f450087dd28e36b60175cdd3503af63 av_one_full  avia-builder-el-57  el_before_av_one_fifth  avia-builder-el-first  first flex_column_table_cell av-equal-height-column av-align-bottom av-animated-generic fade-in  '     ><section  class='av_textblock_section av-lbb2hzwj-45a3f5da97541e7b8d6591569877d085 '   itemscope=\"itemscope\" itemtype=\"https:\/\/schema.org\/CreativeWork\" ><div class='avia_textblock'  itemprop=\"text\" ><h2>Sie vertreten zwei gro\u00dfe Berufsgruppen in Deutschland, die in den Rankings der vertrauensw\u00fcrdigsten Berufe immer an oberster Stelle stehen. Tragen die Gesundheitsberufe dann nicht auch eine besondere Verantwortung in der Debatte um die Notwendigkeit von nachhaltigem und klimafreundlichem Handeln?<\/h2>\n<\/div><\/section><\/div><\/div><!--close column table wrapper. Autoclose: 1 -->\n<style type=\"text\/css\" data-created_by=\"avia_inline_auto\" id=\"style-css-av-2j7c64-9566c2cffc9738f6db23d642150cf73a\">\n#top .flex_column.av-2j7c64-9566c2cffc9738f6db23d642150cf73a{\nmargin-top:0px;\nmargin-bottom:0px;\n}\n.responsive #top #wrap_all .flex_column.av-2j7c64-9566c2cffc9738f6db23d642150cf73a{\nmargin-top:0px;\nmargin-bottom:0px;\n}\n<\/style>\n<div  class='flex_column av-2j7c64-9566c2cffc9738f6db23d642150cf73a av_one_fifth  avia-builder-el-59  el_after_av_one_full  el_before_av_four_fifth  first flex_column_div  column-top-margin'     ><\/div>\n<style type=\"text\/css\" data-created_by=\"avia_inline_auto\" id=\"style-css-av-2deg3w-280c4f0d58059eabd7347d366113aa9a\">\n#top .flex_column.av-2deg3w-280c4f0d58059eabd7347d366113aa9a{\nmargin-top:0px;\nmargin-bottom:0px;\n}\n.responsive #top #wrap_all .flex_column.av-2deg3w-280c4f0d58059eabd7347d366113aa9a{\nmargin-top:0px;\nmargin-bottom:0px;\n}\n<\/style>\n<div  class='flex_column av-2deg3w-280c4f0d58059eabd7347d366113aa9a av_four_fifth  avia-builder-el-60  el_after_av_one_fifth  el_before_av_hr  flex_column_div av-animated-generic fade-in  column-top-margin'     ><p>\n<style type=\"text\/css\" data-created_by=\"avia_inline_auto\" id=\"style-css-av-lbc55te6-042fc4ab9096510dfb4c3076b74ef1f0\">\n.avia-image-container.av-lbc55te6-042fc4ab9096510dfb4c3076b74ef1f0 img.avia_image{\nbox-shadow:none;\n}\n.avia-image-container.av-lbc55te6-042fc4ab9096510dfb4c3076b74ef1f0 .av-image-caption-overlay-center{\ncolor:#ffffff;\n}\n<\/style>\n<div  class='avia-image-container av-lbc55te6-042fc4ab9096510dfb4c3076b74ef1f0 av-styling-no-styling avia-align-center  avia-builder-el-61  el_before_av_hr  avia-builder-el-first '   itemprop=\"image\" itemscope=\"itemscope\" itemtype=\"https:\/\/schema.org\/ImageObject\" ><div class=\"avia-image-container-inner\"><div class=\"avia-image-overlay-wrap\"><img decoding=\"async\" fetchpriority=\"high\" class='wp-image-475 avia-img-lazy-loading-not-475 avia_image ' src=\"https:\/\/www.mwv-landingpages.de\/jetzt-oder-nie-nachhaltigkeit-im-gesundheitswesen\/wp-content\/uploads\/sites\/12\/2022\/12\/interview-vogler-reinhardt-05.jpg\" alt='' title='interview-vogler-reinhardt-05'  height=\"867\" width=\"1300\"  itemprop=\"thumbnailUrl\" srcset=\"https:\/\/www.mwv-landingpages.de\/jetzt-oder-nie-nachhaltigkeit-im-gesundheitswesen\/wp-content\/uploads\/sites\/12\/2022\/12\/interview-vogler-reinhardt-05.jpg 1300w, https:\/\/www.mwv-landingpages.de\/jetzt-oder-nie-nachhaltigkeit-im-gesundheitswesen\/wp-content\/uploads\/sites\/12\/2022\/12\/interview-vogler-reinhardt-05-300x200.jpg 300w, https:\/\/www.mwv-landingpages.de\/jetzt-oder-nie-nachhaltigkeit-im-gesundheitswesen\/wp-content\/uploads\/sites\/12\/2022\/12\/interview-vogler-reinhardt-05-1024x683.jpg 1024w, https:\/\/www.mwv-landingpages.de\/jetzt-oder-nie-nachhaltigkeit-im-gesundheitswesen\/wp-content\/uploads\/sites\/12\/2022\/12\/interview-vogler-reinhardt-05-768x512.jpg 768w, https:\/\/www.mwv-landingpages.de\/jetzt-oder-nie-nachhaltigkeit-im-gesundheitswesen\/wp-content\/uploads\/sites\/12\/2022\/12\/interview-vogler-reinhardt-05-705x470.jpg 705w\" sizes=\"(max-width: 1300px) 100vw, 1300px\" \/><\/div><\/div><\/div><br \/>\n\n<style type=\"text\/css\" data-created_by=\"avia_inline_auto\" id=\"style-css-av-lbc57yif-4a4dc0d3667820a6081b20988e837493\">\n#top .hr.hr-invisible.av-lbc57yif-4a4dc0d3667820a6081b20988e837493{\nheight:20px;\n}\n<\/style>\n<div  class='hr av-lbc57yif-4a4dc0d3667820a6081b20988e837493 hr-invisible  avia-builder-el-62  el_after_av_image  el_before_av_textblock '><span class='hr-inner '><span class=\"hr-inner-style\"><\/span><\/span><\/div><br \/>\n<section  class='av_textblock_section av-lbb2ibk4-dbad4743483346f773db717b4ca742f7 '   itemscope=\"itemscope\" itemtype=\"https:\/\/schema.org\/CreativeWork\" ><div class='avia_textblock'  itemprop=\"text\" ><p><strong>Klaus Reinhardt:<\/strong> In der Berufsordnung f\u00fcr die in Deutschland t\u00e4tigen \u00c4rztinnen und \u00c4rzte steht, dass sich sie sich f\u00fcr die Gesundheit des Einzelnen und der Bev\u00f6lkerung sowie f\u00fcr die Erhaltung der f\u00fcr die Gesundheit der Menschen bedeutenden nat\u00fcrlichen Lebensgrundlagen einzusetzen haben. Aus dieser Verantwortung heraus sehen wir es als \u00e4rztliche Pflicht und als wichtiges \u00e4rztliches Anliegen, die Auswirkungen des Klimawandels klar zu benennen, die gesundheitliche Bedrohung durch den Klimawandel aufzuzeigen, Gegenma\u00dfnahmen einzufordern und dazu beizutragen, dass sich das Gesundheitssystem auf die Bew\u00e4ltigung der Folgen des Klimawandels vorbereitet und bei jeglichem Handeln zum Wohle der Gesundheit klimasch\u00e4dliche Auswirkungen vermeidet. So hat es 125. Deutsche \u00c4rztetag im November 2021 festhalten. Wir stehen aber auch vor gewaltigen Transformationen, die nur mit vereinten Kr\u00e4ften und politischer Hilfe bew\u00e4ltigt werden k\u00f6nnen. Wenn der Gesundheitssektor klimaneutral werden soll, m\u00fcssen erhebliche finanzielle Mittel zur Verf\u00fcgung gestellt werden.<\/p>\n<\/div><\/section><\/p><\/div>\n<style type=\"text\/css\" data-created_by=\"avia_inline_auto\" id=\"style-css-av-azoyl-bc52a226dbfe2e4f4c65d9757a928d22\">\n#top .hr.hr-invisible.av-azoyl-bc52a226dbfe2e4f4c65d9757a928d22{\nheight:20px;\n}\n<\/style>\n<div  class='hr av-azoyl-bc52a226dbfe2e4f4c65d9757a928d22 hr-invisible  avia-builder-el-64  el_after_av_four_fifth  el_before_av_two_third '><span class='hr-inner '><span class=\"hr-inner-style\"><\/span><\/span><\/div>\n\n<style type=\"text\/css\" data-created_by=\"avia_inline_auto\" id=\"style-css-av-z35ct-5a159df602cd19d723756b959874d470\">\n#top .flex_column.av-z35ct-5a159df602cd19d723756b959874d470{\nmargin-top:0px;\nmargin-bottom:0px;\n}\n.responsive #top #wrap_all .flex_column.av-z35ct-5a159df602cd19d723756b959874d470{\nmargin-top:0px;\nmargin-bottom:0px;\n}\n<\/style>\n<div  class='flex_column av-z35ct-5a159df602cd19d723756b959874d470 av_two_third  avia-builder-el-65  el_after_av_hr  el_before_av_one_third  first flex_column_div  '     ><section  class='av_textblock_section av-lbc5eqco-ac0ea7bd59f2c4ad695c5806bf87cce7 '   itemscope=\"itemscope\" itemtype=\"https:\/\/schema.org\/CreativeWork\" ><div class='avia_textblock beitrag'  itemprop=\"text\" ><blockquote>\n<p>Prim\u00e4rer Ma\u00dfstab der Gesundheitsversorgung m\u00fcssen immer die Patientinnen und Patienten mit ihrem medizinischen Versorgungsbedarf sein.<\/p>\n<\/blockquote>\n<\/div><\/section><\/div>\n<style type=\"text\/css\" data-created_by=\"avia_inline_auto\" id=\"style-css-av-r0pc5-fa2b81e8bce2f0c08d2ac88d86da6f20\">\n#top .flex_column.av-r0pc5-fa2b81e8bce2f0c08d2ac88d86da6f20{\nmargin-top:0px;\nmargin-bottom:0px;\n}\n.responsive #top #wrap_all .flex_column.av-r0pc5-fa2b81e8bce2f0c08d2ac88d86da6f20{\nmargin-top:0px;\nmargin-bottom:0px;\n}\n<\/style>\n<div  class='flex_column av-r0pc5-fa2b81e8bce2f0c08d2ac88d86da6f20 av_one_third  avia-builder-el-67  el_after_av_two_third  el_before_av_hr  flex_column_div  '     ><\/div>\n<style type=\"text\/css\" data-created_by=\"avia_inline_auto\" id=\"style-css-av-lbc5ew2c-1fa8290988473137188c9d4ed46006aa\">\n#top .hr.hr-invisible.av-lbc5ew2c-1fa8290988473137188c9d4ed46006aa{\nmargin-top:0px;\nheight:1px;\n}\n<\/style>\n<div  class='hr av-lbc5ew2c-1fa8290988473137188c9d4ed46006aa hr-invisible  avia-builder-el-68  el_after_av_one_third  el_before_av_one_fifth '><span class='hr-inner '><span class=\"hr-inner-style\"><\/span><\/span><\/div>\n\n<style type=\"text\/css\" data-created_by=\"avia_inline_auto\" id=\"style-css-av-2cwot-21b10980827117db6744af4c23ce373e\">\n#top .flex_column.av-2cwot-21b10980827117db6744af4c23ce373e{\nmargin-top:0px;\nmargin-bottom:0px;\n}\n.responsive #top #wrap_all .flex_column.av-2cwot-21b10980827117db6744af4c23ce373e{\nmargin-top:0px;\nmargin-bottom:0px;\n}\n<\/style>\n<div  class='flex_column av-2cwot-21b10980827117db6744af4c23ce373e av_one_fifth  avia-builder-el-69  el_after_av_hr  el_before_av_four_fifth  first flex_column_div  '     ><\/div>\n<style type=\"text\/css\" data-created_by=\"avia_inline_auto\" id=\"style-css-av-1xkt5w-f3bb1b3aae129feae744b7a91f642ec5\">\n#top .flex_column.av-1xkt5w-f3bb1b3aae129feae744b7a91f642ec5{\nmargin-top:0px;\nmargin-bottom:0px;\n}\n.responsive #top #wrap_all .flex_column.av-1xkt5w-f3bb1b3aae129feae744b7a91f642ec5{\nmargin-top:0px;\nmargin-bottom:0px;\n}\n<\/style>\n<div  class='flex_column av-1xkt5w-f3bb1b3aae129feae744b7a91f642ec5 av_four_fifth  avia-builder-el-70  el_after_av_one_fifth  el_before_av_one_full  flex_column_div av-animated-generic fade-in  '     ><section  class='av_textblock_section av-lbc5ao45-75b7b1b179c93e78c5cd74ca156ce3bc '   itemscope=\"itemscope\" itemtype=\"https:\/\/schema.org\/CreativeWork\" ><div class='avia_textblock'  itemprop=\"text\" ><p><strong>Christine Vogler:<\/strong> Absolut \u2013 das sehen wir vom Deutschen Pflegerat mit seinen Verb\u00e4nden genauso. Wir m\u00fcssen vorbildhaft wirken und vorangehen. Es gibt seit ein paar Jahren auch Arbeitsgruppen, Aktionen und Veranstaltungen zum Thema. Gemessen an der Dimension und Wichtigkeit des Themas aber noch viel zu wenig.<\/p>\n<\/div><\/section><\/div><div class='flex_column_table av-26m8fw-5ea0af2796beb17f91ed151facec7d20 sc-av_one_full av-equal-height-column-flextable'>\n<style type=\"text\/css\" data-created_by=\"avia_inline_auto\" id=\"style-css-av-26m8fw-5ea0af2796beb17f91ed151facec7d20\">\n#top .flex_column_table.av-equal-height-column-flextable.av-26m8fw-5ea0af2796beb17f91ed151facec7d20{\nmargin-top:3%;\nmargin-bottom:0px;\n}\n<\/style>\n<div  class='flex_column av-26m8fw-5ea0af2796beb17f91ed151facec7d20 av_one_full  avia-builder-el-72  el_after_av_four_fifth  el_before_av_one_fifth  first flex_column_table_cell av-equal-height-column av-align-bottom av-animated-generic fade-in  '     ><section  class='av_textblock_section av-lbb2isux-6302881b8f9d4f3b8811e0851350880d '   itemscope=\"itemscope\" itemtype=\"https:\/\/schema.org\/CreativeWork\" ><div class='avia_textblock'  itemprop=\"text\" ><h2>Frau Vogler, unter den Pflegeverb\u00e4nden ist bisher nur der DBfK mit dem Thema Umgang mit dem Klimawandel \u00f6ffentlich wirksam aufgetreten. Gibt es seitens des Deutschen Pflegerates eigene geplante Aktivit\u00e4ten? Wie stehen die Verb\u00e4nde dazu?<\/h2>\n<\/div><\/section><\/div><\/div><!--close column table wrapper. Autoclose: 1 -->\n<style type=\"text\/css\" data-created_by=\"avia_inline_auto\" id=\"style-css-av-244pg4-3824b489ca1468be8b29c91d77d15d58\">\n#top .flex_column.av-244pg4-3824b489ca1468be8b29c91d77d15d58{\nmargin-top:0px;\nmargin-bottom:0px;\n}\n.responsive #top #wrap_all .flex_column.av-244pg4-3824b489ca1468be8b29c91d77d15d58{\nmargin-top:0px;\nmargin-bottom:0px;\n}\n<\/style>\n<div  class='flex_column av-244pg4-3824b489ca1468be8b29c91d77d15d58 av_one_fifth  avia-builder-el-74  el_after_av_one_full  el_before_av_four_fifth  first flex_column_div  column-top-margin'     ><\/div>\n<style type=\"text\/css\" data-created_by=\"avia_inline_auto\" id=\"style-css-av-d8u99-de77433d91c9d5a27530a18d0d1f17fe\">\n#top .flex_column.av-d8u99-de77433d91c9d5a27530a18d0d1f17fe{\nmargin-top:0px;\nmargin-bottom:0px;\n}\n.responsive #top #wrap_all .flex_column.av-d8u99-de77433d91c9d5a27530a18d0d1f17fe{\nmargin-top:0px;\nmargin-bottom:0px;\n}\n<\/style>\n<div  class='flex_column av-d8u99-de77433d91c9d5a27530a18d0d1f17fe av_four_fifth  avia-builder-el-75  el_after_av_one_fifth  el_before_av_one_full  flex_column_div av-animated-generic fade-in  column-top-margin'     ><section  class='av_textblock_section av-95p6t-4290bb7063a06792e77ec12769f20cd9 '   itemscope=\"itemscope\" itemtype=\"https:\/\/schema.org\/CreativeWork\" ><div class='avia_textblock'  itemprop=\"text\" ><p><strong>Christine Vogler:<\/strong> Uns ist die Wichtigkeit des Themas bewusst. Leider sind die Ressourcen des DPR und seiner Verb\u00e4nde absolut unzureichend, da sie sich aus den Beitr\u00e4gen der Mitglieder \u2013 der Pflegenden \u2013 generieren. Und wir arbeiten damit alle vorhandenen und pflegerelevanten Themen ab. Es gibt so unglaublich viel f\u00fcr die Pflege zu tun, dass sich der Klimaschutz in die Reihe des Pflegefachkraftmangels, des Kampfes um die fehlende Selbstverwaltung und Neuordnung der Kompetenzzuschnitte, ganz abgesehen von den fehlenden durchg\u00e4ngigen Bildungsstrukturen, einreihen muss.<\/p>\n<\/div><\/section><\/div><div class='flex_column_table av-1s9eqc-8c4894412a53ee7f92f7bd00ec0d349c sc-av_one_full av-equal-height-column-flextable'>\n<style type=\"text\/css\" data-created_by=\"avia_inline_auto\" id=\"style-css-av-1s9eqc-8c4894412a53ee7f92f7bd00ec0d349c\">\n#top .flex_column_table.av-equal-height-column-flextable.av-1s9eqc-8c4894412a53ee7f92f7bd00ec0d349c{\nmargin-top:3%;\nmargin-bottom:0px;\n}\n<\/style>\n<div  class='flex_column av-1s9eqc-8c4894412a53ee7f92f7bd00ec0d349c av_one_full  avia-builder-el-77  el_after_av_four_fifth  el_before_av_one_fifth  first flex_column_table_cell av-equal-height-column av-align-bottom av-animated-generic fade-in  '     ><section  class='av_textblock_section av-lbb2k3wq-c4427f3df9e0a9d57ddf85f57e68465b '   itemscope=\"itemscope\" itemtype=\"https:\/\/schema.org\/CreativeWork\" ><div class='avia_textblock'  itemprop=\"text\" ><h2>Herr Reinhardt, eine Nachfrage zum erw\u00e4hnten 125. Deutsche \u00c4rztetag 2021. Welche konkreten Aktivit\u00e4ten haben Sie als Bundes\u00e4rztekammer und die \u00c4rzteschaft daraufhin gestartet?<\/h2>\n<\/div><\/section><\/div><\/div><!--close column table wrapper. Autoclose: 1 -->\n<style type=\"text\/css\" data-created_by=\"avia_inline_auto\" id=\"style-css-av-1kufmc-6c1890c495f996fc6b50808b52f6de18\">\n#top .flex_column.av-1kufmc-6c1890c495f996fc6b50808b52f6de18{\nmargin-top:0px;\nmargin-bottom:0px;\n}\n.responsive #top #wrap_all .flex_column.av-1kufmc-6c1890c495f996fc6b50808b52f6de18{\nmargin-top:0px;\nmargin-bottom:0px;\n}\n<\/style>\n<div  class='flex_column av-1kufmc-6c1890c495f996fc6b50808b52f6de18 av_one_fifth  avia-builder-el-79  el_after_av_one_full  el_before_av_four_fifth  first flex_column_div  column-top-margin'     ><\/div>\n<style type=\"text\/css\" data-created_by=\"avia_inline_auto\" id=\"style-css-av-1csaek-872f4142ba9523910198975495aaf09a\">\n#top .flex_column.av-1csaek-872f4142ba9523910198975495aaf09a{\nmargin-top:0px;\nmargin-bottom:0px;\n}\n.responsive #top #wrap_all .flex_column.av-1csaek-872f4142ba9523910198975495aaf09a{\nmargin-top:0px;\nmargin-bottom:0px;\n}\n<\/style>\n<div  class='flex_column av-1csaek-872f4142ba9523910198975495aaf09a av_four_fifth  avia-builder-el-80  el_after_av_one_fifth  el_before_av_one_full  flex_column_div av-animated-generic fade-in  column-top-margin'     ><section  class='av_textblock_section av-lbb2kco4-ee416320d738e97fdf1326b21ee1c0e6 '   itemscope=\"itemscope\" itemtype=\"https:\/\/schema.org\/CreativeWork\" ><div class='avia_textblock'  itemprop=\"text\" ><p><strong>Klaus Reinhardt: <\/strong>Uns ist sehr bewusst, dass der Gesundheitssektor selbst ein ausl\u00f6sender Faktor f\u00fcr den Klimawandel ist, und somit Mitverursacher von gesundheitssch\u00e4dlichen Faktoren. Erfreulicherweise haben sich in den letzten Jahren schon viele Einrichtungen auf den Weg gemacht, CO2-Emissionen zu reduzieren und klimafreundlicher zu werden. Hierzu geh\u00f6rt auch die Bundes\u00e4rztekammer. Der Vorstand hat sich im August 2021 daf\u00fcr ausgesprochen, die Gesch\u00e4ftsstelle inklusive der Gremiensitzungen sowie das Verwaltungshandeln der Bundes\u00e4rztekammer bis zum Jahr 2030 klimaneutral auszugestalten. Seither arbeiten wir daran dieses Ziel zu realisieren. Dar\u00fcber hinaus haben wir unsere Forderungen und Vorschl\u00e4ge f\u00fcr Hitzeaktionspl\u00e4ne in der Politik platziert und sind dar\u00fcber im Austausch. Und nat\u00fcrlich arbeiten wir weiter eng mit zivilgesellschaftlichen und wissenschaftlichen Klimaschutzinitiativen zusammen, wie der bereits erw\u00e4hnten Initiative KLUG sowie mit unseren Partnern im Lancet Countdown. Unser Ziel ist, der Politik konkrete Handlungsempfehlungen zum Klima- und Gesundheitsschutz an die Hand zu geben.<\/p>\n<\/div><\/section><\/div><div class='flex_column_table av-17oay4-a37e22c1b36abad476dcbd1de7124694 sc-av_one_full av-equal-height-column-flextable'>\n<style type=\"text\/css\" data-created_by=\"avia_inline_auto\" id=\"style-css-av-17oay4-a37e22c1b36abad476dcbd1de7124694\">\n#top .flex_column_table.av-equal-height-column-flextable.av-17oay4-a37e22c1b36abad476dcbd1de7124694{\nmargin-top:3%;\nmargin-bottom:0px;\n}\n<\/style>\n<div  class='flex_column av-17oay4-a37e22c1b36abad476dcbd1de7124694 av_one_full  avia-builder-el-82  el_after_av_four_fifth  el_before_av_one_fifth  first flex_column_table_cell av-equal-height-column av-align-bottom av-animated-generic fade-in  '     ><section  class='av_textblock_section av-lbb2kp3m-3863a57a3977e5fb59acc26fee52425c '   itemscope=\"itemscope\" itemtype=\"https:\/\/schema.org\/CreativeWork\" ><div class='avia_textblock'  itemprop=\"text\" ><h2>Vereinzelt gibt es bereits die Forderung, Nachhaltigkeit in das SGB aufzunehmen. Sollten die Leitprinzipien Zugang, Wirtschaftlichkeit und Qualit\u00e4t um die Anforderung Umweltvertr\u00e4glichkeit erg\u00e4nzt werden?<\/h2>\n<\/div><\/section><\/div><\/div><!--close column table wrapper. Autoclose: 1 -->\n<style type=\"text\/css\" data-created_by=\"avia_inline_auto\" id=\"style-css-av-11gkxo-d76de092056ce1b02085ebadad91f174\">\n#top .flex_column.av-11gkxo-d76de092056ce1b02085ebadad91f174{\nmargin-top:0px;\nmargin-bottom:0px;\n}\n.responsive #top #wrap_all .flex_column.av-11gkxo-d76de092056ce1b02085ebadad91f174{\nmargin-top:0px;\nmargin-bottom:0px;\n}\n<\/style>\n<div  class='flex_column av-11gkxo-d76de092056ce1b02085ebadad91f174 av_one_fifth  avia-builder-el-84  el_after_av_one_full  el_before_av_four_fifth  first flex_column_div  column-top-margin'     ><\/div>\n<style type=\"text\/css\" data-created_by=\"avia_inline_auto\" id=\"style-css-av-x2f9g-daf8266a5630ccbf388ab5080d7501d9\">\n#top .flex_column.av-x2f9g-daf8266a5630ccbf388ab5080d7501d9{\nmargin-top:0px;\nmargin-bottom:0px;\n}\n.responsive #top #wrap_all .flex_column.av-x2f9g-daf8266a5630ccbf388ab5080d7501d9{\nmargin-top:0px;\nmargin-bottom:0px;\n}\n<\/style>\n<div  class='flex_column av-x2f9g-daf8266a5630ccbf388ab5080d7501d9 av_four_fifth  avia-builder-el-85  el_after_av_one_fifth  el_before_av_hr  flex_column_div av-animated-generic fade-in  column-top-margin'     ><section  class='av_textblock_section av-lbb2l2tq-e019cecab8a60fb301df5c02e9958e74 '   itemscope=\"itemscope\" itemtype=\"https:\/\/schema.org\/CreativeWork\" ><div class='avia_textblock'  itemprop=\"text\" ><p><strong>Klaus Reinhardt: <\/strong>Vor dem Hintergrund, dass unser Gesundheitswesen ein betr\u00e4chtliches Potenzial hat, selbst einen Beitrag zum Klimaschutz zu leisten und damit die \u00f6ffentliche Gesundheit zu sch\u00fctzen sowie Lebensqualit\u00e4t zu f\u00f6rdern, kann ich diese Forderung nachvollziehen. Prim\u00e4rer Ma\u00dfstab der Gesundheitsversorgung m\u00fcssen dabei immer die Patient:innen mit ihrem medizinischen Versorgungsbedarf sein. Wie genau die Verankerung von Nachhaltigkeit und dessen Finanzierung vor dem Hintergrund medizinischer Bedarfsnotwendigkeit im Gesundheitswesen erfolgen kann, m\u00fcssen die wesentlichen Akteure gemeinsam beraten und festhalten.<\/p>\n<\/div><\/section><\/div>\n<style type=\"text\/css\" data-created_by=\"avia_inline_auto\" id=\"style-css-av-sv4i4-4115ee2603f80db4c0b1f21d43687b2a\">\n#top .hr.hr-invisible.av-sv4i4-4115ee2603f80db4c0b1f21d43687b2a{\nheight:20px;\n}\n<\/style>\n<div  class='hr av-sv4i4-4115ee2603f80db4c0b1f21d43687b2a hr-invisible  avia-builder-el-87  el_after_av_four_fifth  el_before_av_one_fifth '><span class='hr-inner '><span class=\"hr-inner-style\"><\/span><\/span><\/div>\n\n<style type=\"text\/css\" data-created_by=\"avia_inline_auto\" id=\"style-css-av-213ugs-8b53897e2d4ab7ff39acb7d88221b60d\">\n#top .flex_column.av-213ugs-8b53897e2d4ab7ff39acb7d88221b60d{\nmargin-top:0px;\nmargin-bottom:0px;\n}\n.responsive #top #wrap_all .flex_column.av-213ugs-8b53897e2d4ab7ff39acb7d88221b60d{\nmargin-top:0px;\nmargin-bottom:0px;\n}\n<\/style>\n<div  class='flex_column av-213ugs-8b53897e2d4ab7ff39acb7d88221b60d av_one_fifth  avia-builder-el-88  el_after_av_hr  el_before_av_four_fifth  first flex_column_div  '     ><\/div>\n<style type=\"text\/css\" data-created_by=\"avia_inline_auto\" id=\"style-css-av-1wrm8k-a8f7b19b538eade37c1c7dd31ff32d8d\">\n#top .flex_column.av-1wrm8k-a8f7b19b538eade37c1c7dd31ff32d8d{\nmargin-top:0px;\nmargin-bottom:0px;\n}\n.responsive #top #wrap_all .flex_column.av-1wrm8k-a8f7b19b538eade37c1c7dd31ff32d8d{\nmargin-top:0px;\nmargin-bottom:0px;\n}\n<\/style>\n<div  class='flex_column av-1wrm8k-a8f7b19b538eade37c1c7dd31ff32d8d av_four_fifth  avia-builder-el-89  el_after_av_one_fifth  el_before_av_one_full  flex_column_div av-animated-generic fade-in  '     ><section  class='av_textblock_section av-lbb2mwfj-2a84f3307c086a159a9604e0f9cf6889 '   itemscope=\"itemscope\" itemtype=\"https:\/\/schema.org\/CreativeWork\" ><div class='avia_textblock'  itemprop=\"text\" ><p><strong>Christine Vogler: <\/strong>Ich glaube tats\u00e4chlich, dass es einen solchen Schritt braucht. Klimaschutz und Nachhaltigkeit m\u00fcssen als Querschnittsthemen ab sofort in alle betreffenden Gesetzesvorhaben einwandern \u2013 nicht nur ins SGB. Selbstverst\u00e4ndlich und ohne Aufregung. Ich denke hier immer an die Einf\u00fchrung der Gurtpflicht. Obwohl allen klar war, dass Gurte Menschenleben sch\u00fctzen, gab es einen Aufstand sondergleichen. Der Gesetzgeber war damals mutig und folgte den Erkenntnissen der Forschung. Heute stellt die Gurtpflicht keiner mehr infrage \u2013 im Gegenteil. Und es hat tausende von Menschenleben gesch\u00fctzt.<br \/>\nUnd genau das sollte heute passieren. Der Gesetzgeber sollte den Erkenntnissen der Forschung folgen. Leider reicht ein Gesetz \u2013 quasi ein Gurtgesetz f\u00fcrs Klima \u2013 nicht aus, sondern viele Gesetze m\u00fcssen \u00fcberpr\u00fcft und angepasst werden. Es m\u00fcssen Ressourcen f\u00fcr Forschung bereitgestellt und der Klimaschutz ein Handlungsparadigma des Gesetzgebers werden. Dann wird es am Ende in ein paar Jahrzehnten r\u00fcckblickend vielen Menschen das Leben besser gemacht und abertausenden das Leben gerettet und der nachfolgenden Generation eine Zukunft geschenkt haben.<\/p>\n<\/div><\/section><\/div><div class='flex_column_table av-b3xql-b82d220a9b8fab560217cd09de268f3a sc-av_one_full av-equal-height-column-flextable'>\n<style type=\"text\/css\" data-created_by=\"avia_inline_auto\" id=\"style-css-av-b3xql-b82d220a9b8fab560217cd09de268f3a\">\n#top .flex_column_table.av-equal-height-column-flextable.av-b3xql-b82d220a9b8fab560217cd09de268f3a{\nmargin-top:3%;\nmargin-bottom:0px;\n}\n<\/style>\n<div  class='flex_column av-b3xql-b82d220a9b8fab560217cd09de268f3a av_one_full  avia-builder-el-91  el_after_av_four_fifth  el_before_av_hr  first flex_column_table_cell av-equal-height-column av-align-bottom av-animated-generic fade-in  '     ><section  class='av_textblock_section av-lbc5lawq-a929e794b8914191b03cf96a7b4fb787 '   itemscope=\"itemscope\" itemtype=\"https:\/\/schema.org\/CreativeWork\" ><div class='avia_textblock'  itemprop=\"text\" ><h2>Vielen Dank f\u00fcr das Gespr\u00e4ch.<\/h2>\n<\/div><\/section><\/div><\/div><!--close column table wrapper. Autoclose: 1 -->\n<style type=\"text\/css\" data-created_by=\"avia_inline_auto\" id=\"style-css-av-1jnado-9f13a4237caaad00fa43bd835e76ea3e\">\n#top .hr.hr-invisible.av-1jnado-9f13a4237caaad00fa43bd835e76ea3e{\nheight:80px;\n}\n<\/style>\n<div  class='hr av-1jnado-9f13a4237caaad00fa43bd835e76ea3e hr-invisible  avia-builder-el-93  el_after_av_one_full  avia-builder-el-last '><span class='hr-inner '><span class=\"hr-inner-style\"><\/span><\/span><\/div>\n<\/div><\/div><\/div><!-- close content main div --><\/div><\/div><div id='after_section_4'  class='main_color av_default_container_wrap container_wrap sidebar_right'  ><div class='container av-section-cont-open' ><div class='template-page content  av-content-small alpha units'><div class='post-entry post-entry-type-page post-entry-469'><div class='entry-content-wrapper clearfix'>\n","protected":false},"excerpt":{"rendered":"","protected":false},"author":3,"featured_media":717,"parent":0,"menu_order":0,"comment_status":"closed","ping_status":"closed","template":"","meta":{"inline_featured_image":false,"footnotes":""},"class_list":["post-469","page","type-page","status-publish","has-post-thumbnail","hentry"],"aioseo_notices":[],"_links":{"self":[{"href":"https:\/\/www.mwv-landingpages.de\/jetzt-oder-nie-nachhaltigkeit-im-gesundheitswesen\/wp-json\/wp\/v2\/pages\/469","targetHints":{"allow":["GET"]}}],"collection":[{"href":"https:\/\/www.mwv-landingpages.de\/jetzt-oder-nie-nachhaltigkeit-im-gesundheitswesen\/wp-json\/wp\/v2\/pages"}],"about":[{"href":"https:\/\/www.mwv-landingpages.de\/jetzt-oder-nie-nachhaltigkeit-im-gesundheitswesen\/wp-json\/wp\/v2\/types\/page"}],"author":[{"embeddable":true,"href":"https:\/\/www.mwv-landingpages.de\/jetzt-oder-nie-nachhaltigkeit-im-gesundheitswesen\/wp-json\/wp\/v2\/users\/3"}],"replies":[{"embeddable":true,"href":"https:\/\/www.mwv-landingpages.de\/jetzt-oder-nie-nachhaltigkeit-im-gesundheitswesen\/wp-json\/wp\/v2\/comments?post=469"}],"version-history":[{"count":33,"href":"https:\/\/www.mwv-landingpages.de\/jetzt-oder-nie-nachhaltigkeit-im-gesundheitswesen\/wp-json\/wp\/v2\/pages\/469\/revisions"}],"predecessor-version":[{"id":716,"href":"https:\/\/www.mwv-landingpages.de\/jetzt-oder-nie-nachhaltigkeit-im-gesundheitswesen\/wp-json\/wp\/v2\/pages\/469\/revisions\/716"}],"wp:featuredmedia":[{"embeddable":true,"href":"https:\/\/www.mwv-landingpages.de\/jetzt-oder-nie-nachhaltigkeit-im-gesundheitswesen\/wp-json\/wp\/v2\/media\/717"}],"wp:attachment":[{"href":"https:\/\/www.mwv-landingpages.de\/jetzt-oder-nie-nachhaltigkeit-im-gesundheitswesen\/wp-json\/wp\/v2\/media?parent=469"}],"curies":[{"name":"wp","href":"https:\/\/api.w.org\/{rel}","templated":true}]}}